{"id":3699,"date":"2025-04-07T20:30:19","date_gmt":"2025-04-07T18:30:19","guid":{"rendered":"https:\/\/www.ondernemendvenlo.nl\/?post_type=events&#038;p=3699"},"modified":"2025-04-09T15:38:22","modified_gmt":"2025-04-09T13:38:22","slug":"bijeenkomst-arbeidsmarkt","status":"publish","type":"events","link":"https:\/\/www.ondernemendvenlo.nl\/de\/events\/bijeenkomst-arbeidsmarkt\/","title":{"rendered":"Treffen \"Arbeitsmarkt\""},"content":{"rendered":"<p><strong>Ist Ihr Unternehmen auf den Arbeitsmarkt von morgen vorbereitet?<\/strong><br \/>\n<strong>Generationen und Innovationen sind der Schl\u00fcssel zum Erfolg<\/strong><\/p>\n<p><strong>Datum: Dienstag, 15. April 2025<\/strong><strong><br \/>\nZeit: 16.30h- 20.00h<br \/>\nStandort: Supply Chain Valley<\/strong><\/p>\n<p>In einer Zeit des raschen Wandels ist es entscheidend, dass sich Unternehmen an neue Trends und Entwicklungen anpassen, um erfolgreich zu bleiben. Auf dieser Veranstaltung werden wir einige der wichtigsten Trends diskutieren, die den Arbeitsmarkt von morgen beeinflussen:<\/p>\n<p><strong>Alterung: <\/strong>Die alternde Bev\u00f6lkerung schafft einen wachsenden Bedarf an neuen Mitarbeitern und Wissenstransfer. Wie kann Ihr Unternehmen von den wertvollen Erfahrungen \u00e4lterer Arbeitnehmer profitieren und gleichzeitig die n\u00e4chste Generation auf die Nachfolge vorbereiten?<\/p>\n<p><strong>Technologie und KI:\u00a0<\/strong>Die fortschreitende Entwicklung von Technologie und KI ver\u00e4ndert die Art und Weise, wie wir arbeiten. Finden Sie heraus, wie Ihr Unternehmen diese Innovationen nutzen kann, um Prozesse neu zu gestalten, die Personalbeschaffung zu optimieren und Wettbewerbsvorteile zu erzielen. Wie k\u00f6nnen Sie die verschiedenen Generationen bei der Anpassung an den technologischen Wandel einbeziehen?<\/p>\n<p><strong>Verschiedene Generationen von Arbeitnehmern: <\/strong>Die Generation Z betritt den Arbeitsmarkt mit neuen Erwartungen: Flexibilit\u00e4t, pers\u00f6nliche Entwicklung und eine gute Work-Life-Balance stehen ganz oben auf ihrer Agenda. Die verschiedenen Generationen haben unterschiedliche Eigenschaften, Mentalit\u00e4ten und Talente. Daher ist das Generationenmanagement wichtiger denn je. Erfahren Sie, wie Ihr Unternehmen durch die Verbindung verschiedener Generationen attraktiv sein und bleiben kann.<\/p>\n<p>Viele Organisationen brauchen Erkenntnisse dar\u00fcber, wie sie dies in der Praxis angehen k\u00f6nnen. Was m\u00fcssen Sie ber\u00fccksichtigen und was k\u00f6nnen Sie jetzt schon leicht vorhersehen?<\/p>\n<p>Lassen Sie sich diese Gelegenheit nicht entgehen und erfahren Sie, wie sich Ihr Unternehmen auf den Arbeitsmarkt von morgen vorbereiten und in einer sich rasch ver\u00e4ndernden Welt erfolgreich bleiben kann.<\/p>\n<p><strong>Programm<\/strong>:<\/p>\n<table width=\"100%\">\n<tbody>\n<tr>\n<td width=\"10%\">16:30<\/td>\n<td width=\"50%\">Begehung und Rezeption<\/td>\n<\/tr>\n<tr>\n<td width=\"10%\">17:00<\/td>\n<td width=\"50%\">Er\u00f6ffnungsanmerkungen<\/td>\n<\/tr>\n<tr>\n<td width=\"10%\">17:05<\/td>\n<td width=\"50%\">Pr\u00e4sentation \"Arbeitsmarkt und Generationen\" von Monique Snijders | UWV<\/td>\n<\/tr>\n<tr>\n<td width=\"10%\">17:25<\/td>\n<td width=\"50%\">Vortrag \"Die Zukunft kann man nicht vorhersagen, aber man kann sich auf sie vorbereiten\" von Rob Adams | Six Fingers<\/td>\n<\/tr>\n<tr>\n<td width=\"10%\">18:15<\/td>\n<td width=\"50%\">Diskussion unter der Leitung des Tagespr\u00e4sidenten Joop Aerdts<\/td>\n<\/tr>\n<tr>\n<td width=\"10%\">18:45<\/td>\n<td width=\"50%\">Nachbereitung und Schlussfolgerungen<\/td>\n<\/tr>\n<tr>\n<td width=\"10%\">19:00<\/td>\n<td width=\"50%\">Buffet und Getr\u00e4nke<\/td>\n<\/tr>\n<tr>\n<td width=\"10%\">20:00<\/td>\n<td width=\"50%\">Ende<\/td>\n<\/tr>\n<\/tbody>\n<\/table>\n<p>&nbsp;<\/p>\n<p>Die Mitgliedsunternehmen haben eine Einladung mit einem Registrierungslink erhalten.<\/p>","protected":false},"featured_media":4610,"template":"","meta":{"_acf_changed":false},"class_list":["post-3699","events","type-events","status-publish","has-post-thumbnail","hentry"],"acf":[],"yoast_head":"<!-- This site is optimized with the Yoast SEO plugin v26.3 - https:\/\/yoast.com\/wordpress\/plugins\/seo\/ -->\n<title>Bijeenkomst &quot;Arbeidsmarkt&quot; - Ondernemend Venlo<\/title>\n<meta name=\"robots\" content=\"index, follow, max-snippet:-1, max-image-preview:large, max-video-preview:-1\" \/>\n<link rel=\"canonical\" href=\"https:\/\/www.ondernemendvenlo.nl\/de\/events\/bijeenkomst-arbeidsmarkt\/\" \/>\n<meta property=\"og:locale\" content=\"de_DE\" \/>\n<meta property=\"og:type\" content=\"article\" \/>\n<meta property=\"og:title\" content=\"Bijeenkomst &quot;Arbeidsmarkt&quot; - Ondernemend Venlo\" \/>\n<meta property=\"og:description\" content=\"Is jouw organisatie klaar voor de arbeidsmarkt van morgen? Generaties en innovaties zijn de sleutel tot succes Datum: dinsdag 15 april 2025 Tijdstip: 16.30u- 20.00u Locatie: Supply Chain Valley In een tijd van snelle veranderingen is het cruciaal dat bedrijven zich aanpassen aan nieuwe trends en ontwikkelingen om succesvol te blijven. Tijdens dit event gaan [&hellip;]\" \/>\n<meta property=\"og:url\" content=\"https:\/\/www.ondernemendvenlo.nl\/de\/events\/bijeenkomst-arbeidsmarkt\/\" \/>\n<meta property=\"og:site_name\" content=\"Ondernemend Venlo\" \/>\n<meta property=\"article:modified_time\" content=\"2025-04-09T13:38:22+00:00\" \/>\n<meta property=\"og:image\" content=\"https:\/\/www.ondernemendvenlo.nl\/wp-content\/uploads\/2025\/04\/Knip-voor-website-Arbeidsmarkt.jpg\" \/>\n\t<meta property=\"og:image:width\" content=\"1594\" \/>\n\t<meta property=\"og:image:height\" content=\"1400\" \/>\n\t<meta property=\"og:image:type\" content=\"image\/jpeg\" \/>\n<meta name=\"twitter:card\" content=\"summary_large_image\" \/>\n<meta name=\"twitter:label1\" content=\"Gesch\u00e4tzte Lesezeit\" \/>\n\t<meta name=\"twitter:data1\" content=\"2\u00a0Minuten\" \/>\n<script type=\"application\/ld+json\" class=\"yoast-schema-graph\">{\"@context\":\"https:\/\/schema.org\",\"@graph\":[{\"@type\":\"WebPage\",\"@id\":\"https:\/\/www.ondernemendvenlo.nl\/events\/bijeenkomst-arbeidsmarkt\/\",\"url\":\"https:\/\/www.ondernemendvenlo.nl\/events\/bijeenkomst-arbeidsmarkt\/\",\"name\":\"Bijeenkomst \\\"Arbeidsmarkt\\\" - Ondernemend Venlo\",\"isPartOf\":{\"@id\":\"https:\/\/www.ondernemendvenlo.nl\/#website\"},\"primaryImageOfPage\":{\"@id\":\"https:\/\/www.ondernemendvenlo.nl\/events\/bijeenkomst-arbeidsmarkt\/#primaryimage\"},\"image\":{\"@id\":\"https:\/\/www.ondernemendvenlo.nl\/events\/bijeenkomst-arbeidsmarkt\/#primaryimage\"},\"thumbnailUrl\":\"https:\/\/www.ondernemendvenlo.nl\/wp-content\/uploads\/2025\/04\/Knip-voor-website-Arbeidsmarkt.jpg\",\"datePublished\":\"2025-04-07T18:30:19+00:00\",\"dateModified\":\"2025-04-09T13:38:22+00:00\",\"breadcrumb\":{\"@id\":\"https:\/\/www.ondernemendvenlo.nl\/events\/bijeenkomst-arbeidsmarkt\/#breadcrumb\"},\"inLanguage\":\"de\",\"potentialAction\":[{\"@type\":\"ReadAction\",\"target\":[\"https:\/\/www.ondernemendvenlo.nl\/events\/bijeenkomst-arbeidsmarkt\/\"]}]},{\"@type\":\"ImageObject\",\"inLanguage\":\"de\",\"@id\":\"https:\/\/www.ondernemendvenlo.nl\/events\/bijeenkomst-arbeidsmarkt\/#primaryimage\",\"url\":\"https:\/\/www.ondernemendvenlo.nl\/wp-content\/uploads\/2025\/04\/Knip-voor-website-Arbeidsmarkt.jpg\",\"contentUrl\":\"https:\/\/www.ondernemendvenlo.nl\/wp-content\/uploads\/2025\/04\/Knip-voor-website-Arbeidsmarkt.jpg\",\"width\":1594,\"height\":1400},{\"@type\":\"BreadcrumbList\",\"@id\":\"https:\/\/www.ondernemendvenlo.nl\/events\/bijeenkomst-arbeidsmarkt\/#breadcrumb\",\"itemListElement\":[{\"@type\":\"ListItem\",\"position\":1,\"name\":\"Ondernemend Venlo\",\"item\":\"https:\/\/www.ondernemendvenlo.nl\/\"},{\"@type\":\"ListItem\",\"position\":2,\"name\":\"Bijeenkomst &#8220;Arbeidsmarkt&#8221;\"}]},{\"@type\":\"WebSite\",\"@id\":\"https:\/\/www.ondernemendvenlo.nl\/#website\",\"url\":\"https:\/\/www.ondernemendvenlo.nl\/\",\"name\":\"Ondernemend Venlo\",\"description\":\"Samen succesvol ondernemen\",\"publisher\":{\"@id\":\"https:\/\/www.ondernemendvenlo.nl\/#organization\"},\"potentialAction\":[{\"@type\":\"SearchAction\",\"target\":{\"@type\":\"EntryPoint\",\"urlTemplate\":\"https:\/\/www.ondernemendvenlo.nl\/?s={search_term_string}\"},\"query-input\":{\"@type\":\"PropertyValueSpecification\",\"valueRequired\":true,\"valueName\":\"search_term_string\"}}],\"inLanguage\":\"de\"},{\"@type\":\"Organization\",\"@id\":\"https:\/\/www.ondernemendvenlo.nl\/#organization\",\"name\":\"Ondernemend Venlo\",\"url\":\"https:\/\/www.ondernemendvenlo.nl\/\",\"logo\":{\"@type\":\"ImageObject\",\"inLanguage\":\"de\",\"@id\":\"https:\/\/www.ondernemendvenlo.nl\/#\/schema\/logo\/image\/\",\"url\":\"https:\/\/www.ondernemendvenlo.nl\/wp-content\/uploads\/2025\/02\/Ondernemend-Venlo-logo-scaled.webp\",\"contentUrl\":\"https:\/\/www.ondernemendvenlo.nl\/wp-content\/uploads\/2025\/02\/Ondernemend-Venlo-logo-scaled.webp\",\"width\":2560,\"height\":1010,\"caption\":\"Ondernemend Venlo\"},\"image\":{\"@id\":\"https:\/\/www.ondernemendvenlo.nl\/#\/schema\/logo\/image\/\"},\"sameAs\":[\"https:\/\/www.linkedin.com\/company\/ondernemend-venlo\/\"]}]}<\/script>\n<!-- \/ Yoast SEO plugin. -->","yoast_head_json":{"title":"Bijeenkomst \"Arbeidsmarkt\" - Ondernemend Venlo","robots":{"index":"index","follow":"follow","max-snippet":"max-snippet:-1","max-image-preview":"max-image-preview:large","max-video-preview":"max-video-preview:-1"},"canonical":"https:\/\/www.ondernemendvenlo.nl\/de\/events\/bijeenkomst-arbeidsmarkt\/","og_locale":"de_DE","og_type":"article","og_title":"Bijeenkomst \"Arbeidsmarkt\" - Ondernemend Venlo","og_description":"Is jouw organisatie klaar voor de arbeidsmarkt van morgen? Generaties en innovaties zijn de sleutel tot succes Datum: dinsdag 15 april 2025 Tijdstip: 16.30u- 20.00u Locatie: Supply Chain Valley In een tijd van snelle veranderingen is het cruciaal dat bedrijven zich aanpassen aan nieuwe trends en ontwikkelingen om succesvol te blijven. Tijdens dit event gaan [&hellip;]","og_url":"https:\/\/www.ondernemendvenlo.nl\/de\/events\/bijeenkomst-arbeidsmarkt\/","og_site_name":"Ondernemend Venlo","article_modified_time":"2025-04-09T13:38:22+00:00","og_image":[{"width":1594,"height":1400,"url":"https:\/\/www.ondernemendvenlo.nl\/wp-content\/uploads\/2025\/04\/Knip-voor-website-Arbeidsmarkt.jpg","type":"image\/jpeg"}],"twitter_card":"summary_large_image","twitter_misc":{"Gesch\u00e4tzte Lesezeit":"2\u00a0Minuten"},"schema":{"@context":"https:\/\/schema.org","@graph":[{"@type":"WebPage","@id":"https:\/\/www.ondernemendvenlo.nl\/events\/bijeenkomst-arbeidsmarkt\/","url":"https:\/\/www.ondernemendvenlo.nl\/events\/bijeenkomst-arbeidsmarkt\/","name":"Bijeenkomst \"Arbeidsmarkt\" - Ondernemend Venlo","isPartOf":{"@id":"https:\/\/www.ondernemendvenlo.nl\/#website"},"primaryImageOfPage":{"@id":"https:\/\/www.ondernemendvenlo.nl\/events\/bijeenkomst-arbeidsmarkt\/#primaryimage"},"image":{"@id":"https:\/\/www.ondernemendvenlo.nl\/events\/bijeenkomst-arbeidsmarkt\/#primaryimage"},"thumbnailUrl":"https:\/\/www.ondernemendvenlo.nl\/wp-content\/uploads\/2025\/04\/Knip-voor-website-Arbeidsmarkt.jpg","datePublished":"2025-04-07T18:30:19+00:00","dateModified":"2025-04-09T13:38:22+00:00","breadcrumb":{"@id":"https:\/\/www.ondernemendvenlo.nl\/events\/bijeenkomst-arbeidsmarkt\/#breadcrumb"},"inLanguage":"de","potentialAction":[{"@type":"ReadAction","target":["https:\/\/www.ondernemendvenlo.nl\/events\/bijeenkomst-arbeidsmarkt\/"]}]},{"@type":"ImageObject","inLanguage":"de","@id":"https:\/\/www.ondernemendvenlo.nl\/events\/bijeenkomst-arbeidsmarkt\/#primaryimage","url":"https:\/\/www.ondernemendvenlo.nl\/wp-content\/uploads\/2025\/04\/Knip-voor-website-Arbeidsmarkt.jpg","contentUrl":"https:\/\/www.ondernemendvenlo.nl\/wp-content\/uploads\/2025\/04\/Knip-voor-website-Arbeidsmarkt.jpg","width":1594,"height":1400},{"@type":"BreadcrumbList","@id":"https:\/\/www.ondernemendvenlo.nl\/events\/bijeenkomst-arbeidsmarkt\/#breadcrumb","itemListElement":[{"@type":"ListItem","position":1,"name":"Ondernemend Venlo","item":"https:\/\/www.ondernemendvenlo.nl\/"},{"@type":"ListItem","position":2,"name":"Bijeenkomst &#8220;Arbeidsmarkt&#8221;"}]},{"@type":"WebSite","@id":"https:\/\/www.ondernemendvenlo.nl\/#website","url":"https:\/\/www.ondernemendvenlo.nl\/","name":"Unternehmerisches Venlo","description":"Samen succesvol ondernemen","publisher":{"@id":"https:\/\/www.ondernemendvenlo.nl\/#organization"},"potentialAction":[{"@type":"SearchAction","target":{"@type":"EntryPoint","urlTemplate":"https:\/\/www.ondernemendvenlo.nl\/?s={search_term_string}"},"query-input":{"@type":"PropertyValueSpecification","valueRequired":true,"valueName":"search_term_string"}}],"inLanguage":"de"},{"@type":"Organization","@id":"https:\/\/www.ondernemendvenlo.nl\/#organization","name":"Unternehmerisches Venlo","url":"https:\/\/www.ondernemendvenlo.nl\/","logo":{"@type":"ImageObject","inLanguage":"de","@id":"https:\/\/www.ondernemendvenlo.nl\/#\/schema\/logo\/image\/","url":"https:\/\/www.ondernemendvenlo.nl\/wp-content\/uploads\/2025\/02\/Ondernemend-Venlo-logo-scaled.webp","contentUrl":"https:\/\/www.ondernemendvenlo.nl\/wp-content\/uploads\/2025\/02\/Ondernemend-Venlo-logo-scaled.webp","width":2560,"height":1010,"caption":"Ondernemend Venlo"},"image":{"@id":"https:\/\/www.ondernemendvenlo.nl\/#\/schema\/logo\/image\/"},"sameAs":["https:\/\/www.linkedin.com\/company\/ondernemend-venlo\/"]}]}},"_links":{"self":[{"href":"https:\/\/www.ondernemendvenlo.nl\/de\/wp-json\/wp\/v2\/events\/3699","targetHints":{"allow":["GET"]}}],"collection":[{"href":"https:\/\/www.ondernemendvenlo.nl\/de\/wp-json\/wp\/v2\/events"}],"about":[{"href":"https:\/\/www.ondernemendvenlo.nl\/de\/wp-json\/wp\/v2\/types\/events"}],"wp:featuredmedia":[{"embeddable":true,"href":"https:\/\/www.ondernemendvenlo.nl\/de\/wp-json\/wp\/v2\/media\/4610"}],"wp:attachment":[{"href":"https:\/\/www.ondernemendvenlo.nl\/de\/wp-json\/wp\/v2\/media?parent=3699"}],"curies":[{"name":"wp","href":"https:\/\/api.w.org\/{rel}","templated":true}]}}