{"id":268,"date":"2025-03-12T18:43:51","date_gmt":"2025-03-12T17:43:51","guid":{"rendered":"https:\/\/www.ondernemendvenlo.nl\/?page_id=268"},"modified":"2025-12-08T11:04:14","modified_gmt":"2025-12-08T10:04:14","slug":"werkorganisatie","status":"publish","type":"page","link":"https:\/\/www.ondernemendvenlo.nl\/de\/organisatie\/werkorganisatie\/","title":{"rendered":"Arbeitsorganisation"},"content":{"rendered":"<div data-elementor-type=\"wp-page\" data-elementor-id=\"268\" class=\"elementor elementor-268\" data-elementor-post-type=\"page\">\n\t\t\t\t<div class=\"elementor-element elementor-element-2381149 e-flex e-con-boxed e-con e-parent\" data-id=\"2381149\" data-element_type=\"container\">\n\t\t\t\t\t<div class=\"e-con-inner\">\n\t\t\t\t<div class=\"elementor-element elementor-element-cb874d1 elementor-widget elementor-widget-heading\" data-id=\"cb874d1\" data-element_type=\"widget\" data-widget_type=\"heading.default\">\n\t\t\t\t<div class=\"elementor-widget-container\">\n\t\t\t\t\t<span class=\"elementor-heading-title elementor-size-default\">Wir sind f\u00fcr Sie da<\/span>\t\t\t\t<\/div>\n\t\t\t\t<\/div>\n\t\t\t\t<div class=\"elementor-element elementor-element-64aa4c1 elementor-widget elementor-widget-text-editor\" data-id=\"64aa4c1\" data-element_type=\"widget\" data-widget_type=\"text-editor.default\">\n\t\t\t\t<div class=\"elementor-widget-container\">\n\t\t\t\t\t\t\t\t\t<p>Ondernemend Venlo ist die verbindende Kraft zur St\u00e4rkung der Gewerbegebiete in der Region. Durch die Konkretisierung gemeinsamer Interessen und Ziele schafft das Parkmanagement eine wertvolle Zusammenarbeit zwischen Unternehmern und der Gemeinde Venlo. Diese Zusammenarbeit f\u00fchrt nicht nur zu einer h\u00f6heren wirtschaftlichen Effizienz, sondern auch zu einer sichtbaren Verbesserung der Qualit\u00e4t der Standorte. Dank der Unterst\u00fctzung sowohl der Unternehmer als auch der Gemeinde werden nachhaltige, sichere und attraktive Gewerbegebiete realisiert.<\/p>\n<p>Die Arbeitsorganisation von Ondernemend Venlo besteht aus drei engagierten Fachleuten, die f\u00fcr eine optimale Unterst\u00fctzung in den Gewerbegebieten und f\u00fcr die Interessen der Unternehmer sorgen. Gemeinsam mit den Abteilungsvorst\u00e4nden, Aussch\u00fcssen und Freiwilligen, dem Gesamtvorstand und dem Tagesvorstand arbeiten sie t\u00e4glich an der Optimierung der Venloer Gewerbegebiete und der weiteren Entwicklung des Venloer Gesch\u00e4ftsklimas.<\/p>\t\t\t\t\t\t\t\t<\/div>\n\t\t\t\t<\/div>\n\t\t<div class=\"elementor-element elementor-element-7f03195 e-con-full e-flex e-con e-child\" data-id=\"7f03195\" data-element_type=\"container\">\n\t\t<div class=\"elementor-element elementor-element-4d6fc20 e-con-full e-flex e-con e-child\" data-id=\"4d6fc20\" data-element_type=\"container\" data-settings=\"{&quot;background_background&quot;:&quot;classic&quot;}\">\n\t\t<div class=\"elementor-element elementor-element-94d5df5 e-con-full e-flex e-con e-child\" data-id=\"94d5df5\" data-element_type=\"container\" data-settings=\"{&quot;background_background&quot;:&quot;classic&quot;}\">\n\t\t\t\t<\/div>\n\t\t<div class=\"elementor-element elementor-element-e706767 e-con-full e-flex e-con e-child\" data-id=\"e706767\" data-element_type=\"container\">\n\t\t\t\t<div class=\"elementor-element elementor-element-d88a7f5 elementor-widget elementor-widget-heading\" data-id=\"d88a7f5\" data-element_type=\"widget\" data-widget_type=\"heading.default\">\n\t\t\t\t<div class=\"elementor-widget-container\">\n\t\t\t\t\t<span class=\"elementor-heading-title elementor-size-default\">Ren\u00e9<br \/>Dings\n<\/span>\t\t\t\t<\/div>\n\t\t\t\t<\/div>\n\t\t\t\t<div class=\"elementor-element elementor-element-e66387b elementor-widget elementor-widget-heading\" data-id=\"e66387b\" data-element_type=\"widget\" data-widget_type=\"heading.default\">\n\t\t\t\t<div class=\"elementor-widget-container\">\n\t\t\t\t\t<span class=\"elementor-heading-title elementor-size-default\">Betriebsleiter\n\n<\/span>\t\t\t\t<\/div>\n\t\t\t\t<\/div>\n\t\t\t\t<\/div>\n\t\t\t\t<\/div>\n\t\t<div class=\"elementor-element elementor-element-be25faa e-con-full e-flex e-con e-child\" data-id=\"be25faa\" data-element_type=\"container\" data-settings=\"{&quot;background_background&quot;:&quot;classic&quot;}\">\n\t\t<div class=\"elementor-element elementor-element-885c6dc e-con-full e-flex e-con e-child\" data-id=\"885c6dc\" data-element_type=\"container\" data-settings=\"{&quot;background_background&quot;:&quot;classic&quot;}\">\n\t\t\t\t<\/div>\n\t\t<div class=\"elementor-element elementor-element-6fa9dab e-con-full e-flex e-con e-child\" data-id=\"6fa9dab\" data-element_type=\"container\">\n\t\t\t\t<div class=\"elementor-element elementor-element-98c3dcf elementor-widget elementor-widget-heading\" data-id=\"98c3dcf\" data-element_type=\"widget\" data-widget_type=\"heading.default\">\n\t\t\t\t<div class=\"elementor-widget-container\">\n\t\t\t\t\t<span class=\"elementor-heading-title elementor-size-default\">Hanny<br \/>van Lare<\/span>\t\t\t\t<\/div>\n\t\t\t\t<\/div>\n\t\t\t\t<div class=\"elementor-element elementor-element-5e627f5 elementor-widget elementor-widget-heading\" data-id=\"5e627f5\" data-element_type=\"widget\" data-widget_type=\"heading.default\">\n\t\t\t\t<div class=\"elementor-widget-container\">\n\t\t\t\t\t<span class=\"elementor-heading-title elementor-size-default\">Sekretariat<\/span>\t\t\t\t<\/div>\n\t\t\t\t<\/div>\n\t\t\t\t<\/div>\n\t\t\t\t<\/div>\n\t\t<div class=\"elementor-element elementor-element-0d6c393 e-con-full e-flex e-con e-child\" data-id=\"0d6c393\" data-element_type=\"container\" data-settings=\"{&quot;background_background&quot;:&quot;classic&quot;}\">\n\t\t<div class=\"elementor-element elementor-element-4bbe0c1 e-con-full e-flex e-con e-child\" data-id=\"4bbe0c1\" data-element_type=\"container\" data-settings=\"{&quot;background_background&quot;:&quot;classic&quot;}\">\n\t\t\t\t<\/div>\n\t\t<div class=\"elementor-element elementor-element-a916e7d e-con-full e-flex e-con e-child\" data-id=\"a916e7d\" data-element_type=\"container\">\n\t\t\t\t<div class=\"elementor-element elementor-element-6b7d091 elementor-widget elementor-widget-heading\" data-id=\"6b7d091\" data-element_type=\"widget\" data-widget_type=\"heading.default\">\n\t\t\t\t<div class=\"elementor-widget-container\">\n\t\t\t\t\t<span class=\"elementor-heading-title elementor-size-default\">Nicky Verhaagh\n<\/span>\t\t\t\t<\/div>\n\t\t\t\t<\/div>\n\t\t\t\t<div class=\"elementor-element elementor-element-d722342 elementor-widget elementor-widget-heading\" data-id=\"d722342\" data-element_type=\"widget\" data-widget_type=\"heading.default\">\n\t\t\t\t<div class=\"elementor-widget-container\">\n\t\t\t\t\t<span class=\"elementor-heading-title elementor-size-default\">Parkleiter<\/span>\t\t\t\t<\/div>\n\t\t\t\t<\/div>\n\t\t\t\t<\/div>\n\t\t\t\t<\/div>\n\t\t\t\t<\/div>\n\t\t\t\t\t<\/div>\n\t\t\t\t<\/div>\n\t\t\t\t<\/div>","protected":false},"excerpt":{"rendered":"<p>Wij staan voor u klaar Ondernemend Venlo is de verbindende kracht achter het versterken van de bedrijventerreinen in de regio. Door gezamenlijke belangen en doelstellingen concreet te maken, cre\u00ebert het parkmanagement een waardevolle samenwerking tussen ondernemers en de Gemeente Venlo. Deze samenwerking leidt niet alleen tot een hogere economische effici\u00ebntie, maar ook tot een zichtbare [&hellip;]<\/p>","protected":false},"author":1,"featured_media":0,"parent":159,"menu_order":2,"comment_status":"closed","ping_status":"closed","template":"","meta":{"_acf_changed":false,"footnotes":""},"class_list":["post-268","page","type-page","status-publish","hentry"],"acf":[],"yoast_head":"<!-- This site is optimized with the Yoast SEO plugin v26.3 - https:\/\/yoast.com\/wordpress\/plugins\/seo\/ -->\n<title>Werkorganisatie - Ondernemend Venlo<\/title>\n<meta name=\"robots\" content=\"index, follow, max-snippet:-1, max-image-preview:large, max-video-preview:-1\" \/>\n<link rel=\"canonical\" href=\"https:\/\/www.ondernemendvenlo.nl\/de\/organisatie\/werkorganisatie\/\" \/>\n<meta property=\"og:locale\" content=\"de_DE\" \/>\n<meta property=\"og:type\" content=\"article\" \/>\n<meta property=\"og:title\" content=\"Werkorganisatie - Ondernemend Venlo\" \/>\n<meta property=\"og:description\" content=\"Wij staan voor u klaar Ondernemend Venlo is de verbindende kracht achter het versterken van de bedrijventerreinen in de regio. Door gezamenlijke belangen en doelstellingen concreet te maken, cre\u00ebert het parkmanagement een waardevolle samenwerking tussen ondernemers en de Gemeente Venlo. Deze samenwerking leidt niet alleen tot een hogere economische effici\u00ebntie, maar ook tot een zichtbare [&hellip;]\" \/>\n<meta property=\"og:url\" content=\"https:\/\/www.ondernemendvenlo.nl\/de\/organisatie\/werkorganisatie\/\" \/>\n<meta property=\"og:site_name\" content=\"Ondernemend Venlo\" \/>\n<meta property=\"article:modified_time\" content=\"2025-12-08T10:04:14+00:00\" \/>\n<meta name=\"twitter:card\" content=\"summary_large_image\" \/>\n<meta name=\"twitter:label1\" content=\"Gesch\u00e4tzte Lesezeit\" \/>\n\t<meta name=\"twitter:data1\" content=\"1\u00a0Minute\" \/>\n<script type=\"application\/ld+json\" class=\"yoast-schema-graph\">{\"@context\":\"https:\/\/schema.org\",\"@graph\":[{\"@type\":\"WebPage\",\"@id\":\"https:\/\/www.ondernemendvenlo.nl\/organisatie\/werkorganisatie\/\",\"url\":\"https:\/\/www.ondernemendvenlo.nl\/organisatie\/werkorganisatie\/\",\"name\":\"Werkorganisatie - Ondernemend Venlo\",\"isPartOf\":{\"@id\":\"https:\/\/www.ondernemendvenlo.nl\/#website\"},\"datePublished\":\"2025-03-12T17:43:51+00:00\",\"dateModified\":\"2025-12-08T10:04:14+00:00\",\"breadcrumb\":{\"@id\":\"https:\/\/www.ondernemendvenlo.nl\/organisatie\/werkorganisatie\/#breadcrumb\"},\"inLanguage\":\"de\",\"potentialAction\":[{\"@type\":\"ReadAction\",\"target\":[\"https:\/\/www.ondernemendvenlo.nl\/organisatie\/werkorganisatie\/\"]}]},{\"@type\":\"BreadcrumbList\",\"@id\":\"https:\/\/www.ondernemendvenlo.nl\/organisatie\/werkorganisatie\/#breadcrumb\",\"itemListElement\":[{\"@type\":\"ListItem\",\"position\":1,\"name\":\"Ondernemend Venlo\",\"item\":\"https:\/\/www.ondernemendvenlo.nl\/\"},{\"@type\":\"ListItem\",\"position\":2,\"name\":\"Organisatie\",\"item\":\"https:\/\/www.ondernemendvenlo.nl\/organisatie\/\"},{\"@type\":\"ListItem\",\"position\":3,\"name\":\"Werkorganisatie\"}]},{\"@type\":\"WebSite\",\"@id\":\"https:\/\/www.ondernemendvenlo.nl\/#website\",\"url\":\"https:\/\/www.ondernemendvenlo.nl\/\",\"name\":\"Ondernemend Venlo\",\"description\":\"Samen succesvol ondernemen\",\"publisher\":{\"@id\":\"https:\/\/www.ondernemendvenlo.nl\/#organization\"},\"potentialAction\":[{\"@type\":\"SearchAction\",\"target\":{\"@type\":\"EntryPoint\",\"urlTemplate\":\"https:\/\/www.ondernemendvenlo.nl\/?s={search_term_string}\"},\"query-input\":{\"@type\":\"PropertyValueSpecification\",\"valueRequired\":true,\"valueName\":\"search_term_string\"}}],\"inLanguage\":\"de\"},{\"@type\":\"Organization\",\"@id\":\"https:\/\/www.ondernemendvenlo.nl\/#organization\",\"name\":\"Ondernemend Venlo\",\"url\":\"https:\/\/www.ondernemendvenlo.nl\/\",\"logo\":{\"@type\":\"ImageObject\",\"inLanguage\":\"de\",\"@id\":\"https:\/\/www.ondernemendvenlo.nl\/#\/schema\/logo\/image\/\",\"url\":\"https:\/\/www.ondernemendvenlo.nl\/wp-content\/uploads\/2025\/02\/Ondernemend-Venlo-logo-scaled.webp\",\"contentUrl\":\"https:\/\/www.ondernemendvenlo.nl\/wp-content\/uploads\/2025\/02\/Ondernemend-Venlo-logo-scaled.webp\",\"width\":2560,\"height\":1010,\"caption\":\"Ondernemend Venlo\"},\"image\":{\"@id\":\"https:\/\/www.ondernemendvenlo.nl\/#\/schema\/logo\/image\/\"},\"sameAs\":[\"https:\/\/www.linkedin.com\/company\/ondernemend-venlo\/\"]}]}<\/script>\n<!-- \/ Yoast SEO plugin. -->","yoast_head_json":{"title":"Werkorganisatie - Ondernemend Venlo","robots":{"index":"index","follow":"follow","max-snippet":"max-snippet:-1","max-image-preview":"max-image-preview:large","max-video-preview":"max-video-preview:-1"},"canonical":"https:\/\/www.ondernemendvenlo.nl\/de\/organisatie\/werkorganisatie\/","og_locale":"de_DE","og_type":"article","og_title":"Werkorganisatie - Ondernemend Venlo","og_description":"Wij staan voor u klaar Ondernemend Venlo is de verbindende kracht achter het versterken van de bedrijventerreinen in de regio. Door gezamenlijke belangen en doelstellingen concreet te maken, cre\u00ebert het parkmanagement een waardevolle samenwerking tussen ondernemers en de Gemeente Venlo. Deze samenwerking leidt niet alleen tot een hogere economische effici\u00ebntie, maar ook tot een zichtbare [&hellip;]","og_url":"https:\/\/www.ondernemendvenlo.nl\/de\/organisatie\/werkorganisatie\/","og_site_name":"Ondernemend Venlo","article_modified_time":"2025-12-08T10:04:14+00:00","twitter_card":"summary_large_image","twitter_misc":{"Gesch\u00e4tzte Lesezeit":"1\u00a0Minute"},"schema":{"@context":"https:\/\/schema.org","@graph":[{"@type":"WebPage","@id":"https:\/\/www.ondernemendvenlo.nl\/organisatie\/werkorganisatie\/","url":"https:\/\/www.ondernemendvenlo.nl\/organisatie\/werkorganisatie\/","name":"Werkorganisatie - Ondernemend Venlo","isPartOf":{"@id":"https:\/\/www.ondernemendvenlo.nl\/#website"},"datePublished":"2025-03-12T17:43:51+00:00","dateModified":"2025-12-08T10:04:14+00:00","breadcrumb":{"@id":"https:\/\/www.ondernemendvenlo.nl\/organisatie\/werkorganisatie\/#breadcrumb"},"inLanguage":"de","potentialAction":[{"@type":"ReadAction","target":["https:\/\/www.ondernemendvenlo.nl\/organisatie\/werkorganisatie\/"]}]},{"@type":"BreadcrumbList","@id":"https:\/\/www.ondernemendvenlo.nl\/organisatie\/werkorganisatie\/#breadcrumb","itemListElement":[{"@type":"ListItem","position":1,"name":"Ondernemend Venlo","item":"https:\/\/www.ondernemendvenlo.nl\/"},{"@type":"ListItem","position":2,"name":"Organisatie","item":"https:\/\/www.ondernemendvenlo.nl\/organisatie\/"},{"@type":"ListItem","position":3,"name":"Werkorganisatie"}]},{"@type":"WebSite","@id":"https:\/\/www.ondernemendvenlo.nl\/#website","url":"https:\/\/www.ondernemendvenlo.nl\/","name":"Unternehmerisches Venlo","description":"Samen succesvol ondernemen","publisher":{"@id":"https:\/\/www.ondernemendvenlo.nl\/#organization"},"potentialAction":[{"@type":"SearchAction","target":{"@type":"EntryPoint","urlTemplate":"https:\/\/www.ondernemendvenlo.nl\/?s={search_term_string}"},"query-input":{"@type":"PropertyValueSpecification","valueRequired":true,"valueName":"search_term_string"}}],"inLanguage":"de"},{"@type":"Organization","@id":"https:\/\/www.ondernemendvenlo.nl\/#organization","name":"Unternehmerisches Venlo","url":"https:\/\/www.ondernemendvenlo.nl\/","logo":{"@type":"ImageObject","inLanguage":"de","@id":"https:\/\/www.ondernemendvenlo.nl\/#\/schema\/logo\/image\/","url":"https:\/\/www.ondernemendvenlo.nl\/wp-content\/uploads\/2025\/02\/Ondernemend-Venlo-logo-scaled.webp","contentUrl":"https:\/\/www.ondernemendvenlo.nl\/wp-content\/uploads\/2025\/02\/Ondernemend-Venlo-logo-scaled.webp","width":2560,"height":1010,"caption":"Ondernemend Venlo"},"image":{"@id":"https:\/\/www.ondernemendvenlo.nl\/#\/schema\/logo\/image\/"},"sameAs":["https:\/\/www.linkedin.com\/company\/ondernemend-venlo\/"]}]}},"_links":{"self":[{"href":"https:\/\/www.ondernemendvenlo.nl\/de\/wp-json\/wp\/v2\/pages\/268","targetHints":{"allow":["GET"]}}],"collection":[{"href":"https:\/\/www.ondernemendvenlo.nl\/de\/wp-json\/wp\/v2\/pages"}],"about":[{"href":"https:\/\/www.ondernemendvenlo.nl\/de\/wp-json\/wp\/v2\/types\/page"}],"author":[{"embeddable":true,"href":"https:\/\/www.ondernemendvenlo.nl\/de\/wp-json\/wp\/v2\/users\/1"}],"replies":[{"embeddable":true,"href":"https:\/\/www.ondernemendvenlo.nl\/de\/wp-json\/wp\/v2\/comments?post=268"}],"version-history":[{"count":9,"href":"https:\/\/www.ondernemendvenlo.nl\/de\/wp-json\/wp\/v2\/pages\/268\/revisions"}],"predecessor-version":[{"id":9135,"href":"https:\/\/www.ondernemendvenlo.nl\/de\/wp-json\/wp\/v2\/pages\/268\/revisions\/9135"}],"up":[{"embeddable":true,"href":"https:\/\/www.ondernemendvenlo.nl\/de\/wp-json\/wp\/v2\/pages\/159"}],"wp:attachment":[{"href":"https:\/\/www.ondernemendvenlo.nl\/de\/wp-json\/wp\/v2\/media?parent=268"}],"curies":[{"name":"wp","href":"https:\/\/api.w.org\/{rel}","templated":true}]}}