{"id":3673,"date":"2025-04-07T19:57:09","date_gmt":"2025-04-07T17:57:09","guid":{"rendered":"https:\/\/www.ondernemendvenlo.nl\/?page_id=3673"},"modified":"2025-04-10T10:57:39","modified_gmt":"2025-04-10T08:57:39","slug":"magazine","status":"publish","type":"page","link":"https:\/\/www.ondernemendvenlo.nl\/de\/magazine\/","title":{"rendered":"Zeitschrift"},"content":{"rendered":"<div data-elementor-type=\"wp-page\" data-elementor-id=\"3673\" class=\"elementor elementor-3673\" data-elementor-post-type=\"page\">\n\t\t\t\t<div class=\"elementor-element elementor-element-3703575 e-flex e-con-boxed e-con e-parent\" data-id=\"3703575\" data-element_type=\"container\">\n\t\t\t\t\t<div class=\"e-con-inner\">\n\t\t\t\t<div class=\"elementor-element elementor-element-fe44666 elementor-grid-3 elementor-grid-tablet-1 elementor-grid-mobile-1 elementor-widget elementor-widget-loop-grid\" data-id=\"fe44666\" data-element_type=\"widget\" data-settings=\"{&quot;template_id&quot;:&quot;595&quot;,&quot;columns&quot;:3,&quot;pagination_type&quot;:&quot;load_more_on_click&quot;,&quot;row_gap&quot;:{&quot;unit&quot;:&quot;px&quot;,&quot;size&quot;:20,&quot;sizes&quot;:[]},&quot;columns_tablet&quot;:1,&quot;_skin&quot;:&quot;post&quot;,&quot;columns_mobile&quot;:&quot;1&quot;,&quot;edit_handle_selector&quot;:&quot;[data-elementor-type=\\&quot;loop-item\\&quot;]&quot;,&quot;load_more_spinner&quot;:{&quot;value&quot;:&quot;fas fa-spinner&quot;,&quot;library&quot;:&quot;fa-solid&quot;},&quot;row_gap_tablet&quot;:{&quot;unit&quot;:&quot;px&quot;,&quot;size&quot;:&quot;&quot;,&quot;sizes&quot;:[]},&quot;row_gap_mobile&quot;:{&quot;unit&quot;:&quot;px&quot;,&quot;size&quot;:&quot;&quot;,&quot;sizes&quot;:[]}}\" data-widget_type=\"loop-grid.post\">\n\t\t\t\t<div class=\"elementor-widget-container\">\n\t\t\t\t\t\t\t<div class=\"elementor-loop-container elementor-grid\" role=\"list\">\n\t\t<style id=\"loop-dynamic-595\">.e-loop-item-6430 .elementor-element.elementor-element-0ac4eeb:not(.elementor-motion-effects-element-type-background), .e-loop-item-6430 .elementor-element.elementor-element-0ac4eeb > .elementor-motion-effects-container > .elementor-motion-effects-layer{background-image:url(\"https:\/\/www.ondernemendvenlo.nl\/wp-content\/uploads\/2025\/07\/JorisBroekmans_1920x1080_BB20250525.jpg\");}<\/style><style id=\"loop-595\">.elementor-595 .elementor-element.elementor-element-616c565{--display:flex;--min-height:190px;--flex-direction:row;--container-widget-width:initial;--container-widget-height:100%;--container-widget-flex-grow:1;--container-widget-align-self:stretch;--flex-wrap-mobile:wrap;--gap:0px 0px;--row-gap:0px;--column-gap:0px;--border-radius:20px 20px 20px 20px;--padding-top:0px;--padding-bottom:0px;--padding-left:0px;--padding-right:0px;}.elementor-595 .elementor-element.elementor-element-616c565:not(.elementor-motion-effects-element-type-background), .elementor-595 .elementor-element.elementor-element-616c565 > .elementor-motion-effects-container > .elementor-motion-effects-layer{background-color:var( --e-global-color-2a89983 );}.elementor-595 .elementor-element.elementor-element-0ac4eeb{--display:flex;--flex-direction:column;--container-widget-width:100%;--container-widget-height:initial;--container-widget-flex-grow:0;--container-widget-align-self:initial;--flex-wrap-mobile:wrap;--border-radius:20px 20px 20px 20px;--padding-top:0px;--padding-bottom:0px;--padding-left:0px;--padding-right:0px;}.elementor-595 .elementor-element.elementor-element-0ac4eeb:not(.elementor-motion-effects-element-type-background), .elementor-595 .elementor-element.elementor-element-0ac4eeb > .elementor-motion-effects-container > .elementor-motion-effects-layer{background-position:center center;background-repeat:no-repeat;background-size:cover;}.elementor-595 .elementor-element.elementor-element-355e4ab{--display:flex;--flex-direction:column;--container-widget-width:calc( ( 1 - var( --container-widget-flex-grow ) ) * 100% );--container-widget-height:initial;--container-widget-flex-grow:0;--container-widget-align-self:initial;--flex-wrap-mobile:wrap;--justify-content:space-between;--align-items:flex-start;--gap:10px 0px;--row-gap:10px;--column-gap:0px;--padding-top:30px;--padding-bottom:30px;--padding-left:30px;--padding-right:30px;}.elementor-595 .elementor-element.elementor-element-56ff0be{--display:flex;--flex-direction:column;--container-widget-width:100%;--container-widget-height:initial;--container-widget-flex-grow:0;--container-widget-align-self:initial;--flex-wrap-mobile:wrap;--gap:10px 0px;--row-gap:10px;--column-gap:0px;--padding-top:0px;--padding-bottom:0px;--padding-left:0px;--padding-right:0px;}.elementor-widget-heading .elementor-heading-title{font-family:var( --e-global-typography-primary-font-family ), Sans-serif;font-size:var( --e-global-typography-primary-font-size );font-weight:var( --e-global-typography-primary-font-weight );color:var( --e-global-color-primary );}.elementor-595 .elementor-element.elementor-element-1d6cb32 > .elementor-widget-container{margin:0px 0px 0px 0px;}.elementor-595 .elementor-element.elementor-element-1d6cb32 .elementor-heading-title{font-family:\"Platypi\", Sans-serif;font-size:0.9vw;font-weight:800;}.elementor-widget-button .elementor-button{background-color:var( --e-global-color-accent );font-family:var( --e-global-typography-accent-font-family ), Sans-serif;font-size:var( --e-global-typography-accent-font-size );font-weight:var( --e-global-typography-accent-font-weight );}.elementor-595 .elementor-element.elementor-element-64448f6 .elementor-button{background-color:#FFFFFF00;font-family:\"Poppins\", Sans-serif;font-size:0.8vw;font-weight:400;transition-duration:0.3s;border-style:solid;border-width:2px 2px 2px 2px;border-radius:50px 50px 50px 50px;padding:12px 20px 12px 20px;}.elementor-595 .elementor-element.elementor-element-64448f6 .elementor-button:hover, .elementor-595 .elementor-element.elementor-element-64448f6 .elementor-button:focus{background-color:var( --e-global-color-primary );color:#FFFFFF;border-color:var( --e-global-color-primary );}.elementor-595 .elementor-element.elementor-element-64448f6 .elementor-button:hover svg, .elementor-595 .elementor-element.elementor-element-64448f6 .elementor-button:focus svg{fill:#FFFFFF;}@media(max-width:1024px){.elementor-widget-heading .elementor-heading-title{font-size:var( --e-global-typography-primary-font-size );}.elementor-595 .elementor-element.elementor-element-1d6cb32 .elementor-heading-title{font-size:3vw;}.elementor-widget-button .elementor-button{font-size:var( --e-global-typography-accent-font-size );}.elementor-595 .elementor-element.elementor-element-64448f6 .elementor-button{font-size:2vw;}}@media(min-width:768px){.elementor-595 .elementor-element.elementor-element-0ac4eeb{--width:33.3333%;}.elementor-595 .elementor-element.elementor-element-355e4ab{--width:66.6666%;}}@media(max-width:767px){.elementor-595 .elementor-element.elementor-element-0ac4eeb{--min-height:200px;}.elementor-widget-heading .elementor-heading-title{font-size:var( --e-global-typography-primary-font-size );}.elementor-595 .elementor-element.elementor-element-1d6cb32 .elementor-heading-title{font-size:6vw;}.elementor-widget-button .elementor-button{font-size:var( --e-global-typography-accent-font-size );}.elementor-595 .elementor-element.elementor-element-64448f6 .elementor-button{font-size:4vw;}}\/* Start custom CSS for container, class: .elementor-element-0ac4eeb *\/@media only screen and (min-width: 600px) {\n  .elementor-595 .elementor-element.elementor-element-0ac4eeb{\n    max-height: 190px!important;\n}\n}\/* End custom CSS *\/\n\/* Start custom CSS for container, class: .elementor-element-616c565 *\/@media only screen and (min-width: 600px) {\n  .elementor-595 .elementor-element.elementor-element-616c565{\n    max-height: 190px!important;\n}\n}\/* End custom CSS *\/<\/style>\t\t<div data-elementor-type=\"loop-item\" data-elementor-id=\"595\" class=\"elementor elementor-595 e-loop-item e-loop-item-6430 post-6430 post type-post status-publish format-standard has-post-thumbnail hentry category-magazine\" data-elementor-post-type=\"elementor_library\" data-custom-edit-handle=\"1\">\n\t\t\t<div class=\"elementor-element elementor-element-616c565 e-flex e-con-boxed e-con e-parent\" data-id=\"616c565\" data-element_type=\"container\" data-settings=\"{&quot;background_background&quot;:&quot;classic&quot;}\">\n\t\t\t\t\t<div class=\"e-con-inner\">\n\t\t<a class=\"elementor-element elementor-element-0ac4eeb e-con-full e-flex e-con e-child\" data-id=\"0ac4eeb\" data-element_type=\"container\" data-settings=\"{&quot;background_background&quot;:&quot;classic&quot;}\" href=\"https:\/\/www.ondernemendvenlo.nl\/de\/joris-broekmans-van-student-elektrotechniek-naar-banketbakker\/\">\n\t\t\t\t<\/a>\n\t\t<div class=\"elementor-element elementor-element-355e4ab e-con-full e-flex e-con e-child\" data-id=\"355e4ab\" data-element_type=\"container\">\n\t\t<div class=\"elementor-element elementor-element-56ff0be e-con-full e-flex e-con e-child\" data-id=\"56ff0be\" data-element_type=\"container\">\n\t\t\t\t<div class=\"elementor-element elementor-element-1d6cb32 elementor-widget elementor-widget-heading\" data-id=\"1d6cb32\" data-element_type=\"widget\" data-widget_type=\"heading.default\">\n\t\t\t\t<div class=\"elementor-widget-container\">\n\t\t\t\t\t<span class=\"elementor-heading-title elementor-size-default\"><a href=\"https:\/\/www.ondernemendvenlo.nl\/de\/joris-broekmans-van-student-elektrotechniek-naar-banketbakker\/\">Joris Broekmans van student elektrotechniek naar banketbakker<\/a><\/span>\t\t\t\t<\/div>\n\t\t\t\t<\/div>\n\t\t\t\t<\/div>\n\t\t\t\t<div class=\"elementor-element elementor-element-64448f6 elementor-widget elementor-widget-button\" data-id=\"64448f6\" data-element_type=\"widget\" data-widget_type=\"button.default\">\n\t\t\t\t<div class=\"elementor-widget-container\">\n\t\t\t\t\t\t\t\t\t<div class=\"elementor-button-wrapper\">\n\t\t\t\t\t<a class=\"elementor-button elementor-button-link elementor-size-sm\" href=\"https:\/\/www.ondernemendvenlo.nl\/de\/joris-broekmans-van-student-elektrotechniek-naar-banketbakker\/\">\n\t\t\t\t\t\t<span class=\"elementor-button-content-wrapper\">\n\t\t\t\t\t\t\t\t\t<span class=\"elementor-button-text\">siehe<\/span>\n\t\t\t\t\t<\/span>\n\t\t\t\t\t<\/a>\n\t\t\t\t<\/div>\n\t\t\t\t\t\t\t\t<\/div>\n\t\t\t\t<\/div>\n\t\t\t\t<\/div>\n\t\t\t\t\t<\/div>\n\t\t\t\t<\/div>\n\t\t\t\t<\/div>\n\t\t<style id=\"loop-dynamic-595\">.e-loop-item-6610 .elementor-element.elementor-element-0ac4eeb:not(.elementor-motion-effects-element-type-background), .e-loop-item-6610 .elementor-element.elementor-element-0ac4eeb > .elementor-motion-effects-container > .elementor-motion-effects-layer{background-image:url(\"https:\/\/www.ondernemendvenlo.nl\/wp-content\/uploads\/2025\/07\/GemVenlo_IVW6102_1920x1080.jpg\");}<\/style>\t\t<div data-elementor-type=\"loop-item\" data-elementor-id=\"595\" class=\"elementor elementor-595 e-loop-item e-loop-item-6610 post-6610 post type-post status-publish format-standard has-post-thumbnail hentry category-magazine\" data-elementor-post-type=\"elementor_library\" data-custom-edit-handle=\"1\">\n\t\t\t<div class=\"elementor-element elementor-element-616c565 e-flex e-con-boxed e-con e-parent\" data-id=\"616c565\" data-element_type=\"container\" data-settings=\"{&quot;background_background&quot;:&quot;classic&quot;}\">\n\t\t\t\t\t<div class=\"e-con-inner\">\n\t\t<a class=\"elementor-element elementor-element-0ac4eeb e-con-full e-flex e-con e-child\" data-id=\"0ac4eeb\" data-element_type=\"container\" data-settings=\"{&quot;background_background&quot;:&quot;classic&quot;}\" href=\"https:\/\/www.ondernemendvenlo.nl\/de\/talent-boeien-en-binden-aan-de-regio\/\">\n\t\t\t\t<\/a>\n\t\t<div class=\"elementor-element elementor-element-355e4ab e-con-full e-flex e-con e-child\" data-id=\"355e4ab\" data-element_type=\"container\">\n\t\t<div class=\"elementor-element elementor-element-56ff0be e-con-full e-flex e-con e-child\" data-id=\"56ff0be\" data-element_type=\"container\">\n\t\t\t\t<div class=\"elementor-element elementor-element-1d6cb32 elementor-widget elementor-widget-heading\" data-id=\"1d6cb32\" data-element_type=\"widget\" data-widget_type=\"heading.default\">\n\t\t\t\t<div class=\"elementor-widget-container\">\n\t\t\t\t\t<span class=\"elementor-heading-title elementor-size-default\"><a href=\"https:\/\/www.ondernemendvenlo.nl\/de\/talent-boeien-en-binden-aan-de-regio\/\">Talent boeien en binden aan de regio<\/a><\/span>\t\t\t\t<\/div>\n\t\t\t\t<\/div>\n\t\t\t\t<\/div>\n\t\t\t\t<div class=\"elementor-element elementor-element-64448f6 elementor-widget elementor-widget-button\" data-id=\"64448f6\" data-element_type=\"widget\" data-widget_type=\"button.default\">\n\t\t\t\t<div class=\"elementor-widget-container\">\n\t\t\t\t\t\t\t\t\t<div class=\"elementor-button-wrapper\">\n\t\t\t\t\t<a class=\"elementor-button elementor-button-link elementor-size-sm\" href=\"https:\/\/www.ondernemendvenlo.nl\/de\/talent-boeien-en-binden-aan-de-regio\/\">\n\t\t\t\t\t\t<span class=\"elementor-button-content-wrapper\">\n\t\t\t\t\t\t\t\t\t<span class=\"elementor-button-text\">siehe<\/span>\n\t\t\t\t\t<\/span>\n\t\t\t\t\t<\/a>\n\t\t\t\t<\/div>\n\t\t\t\t\t\t\t\t<\/div>\n\t\t\t\t<\/div>\n\t\t\t\t<\/div>\n\t\t\t\t\t<\/div>\n\t\t\t\t<\/div>\n\t\t\t\t<\/div>\n\t\t<style id=\"loop-dynamic-595\">.e-loop-item-6607 .elementor-element.elementor-element-0ac4eeb:not(.elementor-motion-effects-element-type-background), .e-loop-item-6607 .elementor-element.elementor-element-0ac4eeb > .elementor-motion-effects-container > .elementor-motion-effects-layer{background-image:url(\"https:\/\/www.ondernemendvenlo.nl\/wp-content\/uploads\/2025\/07\/Sulzer_1920x1080_BB20250527.jpg\");}<\/style>\t\t<div data-elementor-type=\"loop-item\" data-elementor-id=\"595\" class=\"elementor elementor-595 e-loop-item e-loop-item-6607 post-6607 post type-post status-publish format-standard has-post-thumbnail hentry category-magazine\" data-elementor-post-type=\"elementor_library\" data-custom-edit-handle=\"1\">\n\t\t\t<div class=\"elementor-element elementor-element-616c565 e-flex e-con-boxed e-con e-parent\" data-id=\"616c565\" data-element_type=\"container\" data-settings=\"{&quot;background_background&quot;:&quot;classic&quot;}\">\n\t\t\t\t\t<div class=\"e-con-inner\">\n\t\t<a class=\"elementor-element elementor-element-0ac4eeb e-con-full e-flex e-con e-child\" data-id=\"0ac4eeb\" data-element_type=\"container\" data-settings=\"{&quot;background_background&quot;:&quot;classic&quot;}\" href=\"https:\/\/www.ondernemendvenlo.nl\/de\/succesvol-ondernemen-begint-bij-de-medewerkers\/\">\n\t\t\t\t<\/a>\n\t\t<div class=\"elementor-element elementor-element-355e4ab e-con-full e-flex e-con e-child\" data-id=\"355e4ab\" data-element_type=\"container\">\n\t\t<div class=\"elementor-element elementor-element-56ff0be e-con-full e-flex e-con e-child\" data-id=\"56ff0be\" data-element_type=\"container\">\n\t\t\t\t<div class=\"elementor-element elementor-element-1d6cb32 elementor-widget elementor-widget-heading\" data-id=\"1d6cb32\" data-element_type=\"widget\" data-widget_type=\"heading.default\">\n\t\t\t\t<div class=\"elementor-widget-container\">\n\t\t\t\t\t<span class=\"elementor-heading-title elementor-size-default\"><a href=\"https:\/\/www.ondernemendvenlo.nl\/de\/succesvol-ondernemen-begint-bij-de-medewerkers\/\">Succesvol ondernemen begint bij de medewerkers<\/a><\/span>\t\t\t\t<\/div>\n\t\t\t\t<\/div>\n\t\t\t\t<\/div>\n\t\t\t\t<div class=\"elementor-element elementor-element-64448f6 elementor-widget elementor-widget-button\" data-id=\"64448f6\" data-element_type=\"widget\" data-widget_type=\"button.default\">\n\t\t\t\t<div class=\"elementor-widget-container\">\n\t\t\t\t\t\t\t\t\t<div class=\"elementor-button-wrapper\">\n\t\t\t\t\t<a class=\"elementor-button elementor-button-link elementor-size-sm\" href=\"https:\/\/www.ondernemendvenlo.nl\/de\/succesvol-ondernemen-begint-bij-de-medewerkers\/\">\n\t\t\t\t\t\t<span class=\"elementor-button-content-wrapper\">\n\t\t\t\t\t\t\t\t\t<span class=\"elementor-button-text\">siehe<\/span>\n\t\t\t\t\t<\/span>\n\t\t\t\t\t<\/a>\n\t\t\t\t<\/div>\n\t\t\t\t\t\t\t\t<\/div>\n\t\t\t\t<\/div>\n\t\t\t\t<\/div>\n\t\t\t\t\t<\/div>\n\t\t\t\t<\/div>\n\t\t\t\t<\/div>\n\t\t<style id=\"loop-dynamic-595\">.e-loop-item-6603 .elementor-element.elementor-element-0ac4eeb:not(.elementor-motion-effects-element-type-background), .e-loop-item-6603 .elementor-element.elementor-element-0ac4eeb > .elementor-motion-effects-container > .elementor-motion-effects-layer{background-image:url(\"https:\/\/www.ondernemendvenlo.nl\/wp-content\/uploads\/2025\/07\/Kokkerelli_1920x1080_BB20250603.jpg\");}<\/style>\t\t<div data-elementor-type=\"loop-item\" data-elementor-id=\"595\" class=\"elementor elementor-595 e-loop-item e-loop-item-6603 post-6603 post type-post status-publish format-standard has-post-thumbnail hentry category-magazine\" data-elementor-post-type=\"elementor_library\" data-custom-edit-handle=\"1\">\n\t\t\t<div class=\"elementor-element elementor-element-616c565 e-flex e-con-boxed e-con e-parent\" data-id=\"616c565\" data-element_type=\"container\" data-settings=\"{&quot;background_background&quot;:&quot;classic&quot;}\">\n\t\t\t\t\t<div class=\"e-con-inner\">\n\t\t<a class=\"elementor-element elementor-element-0ac4eeb e-con-full e-flex e-con e-child\" data-id=\"0ac4eeb\" data-element_type=\"container\" data-settings=\"{&quot;background_background&quot;:&quot;classic&quot;}\" href=\"https:\/\/www.ondernemendvenlo.nl\/de\/kokkerelli-de-essentiele-rol-van-gezonde-voeding-in-onderwijs-en-bedrijfsleven\/\">\n\t\t\t\t<\/a>\n\t\t<div class=\"elementor-element elementor-element-355e4ab e-con-full e-flex e-con e-child\" data-id=\"355e4ab\" data-element_type=\"container\">\n\t\t<div class=\"elementor-element elementor-element-56ff0be e-con-full e-flex e-con e-child\" data-id=\"56ff0be\" data-element_type=\"container\">\n\t\t\t\t<div class=\"elementor-element elementor-element-1d6cb32 elementor-widget elementor-widget-heading\" data-id=\"1d6cb32\" data-element_type=\"widget\" data-widget_type=\"heading.default\">\n\t\t\t\t<div class=\"elementor-widget-container\">\n\t\t\t\t\t<span class=\"elementor-heading-title elementor-size-default\"><a href=\"https:\/\/www.ondernemendvenlo.nl\/de\/kokkerelli-de-essentiele-rol-van-gezonde-voeding-in-onderwijs-en-bedrijfsleven\/\">Kokkerelli: de essenti\u00eble rol van gezonde voeding in onderwijs en bedrijfsleven<\/a><\/span>\t\t\t\t<\/div>\n\t\t\t\t<\/div>\n\t\t\t\t<\/div>\n\t\t\t\t<div class=\"elementor-element elementor-element-64448f6 elementor-widget elementor-widget-button\" data-id=\"64448f6\" data-element_type=\"widget\" data-widget_type=\"button.default\">\n\t\t\t\t<div class=\"elementor-widget-container\">\n\t\t\t\t\t\t\t\t\t<div class=\"elementor-button-wrapper\">\n\t\t\t\t\t<a class=\"elementor-button elementor-button-link elementor-size-sm\" href=\"https:\/\/www.ondernemendvenlo.nl\/de\/kokkerelli-de-essentiele-rol-van-gezonde-voeding-in-onderwijs-en-bedrijfsleven\/\">\n\t\t\t\t\t\t<span class=\"elementor-button-content-wrapper\">\n\t\t\t\t\t\t\t\t\t<span class=\"elementor-button-text\">siehe<\/span>\n\t\t\t\t\t<\/span>\n\t\t\t\t\t<\/a>\n\t\t\t\t<\/div>\n\t\t\t\t\t\t\t\t<\/div>\n\t\t\t\t<\/div>\n\t\t\t\t<\/div>\n\t\t\t\t\t<\/div>\n\t\t\t\t<\/div>\n\t\t\t\t<\/div>\n\t\t<style id=\"loop-dynamic-595\">.e-loop-item-6592 .elementor-element.elementor-element-0ac4eeb:not(.elementor-motion-effects-element-type-background), .e-loop-item-6592 .elementor-element.elementor-element-0ac4eeb > .elementor-motion-effects-container > .elementor-motion-effects-layer{background-image:url(\"https:\/\/www.ondernemendvenlo.nl\/wp-content\/uploads\/2025\/07\/VincentPijenburg_BB20250527.jpg\");}<\/style>\t\t<div data-elementor-type=\"loop-item\" data-elementor-id=\"595\" class=\"elementor elementor-595 e-loop-item e-loop-item-6592 post-6592 post type-post status-publish format-standard has-post-thumbnail hentry category-magazine\" data-elementor-post-type=\"elementor_library\" data-custom-edit-handle=\"1\">\n\t\t\t<div class=\"elementor-element elementor-element-616c565 e-flex e-con-boxed e-con e-parent\" data-id=\"616c565\" data-element_type=\"container\" data-settings=\"{&quot;background_background&quot;:&quot;classic&quot;}\">\n\t\t\t\t\t<div class=\"e-con-inner\">\n\t\t<a class=\"elementor-element elementor-element-0ac4eeb e-con-full e-flex e-con e-child\" data-id=\"0ac4eeb\" data-element_type=\"container\" data-settings=\"{&quot;background_background&quot;:&quot;classic&quot;}\" href=\"https:\/\/www.ondernemendvenlo.nl\/de\/de-groeicapaciteit-van-de-euregionale-arbeidsmarkt\/\">\n\t\t\t\t<\/a>\n\t\t<div class=\"elementor-element elementor-element-355e4ab e-con-full e-flex e-con e-child\" data-id=\"355e4ab\" data-element_type=\"container\">\n\t\t<div class=\"elementor-element elementor-element-56ff0be e-con-full e-flex e-con e-child\" data-id=\"56ff0be\" data-element_type=\"container\">\n\t\t\t\t<div class=\"elementor-element elementor-element-1d6cb32 elementor-widget elementor-widget-heading\" data-id=\"1d6cb32\" data-element_type=\"widget\" data-widget_type=\"heading.default\">\n\t\t\t\t<div class=\"elementor-widget-container\">\n\t\t\t\t\t<span class=\"elementor-heading-title elementor-size-default\"><a href=\"https:\/\/www.ondernemendvenlo.nl\/de\/de-groeicapaciteit-van-de-euregionale-arbeidsmarkt\/\">De groeicapaciteit van de euregionale arbeidsmarkt<\/a><\/span>\t\t\t\t<\/div>\n\t\t\t\t<\/div>\n\t\t\t\t<\/div>\n\t\t\t\t<div class=\"elementor-element elementor-element-64448f6 elementor-widget elementor-widget-button\" data-id=\"64448f6\" data-element_type=\"widget\" data-widget_type=\"button.default\">\n\t\t\t\t<div class=\"elementor-widget-container\">\n\t\t\t\t\t\t\t\t\t<div class=\"elementor-button-wrapper\">\n\t\t\t\t\t<a class=\"elementor-button elementor-button-link elementor-size-sm\" href=\"https:\/\/www.ondernemendvenlo.nl\/de\/de-groeicapaciteit-van-de-euregionale-arbeidsmarkt\/\">\n\t\t\t\t\t\t<span class=\"elementor-button-content-wrapper\">\n\t\t\t\t\t\t\t\t\t<span class=\"elementor-button-text\">siehe<\/span>\n\t\t\t\t\t<\/span>\n\t\t\t\t\t<\/a>\n\t\t\t\t<\/div>\n\t\t\t\t\t\t\t\t<\/div>\n\t\t\t\t<\/div>\n\t\t\t\t<\/div>\n\t\t\t\t\t<\/div>\n\t\t\t\t<\/div>\n\t\t\t\t<\/div>\n\t\t<style id=\"loop-dynamic-595\">.e-loop-item-3489 .elementor-element.elementor-element-0ac4eeb:not(.elementor-motion-effects-element-type-background), .e-loop-item-3489 .elementor-element.elementor-element-0ac4eeb > .elementor-motion-effects-container > .elementor-motion-effects-layer{background-image:url(\"https:\/\/www.ondernemendvenlo.nl\/wp-content\/uploads\/2025\/04\/OV1_2025_Caroz_BB4172.jpg\");}<\/style>\t\t<div data-elementor-type=\"loop-item\" data-elementor-id=\"595\" class=\"elementor elementor-595 e-loop-item e-loop-item-3489 post-3489 post type-post status-publish format-standard has-post-thumbnail hentry category-magazine\" data-elementor-post-type=\"elementor_library\" data-custom-edit-handle=\"1\">\n\t\t\t<div class=\"elementor-element elementor-element-616c565 e-flex e-con-boxed e-con e-parent\" data-id=\"616c565\" data-element_type=\"container\" data-settings=\"{&quot;background_background&quot;:&quot;classic&quot;}\">\n\t\t\t\t\t<div class=\"e-con-inner\">\n\t\t<a class=\"elementor-element elementor-element-0ac4eeb e-con-full e-flex e-con e-child\" data-id=\"0ac4eeb\" data-element_type=\"container\" data-settings=\"{&quot;background_background&quot;:&quot;classic&quot;}\" href=\"https:\/\/www.ondernemendvenlo.nl\/de\/caroz-omarmt-ai-ontwikkelingen\/\">\n\t\t\t\t<\/a>\n\t\t<div class=\"elementor-element elementor-element-355e4ab e-con-full e-flex e-con e-child\" data-id=\"355e4ab\" data-element_type=\"container\">\n\t\t<div class=\"elementor-element elementor-element-56ff0be e-con-full e-flex e-con e-child\" data-id=\"56ff0be\" data-element_type=\"container\">\n\t\t\t\t<div class=\"elementor-element elementor-element-1d6cb32 elementor-widget elementor-widget-heading\" data-id=\"1d6cb32\" data-element_type=\"widget\" data-widget_type=\"heading.default\">\n\t\t\t\t<div class=\"elementor-widget-container\">\n\t\t\t\t\t<span class=\"elementor-heading-title elementor-size-default\"><a href=\"https:\/\/www.ondernemendvenlo.nl\/de\/caroz-omarmt-ai-ontwikkelingen\/\">Caroz macht sich AI-Entwicklungen zu eigen<\/a><\/span>\t\t\t\t<\/div>\n\t\t\t\t<\/div>\n\t\t\t\t<\/div>\n\t\t\t\t<div class=\"elementor-element elementor-element-64448f6 elementor-widget elementor-widget-button\" data-id=\"64448f6\" data-element_type=\"widget\" data-widget_type=\"button.default\">\n\t\t\t\t<div class=\"elementor-widget-container\">\n\t\t\t\t\t\t\t\t\t<div class=\"elementor-button-wrapper\">\n\t\t\t\t\t<a class=\"elementor-button elementor-button-link elementor-size-sm\" href=\"https:\/\/www.ondernemendvenlo.nl\/de\/caroz-omarmt-ai-ontwikkelingen\/\">\n\t\t\t\t\t\t<span class=\"elementor-button-content-wrapper\">\n\t\t\t\t\t\t\t\t\t<span class=\"elementor-button-text\">siehe<\/span>\n\t\t\t\t\t<\/span>\n\t\t\t\t\t<\/a>\n\t\t\t\t<\/div>\n\t\t\t\t\t\t\t\t<\/div>\n\t\t\t\t<\/div>\n\t\t\t\t<\/div>\n\t\t\t\t\t<\/div>\n\t\t\t\t<\/div>\n\t\t\t\t<\/div>\n\t\t<style id=\"loop-dynamic-595\">.e-loop-item-3493 .elementor-element.elementor-element-0ac4eeb:not(.elementor-motion-effects-element-type-background), .e-loop-item-3493 .elementor-element.elementor-element-0ac4eeb > .elementor-motion-effects-container > .elementor-motion-effects-layer{background-image:url(\"https:\/\/www.ondernemendvenlo.nl\/wp-content\/uploads\/2025\/04\/OV1_2025_UWVAI_BB5794.jpg\");}<\/style>\t\t<div data-elementor-type=\"loop-item\" data-elementor-id=\"595\" class=\"elementor elementor-595 e-loop-item e-loop-item-3493 post-3493 post type-post status-publish format-standard has-post-thumbnail hentry category-magazine\" data-elementor-post-type=\"elementor_library\" data-custom-edit-handle=\"1\">\n\t\t\t<div class=\"elementor-element elementor-element-616c565 e-flex e-con-boxed e-con e-parent\" data-id=\"616c565\" data-element_type=\"container\" data-settings=\"{&quot;background_background&quot;:&quot;classic&quot;}\">\n\t\t\t\t\t<div class=\"e-con-inner\">\n\t\t<a class=\"elementor-element elementor-element-0ac4eeb e-con-full e-flex e-con e-child\" data-id=\"0ac4eeb\" data-element_type=\"container\" data-settings=\"{&quot;background_background&quot;:&quot;classic&quot;}\" href=\"https:\/\/www.ondernemendvenlo.nl\/de\/alleen-artificial-intelligence-is-niet-de-oplossing-voor-de-krapte-op-de-arbeidsmarkt\/\">\n\t\t\t\t<\/a>\n\t\t<div class=\"elementor-element elementor-element-355e4ab e-con-full e-flex e-con e-child\" data-id=\"355e4ab\" data-element_type=\"container\">\n\t\t<div class=\"elementor-element elementor-element-56ff0be e-con-full e-flex e-con e-child\" data-id=\"56ff0be\" data-element_type=\"container\">\n\t\t\t\t<div class=\"elementor-element elementor-element-1d6cb32 elementor-widget elementor-widget-heading\" data-id=\"1d6cb32\" data-element_type=\"widget\" data-widget_type=\"heading.default\">\n\t\t\t\t<div class=\"elementor-widget-container\">\n\t\t\t\t\t<span class=\"elementor-heading-title elementor-size-default\"><a href=\"https:\/\/www.ondernemendvenlo.nl\/de\/alleen-artificial-intelligence-is-niet-de-oplossing-voor-de-krapte-op-de-arbeidsmarkt\/\">K\u00fcnstliche Intelligenz allein ist keine L\u00f6sung f\u00fcr die Anspannung auf dem Arbeitsmarkt<\/a><\/span>\t\t\t\t<\/div>\n\t\t\t\t<\/div>\n\t\t\t\t<\/div>\n\t\t\t\t<div class=\"elementor-element elementor-element-64448f6 elementor-widget elementor-widget-button\" data-id=\"64448f6\" data-element_type=\"widget\" data-widget_type=\"button.default\">\n\t\t\t\t<div class=\"elementor-widget-container\">\n\t\t\t\t\t\t\t\t\t<div class=\"elementor-button-wrapper\">\n\t\t\t\t\t<a class=\"elementor-button elementor-button-link elementor-size-sm\" href=\"https:\/\/www.ondernemendvenlo.nl\/de\/alleen-artificial-intelligence-is-niet-de-oplossing-voor-de-krapte-op-de-arbeidsmarkt\/\">\n\t\t\t\t\t\t<span class=\"elementor-button-content-wrapper\">\n\t\t\t\t\t\t\t\t\t<span class=\"elementor-button-text\">siehe<\/span>\n\t\t\t\t\t<\/span>\n\t\t\t\t\t<\/a>\n\t\t\t\t<\/div>\n\t\t\t\t\t\t\t\t<\/div>\n\t\t\t\t<\/div>\n\t\t\t\t<\/div>\n\t\t\t\t\t<\/div>\n\t\t\t\t<\/div>\n\t\t\t\t<\/div>\n\t\t<style id=\"loop-dynamic-595\">.e-loop-item-3502 .elementor-element.elementor-element-0ac4eeb:not(.elementor-motion-effects-element-type-background), .e-loop-item-3502 .elementor-element.elementor-element-0ac4eeb > .elementor-motion-effects-container > .elementor-motion-effects-layer{background-image:url(\"https:\/\/www.ondernemendvenlo.nl\/wp-content\/uploads\/2025\/04\/OV1_2025_Column_NickyVerhaagh.jpg\");}<\/style>\t\t<div data-elementor-type=\"loop-item\" data-elementor-id=\"595\" class=\"elementor elementor-595 e-loop-item e-loop-item-3502 post-3502 post type-post status-publish format-standard has-post-thumbnail hentry category-magazine\" data-elementor-post-type=\"elementor_library\" data-custom-edit-handle=\"1\">\n\t\t\t<div class=\"elementor-element elementor-element-616c565 e-flex e-con-boxed e-con e-parent\" data-id=\"616c565\" data-element_type=\"container\" data-settings=\"{&quot;background_background&quot;:&quot;classic&quot;}\">\n\t\t\t\t\t<div class=\"e-con-inner\">\n\t\t<a class=\"elementor-element elementor-element-0ac4eeb e-con-full e-flex e-con e-child\" data-id=\"0ac4eeb\" data-element_type=\"container\" data-settings=\"{&quot;background_background&quot;:&quot;classic&quot;}\" href=\"https:\/\/www.ondernemendvenlo.nl\/de\/sterk-in-het-collectief-denken\/\">\n\t\t\t\t<\/a>\n\t\t<div class=\"elementor-element elementor-element-355e4ab e-con-full e-flex e-con e-child\" data-id=\"355e4ab\" data-element_type=\"container\">\n\t\t<div class=\"elementor-element elementor-element-56ff0be e-con-full e-flex e-con e-child\" data-id=\"56ff0be\" data-element_type=\"container\">\n\t\t\t\t<div class=\"elementor-element elementor-element-1d6cb32 elementor-widget elementor-widget-heading\" data-id=\"1d6cb32\" data-element_type=\"widget\" data-widget_type=\"heading.default\">\n\t\t\t\t<div class=\"elementor-widget-container\">\n\t\t\t\t\t<span class=\"elementor-heading-title elementor-size-default\"><a href=\"https:\/\/www.ondernemendvenlo.nl\/de\/sterk-in-het-collectief-denken\/\">Stark im kollektiven Denken<\/a><\/span>\t\t\t\t<\/div>\n\t\t\t\t<\/div>\n\t\t\t\t<\/div>\n\t\t\t\t<div class=\"elementor-element elementor-element-64448f6 elementor-widget elementor-widget-button\" data-id=\"64448f6\" data-element_type=\"widget\" data-widget_type=\"button.default\">\n\t\t\t\t<div class=\"elementor-widget-container\">\n\t\t\t\t\t\t\t\t\t<div class=\"elementor-button-wrapper\">\n\t\t\t\t\t<a class=\"elementor-button elementor-button-link elementor-size-sm\" href=\"https:\/\/www.ondernemendvenlo.nl\/de\/sterk-in-het-collectief-denken\/\">\n\t\t\t\t\t\t<span class=\"elementor-button-content-wrapper\">\n\t\t\t\t\t\t\t\t\t<span class=\"elementor-button-text\">siehe<\/span>\n\t\t\t\t\t<\/span>\n\t\t\t\t\t<\/a>\n\t\t\t\t<\/div>\n\t\t\t\t\t\t\t\t<\/div>\n\t\t\t\t<\/div>\n\t\t\t\t<\/div>\n\t\t\t\t\t<\/div>\n\t\t\t\t<\/div>\n\t\t\t\t<\/div>\n\t\t<style id=\"loop-dynamic-595\">.e-loop-item-3497 .elementor-element.elementor-element-0ac4eeb:not(.elementor-motion-effects-element-type-background), .e-loop-item-3497 .elementor-element.elementor-element-0ac4eeb > .elementor-motion-effects-container > .elementor-motion-effects-layer{background-image:url(\"https:\/\/www.ondernemendvenlo.nl\/wp-content\/uploads\/2025\/04\/OV1_2025-BrightlandsCampus.jpg\");}<\/style>\t\t<div data-elementor-type=\"loop-item\" data-elementor-id=\"595\" class=\"elementor elementor-595 e-loop-item e-loop-item-3497 post-3497 post type-post status-publish format-standard has-post-thumbnail hentry category-magazine\" data-elementor-post-type=\"elementor_library\" data-custom-edit-handle=\"1\">\n\t\t\t<div class=\"elementor-element elementor-element-616c565 e-flex e-con-boxed e-con e-parent\" data-id=\"616c565\" data-element_type=\"container\" data-settings=\"{&quot;background_background&quot;:&quot;classic&quot;}\">\n\t\t\t\t\t<div class=\"e-con-inner\">\n\t\t<a class=\"elementor-element elementor-element-0ac4eeb e-con-full e-flex e-con e-child\" data-id=\"0ac4eeb\" data-element_type=\"container\" data-settings=\"{&quot;background_background&quot;:&quot;classic&quot;}\" href=\"https:\/\/www.ondernemendvenlo.nl\/de\/grip-op-kwaliteit-met-een-eigen-smaakpanel\/\">\n\t\t\t\t<\/a>\n\t\t<div class=\"elementor-element elementor-element-355e4ab e-con-full e-flex e-con e-child\" data-id=\"355e4ab\" data-element_type=\"container\">\n\t\t<div class=\"elementor-element elementor-element-56ff0be e-con-full e-flex e-con e-child\" data-id=\"56ff0be\" data-element_type=\"container\">\n\t\t\t\t<div class=\"elementor-element elementor-element-1d6cb32 elementor-widget elementor-widget-heading\" data-id=\"1d6cb32\" data-element_type=\"widget\" data-widget_type=\"heading.default\">\n\t\t\t\t<div class=\"elementor-widget-container\">\n\t\t\t\t\t<span class=\"elementor-heading-title elementor-size-default\"><a href=\"https:\/\/www.ondernemendvenlo.nl\/de\/grip-op-kwaliteit-met-een-eigen-smaakpanel\/\">Greifen Sie mit Ihrem eigenen Geschmackspanel nach Qualit\u00e4t<\/a><\/span>\t\t\t\t<\/div>\n\t\t\t\t<\/div>\n\t\t\t\t<\/div>\n\t\t\t\t<div class=\"elementor-element elementor-element-64448f6 elementor-widget elementor-widget-button\" data-id=\"64448f6\" data-element_type=\"widget\" data-widget_type=\"button.default\">\n\t\t\t\t<div class=\"elementor-widget-container\">\n\t\t\t\t\t\t\t\t\t<div class=\"elementor-button-wrapper\">\n\t\t\t\t\t<a class=\"elementor-button elementor-button-link elementor-size-sm\" href=\"https:\/\/www.ondernemendvenlo.nl\/de\/grip-op-kwaliteit-met-een-eigen-smaakpanel\/\">\n\t\t\t\t\t\t<span class=\"elementor-button-content-wrapper\">\n\t\t\t\t\t\t\t\t\t<span class=\"elementor-button-text\">siehe<\/span>\n\t\t\t\t\t<\/span>\n\t\t\t\t\t<\/a>\n\t\t\t\t<\/div>\n\t\t\t\t\t\t\t\t<\/div>\n\t\t\t\t<\/div>\n\t\t\t\t<\/div>\n\t\t\t\t\t<\/div>\n\t\t\t\t<\/div>\n\t\t\t\t<\/div>\n\t\t<style id=\"loop-dynamic-595\">.e-loop-item-3504 .elementor-element.elementor-element-0ac4eeb:not(.elementor-motion-effects-element-type-background), .e-loop-item-3504 .elementor-element.elementor-element-0ac4eeb > .elementor-motion-effects-container > .elementor-motion-effects-layer{background-image:url(\"https:\/\/www.ondernemendvenlo.nl\/wp-content\/uploads\/2025\/04\/OVenlo_2_2024_Column_BartMaes.jpg\");}<\/style>\t\t<div data-elementor-type=\"loop-item\" data-elementor-id=\"595\" class=\"elementor elementor-595 e-loop-item e-loop-item-3504 post-3504 post type-post status-publish format-standard has-post-thumbnail hentry category-magazine\" data-elementor-post-type=\"elementor_library\" data-custom-edit-handle=\"1\">\n\t\t\t<div class=\"elementor-element elementor-element-616c565 e-flex e-con-boxed e-con e-parent\" data-id=\"616c565\" data-element_type=\"container\" data-settings=\"{&quot;background_background&quot;:&quot;classic&quot;}\">\n\t\t\t\t\t<div class=\"e-con-inner\">\n\t\t<a class=\"elementor-element elementor-element-0ac4eeb e-con-full e-flex e-con e-child\" data-id=\"0ac4eeb\" data-element_type=\"container\" data-settings=\"{&quot;background_background&quot;:&quot;classic&quot;}\" href=\"https:\/\/www.ondernemendvenlo.nl\/de\/ai-de-onmisbare-bondgenoot-in-communicatie\/\">\n\t\t\t\t<\/a>\n\t\t<div class=\"elementor-element elementor-element-355e4ab e-con-full e-flex e-con e-child\" data-id=\"355e4ab\" data-element_type=\"container\">\n\t\t<div class=\"elementor-element elementor-element-56ff0be e-con-full e-flex e-con e-child\" data-id=\"56ff0be\" data-element_type=\"container\">\n\t\t\t\t<div class=\"elementor-element elementor-element-1d6cb32 elementor-widget elementor-widget-heading\" data-id=\"1d6cb32\" data-element_type=\"widget\" data-widget_type=\"heading.default\">\n\t\t\t\t<div class=\"elementor-widget-container\">\n\t\t\t\t\t<span class=\"elementor-heading-title elementor-size-default\"><a href=\"https:\/\/www.ondernemendvenlo.nl\/de\/ai-de-onmisbare-bondgenoot-in-communicatie\/\">AI: der unverzichtbare Verb\u00fcndete in der Kommunikation<\/a><\/span>\t\t\t\t<\/div>\n\t\t\t\t<\/div>\n\t\t\t\t<\/div>\n\t\t\t\t<div class=\"elementor-element elementor-element-64448f6 elementor-widget elementor-widget-button\" data-id=\"64448f6\" data-element_type=\"widget\" data-widget_type=\"button.default\">\n\t\t\t\t<div class=\"elementor-widget-container\">\n\t\t\t\t\t\t\t\t\t<div class=\"elementor-button-wrapper\">\n\t\t\t\t\t<a class=\"elementor-button elementor-button-link elementor-size-sm\" href=\"https:\/\/www.ondernemendvenlo.nl\/de\/ai-de-onmisbare-bondgenoot-in-communicatie\/\">\n\t\t\t\t\t\t<span class=\"elementor-button-content-wrapper\">\n\t\t\t\t\t\t\t\t\t<span class=\"elementor-button-text\">siehe<\/span>\n\t\t\t\t\t<\/span>\n\t\t\t\t\t<\/a>\n\t\t\t\t<\/div>\n\t\t\t\t\t\t\t\t<\/div>\n\t\t\t\t<\/div>\n\t\t\t\t<\/div>\n\t\t\t\t\t<\/div>\n\t\t\t\t<\/div>\n\t\t\t\t<\/div>\n\t\t<style id=\"loop-dynamic-595\">.e-loop-item-3487 .elementor-element.elementor-element-0ac4eeb:not(.elementor-motion-effects-element-type-background), .e-loop-item-3487 .elementor-element.elementor-element-0ac4eeb > .elementor-motion-effects-container > .elementor-motion-effects-layer{background-image:url(\"https:\/\/www.ondernemendvenlo.nl\/wp-content\/uploads\/2025\/04\/OV1_2025_CynthAI_BB4092.jpg\");}<\/style>\t\t<div data-elementor-type=\"loop-item\" data-elementor-id=\"595\" class=\"elementor elementor-595 e-loop-item e-loop-item-3487 post-3487 post type-post status-publish format-standard has-post-thumbnail hentry category-magazine\" data-elementor-post-type=\"elementor_library\" data-custom-edit-handle=\"1\">\n\t\t\t<div class=\"elementor-element elementor-element-616c565 e-flex e-con-boxed e-con e-parent\" data-id=\"616c565\" data-element_type=\"container\" data-settings=\"{&quot;background_background&quot;:&quot;classic&quot;}\">\n\t\t\t\t\t<div class=\"e-con-inner\">\n\t\t<a class=\"elementor-element elementor-element-0ac4eeb e-con-full e-flex e-con e-child\" data-id=\"0ac4eeb\" data-element_type=\"container\" data-settings=\"{&quot;background_background&quot;:&quot;classic&quot;}\" href=\"https:\/\/www.ondernemendvenlo.nl\/de\/ai-in-de-praktijk-een-ware-gamechanger-voor-ondernemers\/\">\n\t\t\t\t<\/a>\n\t\t<div class=\"elementor-element elementor-element-355e4ab e-con-full e-flex e-con e-child\" data-id=\"355e4ab\" data-element_type=\"container\">\n\t\t<div class=\"elementor-element elementor-element-56ff0be e-con-full e-flex e-con e-child\" data-id=\"56ff0be\" data-element_type=\"container\">\n\t\t\t\t<div class=\"elementor-element elementor-element-1d6cb32 elementor-widget elementor-widget-heading\" data-id=\"1d6cb32\" data-element_type=\"widget\" data-widget_type=\"heading.default\">\n\t\t\t\t<div class=\"elementor-widget-container\">\n\t\t\t\t\t<span class=\"elementor-heading-title elementor-size-default\"><a href=\"https:\/\/www.ondernemendvenlo.nl\/de\/ai-in-de-praktijk-een-ware-gamechanger-voor-ondernemers\/\">KI in der Praxis: ein echter Wendepunkt f\u00fcr Unternehmer<\/a><\/span>\t\t\t\t<\/div>\n\t\t\t\t<\/div>\n\t\t\t\t<\/div>\n\t\t\t\t<div class=\"elementor-element elementor-element-64448f6 elementor-widget elementor-widget-button\" data-id=\"64448f6\" data-element_type=\"widget\" data-widget_type=\"button.default\">\n\t\t\t\t<div class=\"elementor-widget-container\">\n\t\t\t\t\t\t\t\t\t<div class=\"elementor-button-wrapper\">\n\t\t\t\t\t<a class=\"elementor-button elementor-button-link elementor-size-sm\" href=\"https:\/\/www.ondernemendvenlo.nl\/de\/ai-in-de-praktijk-een-ware-gamechanger-voor-ondernemers\/\">\n\t\t\t\t\t\t<span class=\"elementor-button-content-wrapper\">\n\t\t\t\t\t\t\t\t\t<span class=\"elementor-button-text\">siehe<\/span>\n\t\t\t\t\t<\/span>\n\t\t\t\t\t<\/a>\n\t\t\t\t<\/div>\n\t\t\t\t\t\t\t\t<\/div>\n\t\t\t\t<\/div>\n\t\t\t\t<\/div>\n\t\t\t\t\t<\/div>\n\t\t\t\t<\/div>\n\t\t\t\t<\/div>\n\t\t<style id=\"loop-dynamic-595\">.e-loop-item-3505 .elementor-element.elementor-element-0ac4eeb:not(.elementor-motion-effects-element-type-background), .e-loop-item-3505 .elementor-element.elementor-element-0ac4eeb > .elementor-motion-effects-container > .elementor-motion-effects-layer{background-image:url(\"https:\/\/www.ondernemendvenlo.nl\/wp-content\/uploads\/2025\/04\/OVenlo_2_2024_Column_BasBoots.jpg\");}<\/style>\t\t<div data-elementor-type=\"loop-item\" data-elementor-id=\"595\" class=\"elementor elementor-595 e-loop-item e-loop-item-3505 post-3505 post type-post status-publish format-standard has-post-thumbnail hentry category-magazine\" data-elementor-post-type=\"elementor_library\" data-custom-edit-handle=\"1\">\n\t\t\t<div class=\"elementor-element elementor-element-616c565 e-flex e-con-boxed e-con e-parent\" data-id=\"616c565\" data-element_type=\"container\" data-settings=\"{&quot;background_background&quot;:&quot;classic&quot;}\">\n\t\t\t\t\t<div class=\"e-con-inner\">\n\t\t<a class=\"elementor-element elementor-element-0ac4eeb e-con-full e-flex e-con e-child\" data-id=\"0ac4eeb\" data-element_type=\"container\" data-settings=\"{&quot;background_background&quot;:&quot;classic&quot;}\" href=\"https:\/\/www.ondernemendvenlo.nl\/de\/zonder-boeren-geen-weerbaarheid\/\">\n\t\t\t\t<\/a>\n\t\t<div class=\"elementor-element elementor-element-355e4ab e-con-full e-flex e-con e-child\" data-id=\"355e4ab\" data-element_type=\"container\">\n\t\t<div class=\"elementor-element elementor-element-56ff0be e-con-full e-flex e-con e-child\" data-id=\"56ff0be\" data-element_type=\"container\">\n\t\t\t\t<div class=\"elementor-element elementor-element-1d6cb32 elementor-widget elementor-widget-heading\" data-id=\"1d6cb32\" data-element_type=\"widget\" data-widget_type=\"heading.default\">\n\t\t\t\t<div class=\"elementor-widget-container\">\n\t\t\t\t\t<span class=\"elementor-heading-title elementor-size-default\"><a href=\"https:\/\/www.ondernemendvenlo.nl\/de\/zonder-boeren-geen-weerbaarheid\/\">Keine Resilienz ohne Landwirte<\/a><\/span>\t\t\t\t<\/div>\n\t\t\t\t<\/div>\n\t\t\t\t<\/div>\n\t\t\t\t<div class=\"elementor-element elementor-element-64448f6 elementor-widget elementor-widget-button\" data-id=\"64448f6\" data-element_type=\"widget\" data-widget_type=\"button.default\">\n\t\t\t\t<div class=\"elementor-widget-container\">\n\t\t\t\t\t\t\t\t\t<div class=\"elementor-button-wrapper\">\n\t\t\t\t\t<a class=\"elementor-button elementor-button-link elementor-size-sm\" href=\"https:\/\/www.ondernemendvenlo.nl\/de\/zonder-boeren-geen-weerbaarheid\/\">\n\t\t\t\t\t\t<span class=\"elementor-button-content-wrapper\">\n\t\t\t\t\t\t\t\t\t<span class=\"elementor-button-text\">siehe<\/span>\n\t\t\t\t\t<\/span>\n\t\t\t\t\t<\/a>\n\t\t\t\t<\/div>\n\t\t\t\t\t\t\t\t<\/div>\n\t\t\t\t<\/div>\n\t\t\t\t<\/div>\n\t\t\t\t\t<\/div>\n\t\t\t\t<\/div>\n\t\t\t\t<\/div>\n\t\t<style id=\"loop-dynamic-595\">.e-loop-item-3495 .elementor-element.elementor-element-0ac4eeb:not(.elementor-motion-effects-element-type-background), .e-loop-item-3495 .elementor-element.elementor-element-0ac4eeb > .elementor-motion-effects-container > .elementor-motion-effects-layer{background-image:url(\"https:\/\/www.ondernemendvenlo.nl\/wp-content\/uploads\/2025\/04\/V1_2025_OpenHaard_BB5537.jpg\");}<\/style>\t\t<div data-elementor-type=\"loop-item\" data-elementor-id=\"595\" class=\"elementor elementor-595 e-loop-item e-loop-item-3495 post-3495 post type-post status-publish format-standard has-post-thumbnail hentry category-magazine\" data-elementor-post-type=\"elementor_library\" data-custom-edit-handle=\"1\">\n\t\t\t<div class=\"elementor-element elementor-element-616c565 e-flex e-con-boxed e-con e-parent\" data-id=\"616c565\" data-element_type=\"container\" data-settings=\"{&quot;background_background&quot;:&quot;classic&quot;}\">\n\t\t\t\t\t<div class=\"e-con-inner\">\n\t\t<a class=\"elementor-element elementor-element-0ac4eeb e-con-full e-flex e-con e-child\" data-id=\"0ac4eeb\" data-element_type=\"container\" data-settings=\"{&quot;background_background&quot;:&quot;classic&quot;}\" href=\"https:\/\/www.ondernemendvenlo.nl\/de\/kalfire-in-meer-dan-30-landen-succesvol\/\">\n\t\t\t\t<\/a>\n\t\t<div class=\"elementor-element elementor-element-355e4ab e-con-full e-flex e-con e-child\" data-id=\"355e4ab\" data-element_type=\"container\">\n\t\t<div class=\"elementor-element elementor-element-56ff0be e-con-full e-flex e-con e-child\" data-id=\"56ff0be\" data-element_type=\"container\">\n\t\t\t\t<div class=\"elementor-element elementor-element-1d6cb32 elementor-widget elementor-widget-heading\" data-id=\"1d6cb32\" data-element_type=\"widget\" data-widget_type=\"heading.default\">\n\t\t\t\t<div class=\"elementor-widget-container\">\n\t\t\t\t\t<span class=\"elementor-heading-title elementor-size-default\"><a href=\"https:\/\/www.ondernemendvenlo.nl\/de\/kalfire-in-meer-dan-30-landen-succesvol\/\">Kalfire erfolgreich in mehr als 30 L\u00e4ndern<\/a><\/span>\t\t\t\t<\/div>\n\t\t\t\t<\/div>\n\t\t\t\t<\/div>\n\t\t\t\t<div class=\"elementor-element elementor-element-64448f6 elementor-widget elementor-widget-button\" data-id=\"64448f6\" data-element_type=\"widget\" data-widget_type=\"button.default\">\n\t\t\t\t<div class=\"elementor-widget-container\">\n\t\t\t\t\t\t\t\t\t<div class=\"elementor-button-wrapper\">\n\t\t\t\t\t<a class=\"elementor-button elementor-button-link elementor-size-sm\" href=\"https:\/\/www.ondernemendvenlo.nl\/de\/kalfire-in-meer-dan-30-landen-succesvol\/\">\n\t\t\t\t\t\t<span class=\"elementor-button-content-wrapper\">\n\t\t\t\t\t\t\t\t\t<span class=\"elementor-button-text\">siehe<\/span>\n\t\t\t\t\t<\/span>\n\t\t\t\t\t<\/a>\n\t\t\t\t<\/div>\n\t\t\t\t\t\t\t\t<\/div>\n\t\t\t\t<\/div>\n\t\t\t\t<\/div>\n\t\t\t\t\t<\/div>\n\t\t\t\t<\/div>\n\t\t\t\t<\/div>\n\t\t\t\t<div data-elementor-type=\"loop-item\" data-elementor-id=\"595\" class=\"elementor elementor-595 e-loop-item e-loop-item-3486 post-3486 post type-post status-publish format-standard hentry category-magazine\" data-elementor-post-type=\"elementor_library\" data-custom-edit-handle=\"1\">\n\t\t\t<div class=\"elementor-element elementor-element-616c565 e-flex e-con-boxed e-con e-parent\" data-id=\"616c565\" data-element_type=\"container\" data-settings=\"{&quot;background_background&quot;:&quot;classic&quot;}\">\n\t\t\t\t\t<div class=\"e-con-inner\">\n\t\t<a class=\"elementor-element elementor-element-0ac4eeb e-con-full e-flex e-con e-child\" data-id=\"0ac4eeb\" data-element_type=\"container\" data-settings=\"{&quot;background_background&quot;:&quot;classic&quot;}\" href=\"https:\/\/www.ondernemendvenlo.nl\/de\/sanne-cornelissen-adviseert-organisaties-en-bedrijven-over-ai\/\">\n\t\t\t\t<\/a>\n\t\t<div class=\"elementor-element elementor-element-355e4ab e-con-full e-flex e-con e-child\" data-id=\"355e4ab\" data-element_type=\"container\">\n\t\t<div class=\"elementor-element elementor-element-56ff0be e-con-full e-flex e-con e-child\" data-id=\"56ff0be\" data-element_type=\"container\">\n\t\t\t\t<div class=\"elementor-element elementor-element-1d6cb32 elementor-widget elementor-widget-heading\" data-id=\"1d6cb32\" data-element_type=\"widget\" data-widget_type=\"heading.default\">\n\t\t\t\t<div class=\"elementor-widget-container\">\n\t\t\t\t\t<span class=\"elementor-heading-title elementor-size-default\"><a href=\"https:\/\/www.ondernemendvenlo.nl\/de\/sanne-cornelissen-adviseert-organisaties-en-bedrijven-over-ai\/\">Sanne Cornelissen ber\u00e4t Organisationen und Unternehmen zu KI<\/a><\/span>\t\t\t\t<\/div>\n\t\t\t\t<\/div>\n\t\t\t\t<\/div>\n\t\t\t\t<div class=\"elementor-element elementor-element-64448f6 elementor-widget elementor-widget-button\" data-id=\"64448f6\" data-element_type=\"widget\" data-widget_type=\"button.default\">\n\t\t\t\t<div class=\"elementor-widget-container\">\n\t\t\t\t\t\t\t\t\t<div class=\"elementor-button-wrapper\">\n\t\t\t\t\t<a class=\"elementor-button elementor-button-link elementor-size-sm\" href=\"https:\/\/www.ondernemendvenlo.nl\/de\/sanne-cornelissen-adviseert-organisaties-en-bedrijven-over-ai\/\">\n\t\t\t\t\t\t<span class=\"elementor-button-content-wrapper\">\n\t\t\t\t\t\t\t\t\t<span class=\"elementor-button-text\">siehe<\/span>\n\t\t\t\t\t<\/span>\n\t\t\t\t\t<\/a>\n\t\t\t\t<\/div>\n\t\t\t\t\t\t\t\t<\/div>\n\t\t\t\t<\/div>\n\t\t\t\t<\/div>\n\t\t\t\t\t<\/div>\n\t\t\t\t<\/div>\n\t\t\t\t<\/div>\n\t\t<style id=\"loop-dynamic-595\">.e-loop-item-3501 .elementor-element.elementor-element-0ac4eeb:not(.elementor-motion-effects-element-type-background), .e-loop-item-3501 .elementor-element.elementor-element-0ac4eeb > .elementor-motion-effects-container > .elementor-motion-effects-layer{background-image:url(\"https:\/\/www.ondernemendvenlo.nl\/wp-content\/uploads\/2025\/04\/Column_GerardineSchreurs.jpg\");}<\/style>\t\t<div data-elementor-type=\"loop-item\" data-elementor-id=\"595\" class=\"elementor elementor-595 e-loop-item e-loop-item-3501 post-3501 post type-post status-publish format-standard has-post-thumbnail hentry category-magazine\" data-elementor-post-type=\"elementor_library\" data-custom-edit-handle=\"1\">\n\t\t\t<div class=\"elementor-element elementor-element-616c565 e-flex e-con-boxed e-con e-parent\" data-id=\"616c565\" data-element_type=\"container\" data-settings=\"{&quot;background_background&quot;:&quot;classic&quot;}\">\n\t\t\t\t\t<div class=\"e-con-inner\">\n\t\t<a class=\"elementor-element elementor-element-0ac4eeb e-con-full e-flex e-con e-child\" data-id=\"0ac4eeb\" data-element_type=\"container\" data-settings=\"{&quot;background_background&quot;:&quot;classic&quot;}\" href=\"https:\/\/www.ondernemendvenlo.nl\/de\/is-technologie-een-vloek-of-een-zegen\/\">\n\t\t\t\t<\/a>\n\t\t<div class=\"elementor-element elementor-element-355e4ab e-con-full e-flex e-con e-child\" data-id=\"355e4ab\" data-element_type=\"container\">\n\t\t<div class=\"elementor-element elementor-element-56ff0be e-con-full e-flex e-con e-child\" data-id=\"56ff0be\" data-element_type=\"container\">\n\t\t\t\t<div class=\"elementor-element elementor-element-1d6cb32 elementor-widget elementor-widget-heading\" data-id=\"1d6cb32\" data-element_type=\"widget\" data-widget_type=\"heading.default\">\n\t\t\t\t<div class=\"elementor-widget-container\">\n\t\t\t\t\t<span class=\"elementor-heading-title elementor-size-default\"><a href=\"https:\/\/www.ondernemendvenlo.nl\/de\/is-technologie-een-vloek-of-een-zegen\/\">Ist die Technologie ein Fluch oder ein Segen?<\/a><\/span>\t\t\t\t<\/div>\n\t\t\t\t<\/div>\n\t\t\t\t<\/div>\n\t\t\t\t<div class=\"elementor-element elementor-element-64448f6 elementor-widget elementor-widget-button\" data-id=\"64448f6\" data-element_type=\"widget\" data-widget_type=\"button.default\">\n\t\t\t\t<div class=\"elementor-widget-container\">\n\t\t\t\t\t\t\t\t\t<div class=\"elementor-button-wrapper\">\n\t\t\t\t\t<a class=\"elementor-button elementor-button-link elementor-size-sm\" href=\"https:\/\/www.ondernemendvenlo.nl\/de\/is-technologie-een-vloek-of-een-zegen\/\">\n\t\t\t\t\t\t<span class=\"elementor-button-content-wrapper\">\n\t\t\t\t\t\t\t\t\t<span class=\"elementor-button-text\">siehe<\/span>\n\t\t\t\t\t<\/span>\n\t\t\t\t\t<\/a>\n\t\t\t\t<\/div>\n\t\t\t\t\t\t\t\t<\/div>\n\t\t\t\t<\/div>\n\t\t\t\t<\/div>\n\t\t\t\t\t<\/div>\n\t\t\t\t<\/div>\n\t\t\t\t<\/div>\n\t\t<style id=\"loop-dynamic-595\">.e-loop-item-3499 .elementor-element.elementor-element-0ac4eeb:not(.elementor-motion-effects-element-type-background), .e-loop-item-3499 .elementor-element.elementor-element-0ac4eeb > .elementor-motion-effects-container > .elementor-motion-effects-layer{background-image:url(\"https:\/\/www.ondernemendvenlo.nl\/wp-content\/uploads\/2025\/04\/OV1_2025-LLTB_0120-071.jpg\");}<\/style>\t\t<div data-elementor-type=\"loop-item\" data-elementor-id=\"595\" class=\"elementor elementor-595 e-loop-item e-loop-item-3499 post-3499 post type-post status-publish format-standard has-post-thumbnail hentry category-magazine\" data-elementor-post-type=\"elementor_library\" data-custom-edit-handle=\"1\">\n\t\t\t<div class=\"elementor-element elementor-element-616c565 e-flex e-con-boxed e-con e-parent\" data-id=\"616c565\" data-element_type=\"container\" data-settings=\"{&quot;background_background&quot;:&quot;classic&quot;}\">\n\t\t\t\t\t<div class=\"e-con-inner\">\n\t\t<a class=\"elementor-element elementor-element-0ac4eeb e-con-full e-flex e-con e-child\" data-id=\"0ac4eeb\" data-element_type=\"container\" data-settings=\"{&quot;background_background&quot;:&quot;classic&quot;}\" href=\"https:\/\/www.ondernemendvenlo.nl\/de\/kom-in-de-kas-2025-ontdek-de-groene-schatten-van-limburg\/\">\n\t\t\t\t<\/a>\n\t\t<div class=\"elementor-element elementor-element-355e4ab e-con-full e-flex e-con e-child\" data-id=\"355e4ab\" data-element_type=\"container\">\n\t\t<div class=\"elementor-element elementor-element-56ff0be e-con-full e-flex e-con e-child\" data-id=\"56ff0be\" data-element_type=\"container\">\n\t\t\t\t<div class=\"elementor-element elementor-element-1d6cb32 elementor-widget elementor-widget-heading\" data-id=\"1d6cb32\" data-element_type=\"widget\" data-widget_type=\"heading.default\">\n\t\t\t\t<div class=\"elementor-widget-container\">\n\t\t\t\t\t<span class=\"elementor-heading-title elementor-size-default\"><a href=\"https:\/\/www.ondernemendvenlo.nl\/de\/kom-in-de-kas-2025-ontdek-de-groene-schatten-van-limburg\/\">Kom in de Kas 2025: Entdecken Sie die gr\u00fcnen Sch\u00e4tze Limburgs<\/a><\/span>\t\t\t\t<\/div>\n\t\t\t\t<\/div>\n\t\t\t\t<\/div>\n\t\t\t\t<div class=\"elementor-element elementor-element-64448f6 elementor-widget elementor-widget-button\" data-id=\"64448f6\" data-element_type=\"widget\" data-widget_type=\"button.default\">\n\t\t\t\t<div class=\"elementor-widget-container\">\n\t\t\t\t\t\t\t\t\t<div class=\"elementor-button-wrapper\">\n\t\t\t\t\t<a class=\"elementor-button elementor-button-link elementor-size-sm\" href=\"https:\/\/www.ondernemendvenlo.nl\/de\/kom-in-de-kas-2025-ontdek-de-groene-schatten-van-limburg\/\">\n\t\t\t\t\t\t<span class=\"elementor-button-content-wrapper\">\n\t\t\t\t\t\t\t\t\t<span class=\"elementor-button-text\">siehe<\/span>\n\t\t\t\t\t<\/span>\n\t\t\t\t\t<\/a>\n\t\t\t\t<\/div>\n\t\t\t\t\t\t\t\t<\/div>\n\t\t\t\t<\/div>\n\t\t\t\t<\/div>\n\t\t\t\t\t<\/div>\n\t\t\t\t<\/div>\n\t\t\t\t<\/div>\n\t\t<style id=\"loop-dynamic-595\">.e-loop-item-3491 .elementor-element.elementor-element-0ac4eeb:not(.elementor-motion-effects-element-type-background), .e-loop-item-3491 .elementor-element.elementor-element-0ac4eeb > .elementor-motion-effects-container > .elementor-motion-effects-layer{background-image:url(\"https:\/\/www.ondernemendvenlo.nl\/wp-content\/uploads\/2025\/04\/OV1_2025_BedrijfsOvername_Art-is.jpg\");}<\/style>\t\t<div data-elementor-type=\"loop-item\" data-elementor-id=\"595\" class=\"elementor elementor-595 e-loop-item e-loop-item-3491 post-3491 post type-post status-publish format-standard has-post-thumbnail hentry category-magazine\" data-elementor-post-type=\"elementor_library\" data-custom-edit-handle=\"1\">\n\t\t\t<div class=\"elementor-element elementor-element-616c565 e-flex e-con-boxed e-con e-parent\" data-id=\"616c565\" data-element_type=\"container\" data-settings=\"{&quot;background_background&quot;:&quot;classic&quot;}\">\n\t\t\t\t\t<div class=\"e-con-inner\">\n\t\t<a class=\"elementor-element elementor-element-0ac4eeb e-con-full e-flex e-con e-child\" data-id=\"0ac4eeb\" data-element_type=\"container\" data-settings=\"{&quot;background_background&quot;:&quot;classic&quot;}\" href=\"https:\/\/www.ondernemendvenlo.nl\/de\/minder-belasting-betalen-bij-bedrijfsopvolging\/\">\n\t\t\t\t<\/a>\n\t\t<div class=\"elementor-element elementor-element-355e4ab e-con-full e-flex e-con e-child\" data-id=\"355e4ab\" data-element_type=\"container\">\n\t\t<div class=\"elementor-element elementor-element-56ff0be e-con-full e-flex e-con e-child\" data-id=\"56ff0be\" data-element_type=\"container\">\n\t\t\t\t<div class=\"elementor-element elementor-element-1d6cb32 elementor-widget elementor-widget-heading\" data-id=\"1d6cb32\" data-element_type=\"widget\" data-widget_type=\"heading.default\">\n\t\t\t\t<div class=\"elementor-widget-container\">\n\t\t\t\t\t<span class=\"elementor-heading-title elementor-size-default\"><a href=\"https:\/\/www.ondernemendvenlo.nl\/de\/minder-belasting-betalen-bij-bedrijfsopvolging\/\">Weniger Steuern auf die Unternehmensnachfolge zahlen?<\/a><\/span>\t\t\t\t<\/div>\n\t\t\t\t<\/div>\n\t\t\t\t<\/div>\n\t\t\t\t<div class=\"elementor-element elementor-element-64448f6 elementor-widget elementor-widget-button\" data-id=\"64448f6\" data-element_type=\"widget\" data-widget_type=\"button.default\">\n\t\t\t\t<div class=\"elementor-widget-container\">\n\t\t\t\t\t\t\t\t\t<div class=\"elementor-button-wrapper\">\n\t\t\t\t\t<a class=\"elementor-button elementor-button-link elementor-size-sm\" href=\"https:\/\/www.ondernemendvenlo.nl\/de\/minder-belasting-betalen-bij-bedrijfsopvolging\/\">\n\t\t\t\t\t\t<span class=\"elementor-button-content-wrapper\">\n\t\t\t\t\t\t\t\t\t<span class=\"elementor-button-text\">siehe<\/span>\n\t\t\t\t\t<\/span>\n\t\t\t\t\t<\/a>\n\t\t\t\t<\/div>\n\t\t\t\t\t\t\t\t<\/div>\n\t\t\t\t<\/div>\n\t\t\t\t<\/div>\n\t\t\t\t\t<\/div>\n\t\t\t\t<\/div>\n\t\t\t\t<\/div>\n\t\t<style id=\"loop-dynamic-595\">.e-loop-item-3479 .elementor-element.elementor-element-0ac4eeb:not(.elementor-motion-effects-element-type-background), .e-loop-item-3479 .elementor-element.elementor-element-0ac4eeb > .elementor-motion-effects-container > .elementor-motion-effects-layer{background-image:url(\"https:\/\/www.ondernemendvenlo.nl\/wp-content\/uploads\/2025\/04\/BB20241112_OV-4-2024_8859.jpg\");}<\/style>\t\t<div data-elementor-type=\"loop-item\" data-elementor-id=\"595\" class=\"elementor elementor-595 e-loop-item e-loop-item-3479 post-3479 post type-post status-publish format-standard has-post-thumbnail hentry category-magazine\" data-elementor-post-type=\"elementor_library\" data-custom-edit-handle=\"1\">\n\t\t\t<div class=\"elementor-element elementor-element-616c565 e-flex e-con-boxed e-con e-parent\" data-id=\"616c565\" data-element_type=\"container\" data-settings=\"{&quot;background_background&quot;:&quot;classic&quot;}\">\n\t\t\t\t\t<div class=\"e-con-inner\">\n\t\t<a class=\"elementor-element elementor-element-0ac4eeb e-con-full e-flex e-con e-child\" data-id=\"0ac4eeb\" data-element_type=\"container\" data-settings=\"{&quot;background_background&quot;:&quot;classic&quot;}\" href=\"https:\/\/www.ondernemendvenlo.nl\/de\/het-gaat-ook-in-blerick-meer-om-sociale-cohesie\/\">\n\t\t\t\t<\/a>\n\t\t<div class=\"elementor-element elementor-element-355e4ab e-con-full e-flex e-con e-child\" data-id=\"355e4ab\" data-element_type=\"container\">\n\t\t<div class=\"elementor-element elementor-element-56ff0be e-con-full e-flex e-con e-child\" data-id=\"56ff0be\" data-element_type=\"container\">\n\t\t\t\t<div class=\"elementor-element elementor-element-1d6cb32 elementor-widget elementor-widget-heading\" data-id=\"1d6cb32\" data-element_type=\"widget\" data-widget_type=\"heading.default\">\n\t\t\t\t<div class=\"elementor-widget-container\">\n\t\t\t\t\t<span class=\"elementor-heading-title elementor-size-default\"><a href=\"https:\/\/www.ondernemendvenlo.nl\/de\/het-gaat-ook-in-blerick-meer-om-sociale-cohesie\/\">Auch in Blerick geht es mehr um den sozialen Zusammenhalt<\/a><\/span>\t\t\t\t<\/div>\n\t\t\t\t<\/div>\n\t\t\t\t<\/div>\n\t\t\t\t<div class=\"elementor-element elementor-element-64448f6 elementor-widget elementor-widget-button\" data-id=\"64448f6\" data-element_type=\"widget\" data-widget_type=\"button.default\">\n\t\t\t\t<div class=\"elementor-widget-container\">\n\t\t\t\t\t\t\t\t\t<div class=\"elementor-button-wrapper\">\n\t\t\t\t\t<a class=\"elementor-button elementor-button-link elementor-size-sm\" href=\"https:\/\/www.ondernemendvenlo.nl\/de\/het-gaat-ook-in-blerick-meer-om-sociale-cohesie\/\">\n\t\t\t\t\t\t<span class=\"elementor-button-content-wrapper\">\n\t\t\t\t\t\t\t\t\t<span class=\"elementor-button-text\">siehe<\/span>\n\t\t\t\t\t<\/span>\n\t\t\t\t\t<\/a>\n\t\t\t\t<\/div>\n\t\t\t\t\t\t\t\t<\/div>\n\t\t\t\t<\/div>\n\t\t\t\t<\/div>\n\t\t\t\t\t<\/div>\n\t\t\t\t<\/div>\n\t\t\t\t<\/div>\n\t\t<style id=\"loop-dynamic-595\">.e-loop-item-3481 .elementor-element.elementor-element-0ac4eeb:not(.elementor-motion-effects-element-type-background), .e-loop-item-3481 .elementor-element.elementor-element-0ac4eeb > .elementor-motion-effects-container > .elementor-motion-effects-layer{background-image:url(\"https:\/\/www.ondernemendvenlo.nl\/wp-content\/uploads\/2025\/04\/OVenlo_2_2024_Column_IngridVermeer.jpg\");}<\/style>\t\t<div data-elementor-type=\"loop-item\" data-elementor-id=\"595\" class=\"elementor elementor-595 e-loop-item e-loop-item-3481 post-3481 post type-post status-publish format-standard has-post-thumbnail hentry category-magazine\" data-elementor-post-type=\"elementor_library\" data-custom-edit-handle=\"1\">\n\t\t\t<div class=\"elementor-element elementor-element-616c565 e-flex e-con-boxed e-con e-parent\" data-id=\"616c565\" data-element_type=\"container\" data-settings=\"{&quot;background_background&quot;:&quot;classic&quot;}\">\n\t\t\t\t\t<div class=\"e-con-inner\">\n\t\t<a class=\"elementor-element elementor-element-0ac4eeb e-con-full e-flex e-con e-child\" data-id=\"0ac4eeb\" data-element_type=\"container\" data-settings=\"{&quot;background_background&quot;:&quot;classic&quot;}\" href=\"https:\/\/www.ondernemendvenlo.nl\/de\/alleen-ga-je-sneller-samen-kom-je-verder-column\/\">\n\t\t\t\t<\/a>\n\t\t<div class=\"elementor-element elementor-element-355e4ab e-con-full e-flex e-con e-child\" data-id=\"355e4ab\" data-element_type=\"container\">\n\t\t<div class=\"elementor-element elementor-element-56ff0be e-con-full e-flex e-con e-child\" data-id=\"56ff0be\" data-element_type=\"container\">\n\t\t\t\t<div class=\"elementor-element elementor-element-1d6cb32 elementor-widget elementor-widget-heading\" data-id=\"1d6cb32\" data-element_type=\"widget\" data-widget_type=\"heading.default\">\n\t\t\t\t<div class=\"elementor-widget-container\">\n\t\t\t\t\t<span class=\"elementor-heading-title elementor-size-default\"><a href=\"https:\/\/www.ondernemendvenlo.nl\/de\/alleen-ga-je-sneller-samen-kom-je-verder-column\/\">Alleine geht es schneller, gemeinsam kommt man weiter - Kolumne<\/a><\/span>\t\t\t\t<\/div>\n\t\t\t\t<\/div>\n\t\t\t\t<\/div>\n\t\t\t\t<div class=\"elementor-element elementor-element-64448f6 elementor-widget elementor-widget-button\" data-id=\"64448f6\" data-element_type=\"widget\" data-widget_type=\"button.default\">\n\t\t\t\t<div class=\"elementor-widget-container\">\n\t\t\t\t\t\t\t\t\t<div class=\"elementor-button-wrapper\">\n\t\t\t\t\t<a class=\"elementor-button elementor-button-link elementor-size-sm\" href=\"https:\/\/www.ondernemendvenlo.nl\/de\/alleen-ga-je-sneller-samen-kom-je-verder-column\/\">\n\t\t\t\t\t\t<span class=\"elementor-button-content-wrapper\">\n\t\t\t\t\t\t\t\t\t<span class=\"elementor-button-text\">siehe<\/span>\n\t\t\t\t\t<\/span>\n\t\t\t\t\t<\/a>\n\t\t\t\t<\/div>\n\t\t\t\t\t\t\t\t<\/div>\n\t\t\t\t<\/div>\n\t\t\t\t<\/div>\n\t\t\t\t\t<\/div>\n\t\t\t\t<\/div>\n\t\t\t\t<\/div>\n\t\t<style id=\"loop-dynamic-595\">.e-loop-item-3482 .elementor-element.elementor-element-0ac4eeb:not(.elementor-motion-effects-element-type-background), .e-loop-item-3482 .elementor-element.elementor-element-0ac4eeb > .elementor-motion-effects-container > .elementor-motion-effects-layer{background-image:url(\"https:\/\/www.ondernemendvenlo.nl\/wp-content\/uploads\/2025\/04\/OVenlo_2_2024_Column_BartMaes.jpg\");}<\/style>\t\t<div data-elementor-type=\"loop-item\" data-elementor-id=\"595\" class=\"elementor elementor-595 e-loop-item e-loop-item-3482 post-3482 post type-post status-publish format-standard has-post-thumbnail hentry category-magazine\" data-elementor-post-type=\"elementor_library\" data-custom-edit-handle=\"1\">\n\t\t\t<div class=\"elementor-element elementor-element-616c565 e-flex e-con-boxed e-con e-parent\" data-id=\"616c565\" data-element_type=\"container\" data-settings=\"{&quot;background_background&quot;:&quot;classic&quot;}\">\n\t\t\t\t\t<div class=\"e-con-inner\">\n\t\t<a class=\"elementor-element elementor-element-0ac4eeb e-con-full e-flex e-con e-child\" data-id=\"0ac4eeb\" data-element_type=\"container\" data-settings=\"{&quot;background_background&quot;:&quot;classic&quot;}\" href=\"https:\/\/www.ondernemendvenlo.nl\/de\/jonge-ondernemers-omarmen-historie-column\/\">\n\t\t\t\t<\/a>\n\t\t<div class=\"elementor-element elementor-element-355e4ab e-con-full e-flex e-con e-child\" data-id=\"355e4ab\" data-element_type=\"container\">\n\t\t<div class=\"elementor-element elementor-element-56ff0be e-con-full e-flex e-con e-child\" data-id=\"56ff0be\" data-element_type=\"container\">\n\t\t\t\t<div class=\"elementor-element elementor-element-1d6cb32 elementor-widget elementor-widget-heading\" data-id=\"1d6cb32\" data-element_type=\"widget\" data-widget_type=\"heading.default\">\n\t\t\t\t<div class=\"elementor-widget-container\">\n\t\t\t\t\t<span class=\"elementor-heading-title elementor-size-default\"><a href=\"https:\/\/www.ondernemendvenlo.nl\/de\/jonge-ondernemers-omarmen-historie-column\/\">Junge Unternehmer nehmen sich der Geschichte an - Kolumne<\/a><\/span>\t\t\t\t<\/div>\n\t\t\t\t<\/div>\n\t\t\t\t<\/div>\n\t\t\t\t<div class=\"elementor-element elementor-element-64448f6 elementor-widget elementor-widget-button\" data-id=\"64448f6\" data-element_type=\"widget\" data-widget_type=\"button.default\">\n\t\t\t\t<div class=\"elementor-widget-container\">\n\t\t\t\t\t\t\t\t\t<div class=\"elementor-button-wrapper\">\n\t\t\t\t\t<a class=\"elementor-button elementor-button-link elementor-size-sm\" href=\"https:\/\/www.ondernemendvenlo.nl\/de\/jonge-ondernemers-omarmen-historie-column\/\">\n\t\t\t\t\t\t<span class=\"elementor-button-content-wrapper\">\n\t\t\t\t\t\t\t\t\t<span class=\"elementor-button-text\">siehe<\/span>\n\t\t\t\t\t<\/span>\n\t\t\t\t\t<\/a>\n\t\t\t\t<\/div>\n\t\t\t\t\t\t\t\t<\/div>\n\t\t\t\t<\/div>\n\t\t\t\t<\/div>\n\t\t\t\t\t<\/div>\n\t\t\t\t<\/div>\n\t\t\t\t<\/div>\n\t\t<style id=\"loop-dynamic-595\">.e-loop-item-3483 .elementor-element.elementor-element-0ac4eeb:not(.elementor-motion-effects-element-type-background), .e-loop-item-3483 .elementor-element.elementor-element-0ac4eeb > .elementor-motion-effects-container > .elementor-motion-effects-layer{background-image:url(\"https:\/\/www.ondernemendvenlo.nl\/wp-content\/uploads\/2025\/04\/Column_GerardineSchreurs.jpg\");}<\/style>\t\t<div data-elementor-type=\"loop-item\" data-elementor-id=\"595\" class=\"elementor elementor-595 e-loop-item e-loop-item-3483 post-3483 post type-post status-publish format-standard has-post-thumbnail hentry category-magazine\" data-elementor-post-type=\"elementor_library\" data-custom-edit-handle=\"1\">\n\t\t\t<div class=\"elementor-element elementor-element-616c565 e-flex e-con-boxed e-con e-parent\" data-id=\"616c565\" data-element_type=\"container\" data-settings=\"{&quot;background_background&quot;:&quot;classic&quot;}\">\n\t\t\t\t\t<div class=\"e-con-inner\">\n\t\t<a class=\"elementor-element elementor-element-0ac4eeb e-con-full e-flex e-con e-child\" data-id=\"0ac4eeb\" data-element_type=\"container\" data-settings=\"{&quot;background_background&quot;:&quot;classic&quot;}\" href=\"https:\/\/www.ondernemendvenlo.nl\/de\/de-kracht-van-verbinding-column\/\">\n\t\t\t\t<\/a>\n\t\t<div class=\"elementor-element elementor-element-355e4ab e-con-full e-flex e-con e-child\" data-id=\"355e4ab\" data-element_type=\"container\">\n\t\t<div class=\"elementor-element elementor-element-56ff0be e-con-full e-flex e-con e-child\" data-id=\"56ff0be\" data-element_type=\"container\">\n\t\t\t\t<div class=\"elementor-element elementor-element-1d6cb32 elementor-widget elementor-widget-heading\" data-id=\"1d6cb32\" data-element_type=\"widget\" data-widget_type=\"heading.default\">\n\t\t\t\t<div class=\"elementor-widget-container\">\n\t\t\t\t\t<span class=\"elementor-heading-title elementor-size-default\"><a href=\"https:\/\/www.ondernemendvenlo.nl\/de\/de-kracht-van-verbinding-column\/\">Die Macht der Verbindung - Kolumne<\/a><\/span>\t\t\t\t<\/div>\n\t\t\t\t<\/div>\n\t\t\t\t<\/div>\n\t\t\t\t<div class=\"elementor-element elementor-element-64448f6 elementor-widget elementor-widget-button\" data-id=\"64448f6\" data-element_type=\"widget\" data-widget_type=\"button.default\">\n\t\t\t\t<div class=\"elementor-widget-container\">\n\t\t\t\t\t\t\t\t\t<div class=\"elementor-button-wrapper\">\n\t\t\t\t\t<a class=\"elementor-button elementor-button-link elementor-size-sm\" href=\"https:\/\/www.ondernemendvenlo.nl\/de\/de-kracht-van-verbinding-column\/\">\n\t\t\t\t\t\t<span class=\"elementor-button-content-wrapper\">\n\t\t\t\t\t\t\t\t\t<span class=\"elementor-button-text\">siehe<\/span>\n\t\t\t\t\t<\/span>\n\t\t\t\t\t<\/a>\n\t\t\t\t<\/div>\n\t\t\t\t\t\t\t\t<\/div>\n\t\t\t\t<\/div>\n\t\t\t\t<\/div>\n\t\t\t\t\t<\/div>\n\t\t\t\t<\/div>\n\t\t\t\t<\/div>\n\t\t<style id=\"loop-dynamic-595\">.e-loop-item-3485 .elementor-element.elementor-element-0ac4eeb:not(.elementor-motion-effects-element-type-background), .e-loop-item-3485 .elementor-element.elementor-element-0ac4eeb > .elementor-motion-effects-container > .elementor-motion-effects-layer{background-image:url(\"https:\/\/www.ondernemendvenlo.nl\/wp-content\/uploads\/2025\/04\/OVenlo_2_2024_Column_BasBoots.jpg\");}<\/style>\t\t<div data-elementor-type=\"loop-item\" data-elementor-id=\"595\" class=\"elementor elementor-595 e-loop-item e-loop-item-3485 post-3485 post type-post status-publish format-standard has-post-thumbnail hentry category-magazine\" data-elementor-post-type=\"elementor_library\" data-custom-edit-handle=\"1\">\n\t\t\t<div class=\"elementor-element elementor-element-616c565 e-flex e-con-boxed e-con e-parent\" data-id=\"616c565\" data-element_type=\"container\" data-settings=\"{&quot;background_background&quot;:&quot;classic&quot;}\">\n\t\t\t\t\t<div class=\"e-con-inner\">\n\t\t<a class=\"elementor-element elementor-element-0ac4eeb e-con-full e-flex e-con e-child\" data-id=\"0ac4eeb\" data-element_type=\"container\" data-settings=\"{&quot;background_background&quot;:&quot;classic&quot;}\" href=\"https:\/\/www.ondernemendvenlo.nl\/de\/samen-bouwen-aan-een-duurzame-toekomst-column\/\">\n\t\t\t\t<\/a>\n\t\t<div class=\"elementor-element elementor-element-355e4ab e-con-full e-flex e-con e-child\" data-id=\"355e4ab\" data-element_type=\"container\">\n\t\t<div class=\"elementor-element elementor-element-56ff0be e-con-full e-flex e-con e-child\" data-id=\"56ff0be\" data-element_type=\"container\">\n\t\t\t\t<div class=\"elementor-element elementor-element-1d6cb32 elementor-widget elementor-widget-heading\" data-id=\"1d6cb32\" data-element_type=\"widget\" data-widget_type=\"heading.default\">\n\t\t\t\t<div class=\"elementor-widget-container\">\n\t\t\t\t\t<span class=\"elementor-heading-title elementor-size-default\"><a href=\"https:\/\/www.ondernemendvenlo.nl\/de\/samen-bouwen-aan-een-duurzame-toekomst-column\/\">Gemeinsam eine nachhaltige Zukunft gestalten - Kolumne<\/a><\/span>\t\t\t\t<\/div>\n\t\t\t\t<\/div>\n\t\t\t\t<\/div>\n\t\t\t\t<div class=\"elementor-element elementor-element-64448f6 elementor-widget elementor-widget-button\" data-id=\"64448f6\" data-element_type=\"widget\" data-widget_type=\"button.default\">\n\t\t\t\t<div class=\"elementor-widget-container\">\n\t\t\t\t\t\t\t\t\t<div class=\"elementor-button-wrapper\">\n\t\t\t\t\t<a class=\"elementor-button elementor-button-link elementor-size-sm\" href=\"https:\/\/www.ondernemendvenlo.nl\/de\/samen-bouwen-aan-een-duurzame-toekomst-column\/\">\n\t\t\t\t\t\t<span class=\"elementor-button-content-wrapper\">\n\t\t\t\t\t\t\t\t\t<span class=\"elementor-button-text\">siehe<\/span>\n\t\t\t\t\t<\/span>\n\t\t\t\t\t<\/a>\n\t\t\t\t<\/div>\n\t\t\t\t\t\t\t\t<\/div>\n\t\t\t\t<\/div>\n\t\t\t\t<\/div>\n\t\t\t\t\t<\/div>\n\t\t\t\t<\/div>\n\t\t\t\t<\/div>\n\t\t<style id=\"loop-dynamic-595\">.e-loop-item-3465 .elementor-element.elementor-element-0ac4eeb:not(.elementor-motion-effects-element-type-background), .e-loop-item-3465 .elementor-element.elementor-element-0ac4eeb > .elementor-motion-effects-container > .elementor-motion-effects-layer{background-image:url(\"https:\/\/www.ondernemendvenlo.nl\/wp-content\/uploads\/2025\/04\/OVenlo_2_2024_Column_IngridVermeer.jpg\");}<\/style>\t\t<div data-elementor-type=\"loop-item\" data-elementor-id=\"595\" class=\"elementor elementor-595 e-loop-item e-loop-item-3465 post-3465 post type-post status-publish format-standard has-post-thumbnail hentry category-magazine\" data-elementor-post-type=\"elementor_library\" data-custom-edit-handle=\"1\">\n\t\t\t<div class=\"elementor-element elementor-element-616c565 e-flex e-con-boxed e-con e-parent\" data-id=\"616c565\" data-element_type=\"container\" data-settings=\"{&quot;background_background&quot;:&quot;classic&quot;}\">\n\t\t\t\t\t<div class=\"e-con-inner\">\n\t\t<a class=\"elementor-element elementor-element-0ac4eeb e-con-full e-flex e-con e-child\" data-id=\"0ac4eeb\" data-element_type=\"container\" data-settings=\"{&quot;background_background&quot;:&quot;classic&quot;}\" href=\"https:\/\/www.ondernemendvenlo.nl\/de\/column-ingrid-vermeer-innovatie-begint-met-anders-denken\/\">\n\t\t\t\t<\/a>\n\t\t<div class=\"elementor-element elementor-element-355e4ab e-con-full e-flex e-con e-child\" data-id=\"355e4ab\" data-element_type=\"container\">\n\t\t<div class=\"elementor-element elementor-element-56ff0be e-con-full e-flex e-con e-child\" data-id=\"56ff0be\" data-element_type=\"container\">\n\t\t\t\t<div class=\"elementor-element elementor-element-1d6cb32 elementor-widget elementor-widget-heading\" data-id=\"1d6cb32\" data-element_type=\"widget\" data-widget_type=\"heading.default\">\n\t\t\t\t<div class=\"elementor-widget-container\">\n\t\t\t\t\t<span class=\"elementor-heading-title elementor-size-default\"><a href=\"https:\/\/www.ondernemendvenlo.nl\/de\/column-ingrid-vermeer-innovatie-begint-met-anders-denken\/\">Kolumne Ingrid Vermeer: 'Innovation beginnt mit einem anderen Denken'.<\/a><\/span>\t\t\t\t<\/div>\n\t\t\t\t<\/div>\n\t\t\t\t<\/div>\n\t\t\t\t<div class=\"elementor-element elementor-element-64448f6 elementor-widget elementor-widget-button\" data-id=\"64448f6\" data-element_type=\"widget\" data-widget_type=\"button.default\">\n\t\t\t\t<div class=\"elementor-widget-container\">\n\t\t\t\t\t\t\t\t\t<div class=\"elementor-button-wrapper\">\n\t\t\t\t\t<a class=\"elementor-button elementor-button-link elementor-size-sm\" href=\"https:\/\/www.ondernemendvenlo.nl\/de\/column-ingrid-vermeer-innovatie-begint-met-anders-denken\/\">\n\t\t\t\t\t\t<span class=\"elementor-button-content-wrapper\">\n\t\t\t\t\t\t\t\t\t<span class=\"elementor-button-text\">siehe<\/span>\n\t\t\t\t\t<\/span>\n\t\t\t\t\t<\/a>\n\t\t\t\t<\/div>\n\t\t\t\t\t\t\t\t<\/div>\n\t\t\t\t<\/div>\n\t\t\t\t<\/div>\n\t\t\t\t\t<\/div>\n\t\t\t\t<\/div>\n\t\t\t\t<\/div>\n\t\t<style id=\"loop-dynamic-595\">.e-loop-item-3466 .elementor-element.elementor-element-0ac4eeb:not(.elementor-motion-effects-element-type-background), .e-loop-item-3466 .elementor-element.elementor-element-0ac4eeb > .elementor-motion-effects-container > .elementor-motion-effects-layer{background-image:url(\"https:\/\/www.ondernemendvenlo.nl\/wp-content\/uploads\/2025\/04\/OVenlo_2_2024_Column_BasBoots.jpg\");}<\/style>\t\t<div data-elementor-type=\"loop-item\" data-elementor-id=\"595\" class=\"elementor elementor-595 e-loop-item e-loop-item-3466 post-3466 post type-post status-publish format-standard has-post-thumbnail hentry category-magazine\" data-elementor-post-type=\"elementor_library\" data-custom-edit-handle=\"1\">\n\t\t\t<div class=\"elementor-element elementor-element-616c565 e-flex e-con-boxed e-con e-parent\" data-id=\"616c565\" data-element_type=\"container\" data-settings=\"{&quot;background_background&quot;:&quot;classic&quot;}\">\n\t\t\t\t\t<div class=\"e-con-inner\">\n\t\t<a class=\"elementor-element elementor-element-0ac4eeb e-con-full e-flex e-con e-child\" data-id=\"0ac4eeb\" data-element_type=\"container\" data-settings=\"{&quot;background_background&quot;:&quot;classic&quot;}\" href=\"https:\/\/www.ondernemendvenlo.nl\/de\/column-bas-boots-vliegwiel-voor-venlo\/\">\n\t\t\t\t<\/a>\n\t\t<div class=\"elementor-element elementor-element-355e4ab e-con-full e-flex e-con e-child\" data-id=\"355e4ab\" data-element_type=\"container\">\n\t\t<div class=\"elementor-element elementor-element-56ff0be e-con-full e-flex e-con e-child\" data-id=\"56ff0be\" data-element_type=\"container\">\n\t\t\t\t<div class=\"elementor-element elementor-element-1d6cb32 elementor-widget elementor-widget-heading\" data-id=\"1d6cb32\" data-element_type=\"widget\" data-widget_type=\"heading.default\">\n\t\t\t\t<div class=\"elementor-widget-container\">\n\t\t\t\t\t<span class=\"elementor-heading-title elementor-size-default\"><a href=\"https:\/\/www.ondernemendvenlo.nl\/de\/column-bas-boots-vliegwiel-voor-venlo\/\">S\u00e4ule Bas Boots: \"Schwungrad f\u00fcr Venlo\".<\/a><\/span>\t\t\t\t<\/div>\n\t\t\t\t<\/div>\n\t\t\t\t<\/div>\n\t\t\t\t<div class=\"elementor-element elementor-element-64448f6 elementor-widget elementor-widget-button\" data-id=\"64448f6\" data-element_type=\"widget\" data-widget_type=\"button.default\">\n\t\t\t\t<div class=\"elementor-widget-container\">\n\t\t\t\t\t\t\t\t\t<div class=\"elementor-button-wrapper\">\n\t\t\t\t\t<a class=\"elementor-button elementor-button-link elementor-size-sm\" href=\"https:\/\/www.ondernemendvenlo.nl\/de\/column-bas-boots-vliegwiel-voor-venlo\/\">\n\t\t\t\t\t\t<span class=\"elementor-button-content-wrapper\">\n\t\t\t\t\t\t\t\t\t<span class=\"elementor-button-text\">siehe<\/span>\n\t\t\t\t\t<\/span>\n\t\t\t\t\t<\/a>\n\t\t\t\t<\/div>\n\t\t\t\t\t\t\t\t<\/div>\n\t\t\t\t<\/div>\n\t\t\t\t<\/div>\n\t\t\t\t\t<\/div>\n\t\t\t\t<\/div>\n\t\t\t\t<\/div>\n\t\t\t\t<div data-elementor-type=\"loop-item\" data-elementor-id=\"595\" class=\"elementor elementor-595 e-loop-item e-loop-item-3467 post-3467 post type-post status-publish format-standard hentry category-magazine\" data-elementor-post-type=\"elementor_library\" data-custom-edit-handle=\"1\">\n\t\t\t<div class=\"elementor-element elementor-element-616c565 e-flex e-con-boxed e-con e-parent\" data-id=\"616c565\" data-element_type=\"container\" data-settings=\"{&quot;background_background&quot;:&quot;classic&quot;}\">\n\t\t\t\t\t<div class=\"e-con-inner\">\n\t\t<a class=\"elementor-element elementor-element-0ac4eeb e-con-full e-flex e-con e-child\" data-id=\"0ac4eeb\" data-element_type=\"container\" data-settings=\"{&quot;background_background&quot;:&quot;classic&quot;}\" href=\"https:\/\/www.ondernemendvenlo.nl\/de\/stichting-platform-binnenstad-venlo-richt-zich-op-een-aantrekkelijk-verblijfsklimaat\/\">\n\t\t\t\t<\/a>\n\t\t<div class=\"elementor-element elementor-element-355e4ab e-con-full e-flex e-con e-child\" data-id=\"355e4ab\" data-element_type=\"container\">\n\t\t<div class=\"elementor-element elementor-element-56ff0be e-con-full e-flex e-con e-child\" data-id=\"56ff0be\" data-element_type=\"container\">\n\t\t\t\t<div class=\"elementor-element elementor-element-1d6cb32 elementor-widget elementor-widget-heading\" data-id=\"1d6cb32\" data-element_type=\"widget\" data-widget_type=\"heading.default\">\n\t\t\t\t<div class=\"elementor-widget-container\">\n\t\t\t\t\t<span class=\"elementor-heading-title elementor-size-default\"><a href=\"https:\/\/www.ondernemendvenlo.nl\/de\/stichting-platform-binnenstad-venlo-richt-zich-op-een-aantrekkelijk-verblijfsklimaat\/\">Stiftung Plattform Innenstadt Venlo setzt auf ein attraktives Wohnumfeld<\/a><\/span>\t\t\t\t<\/div>\n\t\t\t\t<\/div>\n\t\t\t\t<\/div>\n\t\t\t\t<div class=\"elementor-element elementor-element-64448f6 elementor-widget elementor-widget-button\" data-id=\"64448f6\" data-element_type=\"widget\" data-widget_type=\"button.default\">\n\t\t\t\t<div class=\"elementor-widget-container\">\n\t\t\t\t\t\t\t\t\t<div class=\"elementor-button-wrapper\">\n\t\t\t\t\t<a class=\"elementor-button elementor-button-link elementor-size-sm\" href=\"https:\/\/www.ondernemendvenlo.nl\/de\/stichting-platform-binnenstad-venlo-richt-zich-op-een-aantrekkelijk-verblijfsklimaat\/\">\n\t\t\t\t\t\t<span class=\"elementor-button-content-wrapper\">\n\t\t\t\t\t\t\t\t\t<span class=\"elementor-button-text\">siehe<\/span>\n\t\t\t\t\t<\/span>\n\t\t\t\t\t<\/a>\n\t\t\t\t<\/div>\n\t\t\t\t\t\t\t\t<\/div>\n\t\t\t\t<\/div>\n\t\t\t\t<\/div>\n\t\t\t\t\t<\/div>\n\t\t\t\t<\/div>\n\t\t\t\t<\/div>\n\t\t<style id=\"loop-dynamic-595\">.e-loop-item-3468 .elementor-element.elementor-element-0ac4eeb:not(.elementor-motion-effects-element-type-background), .e-loop-item-3468 .elementor-element.elementor-element-0ac4eeb > .elementor-motion-effects-container > .elementor-motion-effects-layer{background-image:url(\"https:\/\/www.ondernemendvenlo.nl\/wp-content\/uploads\/2025\/04\/DSC5119_OV-4-2024.jpg\");}<\/style>\t\t<div data-elementor-type=\"loop-item\" data-elementor-id=\"595\" class=\"elementor elementor-595 e-loop-item e-loop-item-3468 post-3468 post type-post status-publish format-standard has-post-thumbnail hentry category-magazine\" data-elementor-post-type=\"elementor_library\" data-custom-edit-handle=\"1\">\n\t\t\t<div class=\"elementor-element elementor-element-616c565 e-flex e-con-boxed e-con e-parent\" data-id=\"616c565\" data-element_type=\"container\" data-settings=\"{&quot;background_background&quot;:&quot;classic&quot;}\">\n\t\t\t\t\t<div class=\"e-con-inner\">\n\t\t<a class=\"elementor-element elementor-element-0ac4eeb e-con-full e-flex e-con e-child\" data-id=\"0ac4eeb\" data-element_type=\"container\" data-settings=\"{&quot;background_background&quot;:&quot;classic&quot;}\" href=\"https:\/\/www.ondernemendvenlo.nl\/de\/venlo-partners-zet-zich-in-voor-levendige-binnenstad-en-promotie-van-gemeente-venlo\/\">\n\t\t\t\t<\/a>\n\t\t<div class=\"elementor-element elementor-element-355e4ab e-con-full e-flex e-con e-child\" data-id=\"355e4ab\" data-element_type=\"container\">\n\t\t<div class=\"elementor-element elementor-element-56ff0be e-con-full e-flex e-con e-child\" data-id=\"56ff0be\" data-element_type=\"container\">\n\t\t\t\t<div class=\"elementor-element elementor-element-1d6cb32 elementor-widget elementor-widget-heading\" data-id=\"1d6cb32\" data-element_type=\"widget\" data-widget_type=\"heading.default\">\n\t\t\t\t<div class=\"elementor-widget-container\">\n\t\t\t\t\t<span class=\"elementor-heading-title elementor-size-default\"><a href=\"https:\/\/www.ondernemendvenlo.nl\/de\/venlo-partners-zet-zich-in-voor-levendige-binnenstad-en-promotie-van-gemeente-venlo\/\">Venlo Partners engagiert sich f\u00fcr ein lebendiges Stadtzentrum und die F\u00f6rderung der Gemeinde Venlo<\/a><\/span>\t\t\t\t<\/div>\n\t\t\t\t<\/div>\n\t\t\t\t<\/div>\n\t\t\t\t<div class=\"elementor-element elementor-element-64448f6 elementor-widget elementor-widget-button\" data-id=\"64448f6\" data-element_type=\"widget\" data-widget_type=\"button.default\">\n\t\t\t\t<div class=\"elementor-widget-container\">\n\t\t\t\t\t\t\t\t\t<div class=\"elementor-button-wrapper\">\n\t\t\t\t\t<a class=\"elementor-button elementor-button-link elementor-size-sm\" href=\"https:\/\/www.ondernemendvenlo.nl\/de\/venlo-partners-zet-zich-in-voor-levendige-binnenstad-en-promotie-van-gemeente-venlo\/\">\n\t\t\t\t\t\t<span class=\"elementor-button-content-wrapper\">\n\t\t\t\t\t\t\t\t\t<span class=\"elementor-button-text\">siehe<\/span>\n\t\t\t\t\t<\/span>\n\t\t\t\t\t<\/a>\n\t\t\t\t<\/div>\n\t\t\t\t\t\t\t\t<\/div>\n\t\t\t\t<\/div>\n\t\t\t\t<\/div>\n\t\t\t\t\t<\/div>\n\t\t\t\t<\/div>\n\t\t\t\t<\/div>\n\t\t<style id=\"loop-dynamic-595\">.e-loop-item-3470 .elementor-element.elementor-element-0ac4eeb:not(.elementor-motion-effects-element-type-background), .e-loop-item-3470 .elementor-element.elementor-element-0ac4eeb > .elementor-motion-effects-container > .elementor-motion-effects-layer{background-image:url(\"https:\/\/www.ondernemendvenlo.nl\/wp-content\/uploads\/2025\/04\/Winnaars_LvdGPrijs_2024.jpg\");}<\/style>\t\t<div data-elementor-type=\"loop-item\" data-elementor-id=\"595\" class=\"elementor elementor-595 e-loop-item e-loop-item-3470 post-3470 post type-post status-publish format-standard has-post-thumbnail hentry category-magazine\" data-elementor-post-type=\"elementor_library\" data-custom-edit-handle=\"1\">\n\t\t\t<div class=\"elementor-element elementor-element-616c565 e-flex e-con-boxed e-con e-parent\" data-id=\"616c565\" data-element_type=\"container\" data-settings=\"{&quot;background_background&quot;:&quot;classic&quot;}\">\n\t\t\t\t\t<div class=\"e-con-inner\">\n\t\t<a class=\"elementor-element elementor-element-0ac4eeb e-con-full e-flex e-con e-child\" data-id=\"0ac4eeb\" data-element_type=\"container\" data-settings=\"{&quot;background_background&quot;:&quot;classic&quot;}\" href=\"https:\/\/www.ondernemendvenlo.nl\/de\/rob-ewalds-winnaar-lvdg-prijs-en-emiel-zeevenhoven-wint-de-talent-award-2024\/\">\n\t\t\t\t<\/a>\n\t\t<div class=\"elementor-element elementor-element-355e4ab e-con-full e-flex e-con e-child\" data-id=\"355e4ab\" data-element_type=\"container\">\n\t\t<div class=\"elementor-element elementor-element-56ff0be e-con-full e-flex e-con e-child\" data-id=\"56ff0be\" data-element_type=\"container\">\n\t\t\t\t<div class=\"elementor-element elementor-element-1d6cb32 elementor-widget elementor-widget-heading\" data-id=\"1d6cb32\" data-element_type=\"widget\" data-widget_type=\"heading.default\">\n\t\t\t\t<div class=\"elementor-widget-container\">\n\t\t\t\t\t<span class=\"elementor-heading-title elementor-size-default\"><a href=\"https:\/\/www.ondernemendvenlo.nl\/de\/rob-ewalds-winnaar-lvdg-prijs-en-emiel-zeevenhoven-wint-de-talent-award-2024\/\">Rob Ewalds: Gewinner des LvdG-Preises und Emiel Zeevenhoven gewinnt den Talent Award 2024<\/a><\/span>\t\t\t\t<\/div>\n\t\t\t\t<\/div>\n\t\t\t\t<\/div>\n\t\t\t\t<div class=\"elementor-element elementor-element-64448f6 elementor-widget elementor-widget-button\" data-id=\"64448f6\" data-element_type=\"widget\" data-widget_type=\"button.default\">\n\t\t\t\t<div class=\"elementor-widget-container\">\n\t\t\t\t\t\t\t\t\t<div class=\"elementor-button-wrapper\">\n\t\t\t\t\t<a class=\"elementor-button elementor-button-link elementor-size-sm\" href=\"https:\/\/www.ondernemendvenlo.nl\/de\/rob-ewalds-winnaar-lvdg-prijs-en-emiel-zeevenhoven-wint-de-talent-award-2024\/\">\n\t\t\t\t\t\t<span class=\"elementor-button-content-wrapper\">\n\t\t\t\t\t\t\t\t\t<span class=\"elementor-button-text\">siehe<\/span>\n\t\t\t\t\t<\/span>\n\t\t\t\t\t<\/a>\n\t\t\t\t<\/div>\n\t\t\t\t\t\t\t\t<\/div>\n\t\t\t\t<\/div>\n\t\t\t\t<\/div>\n\t\t\t\t\t<\/div>\n\t\t\t\t<\/div>\n\t\t\t\t<\/div>\n\t\t<style id=\"loop-dynamic-595\">.e-loop-item-3471 .elementor-element.elementor-element-0ac4eeb:not(.elementor-motion-effects-element-type-background), .e-loop-item-3471 .elementor-element.elementor-element-0ac4eeb > .elementor-motion-effects-container > .elementor-motion-effects-layer{background-image:url(\"https:\/\/www.ondernemendvenlo.nl\/wp-content\/uploads\/2025\/04\/BB20241201_OV-4-2024_5422.jpg\");}<\/style>\t\t<div data-elementor-type=\"loop-item\" data-elementor-id=\"595\" class=\"elementor elementor-595 e-loop-item e-loop-item-3471 post-3471 post type-post status-publish format-standard has-post-thumbnail hentry category-magazine\" data-elementor-post-type=\"elementor_library\" data-custom-edit-handle=\"1\">\n\t\t\t<div class=\"elementor-element elementor-element-616c565 e-flex e-con-boxed e-con e-parent\" data-id=\"616c565\" data-element_type=\"container\" data-settings=\"{&quot;background_background&quot;:&quot;classic&quot;}\">\n\t\t\t\t\t<div class=\"e-con-inner\">\n\t\t<a class=\"elementor-element elementor-element-0ac4eeb e-con-full e-flex e-con e-child\" data-id=\"0ac4eeb\" data-element_type=\"container\" data-settings=\"{&quot;background_background&quot;:&quot;classic&quot;}\" href=\"https:\/\/www.ondernemendvenlo.nl\/de\/xelect-de-kunst-van-een-perfecte-match-begint-bij-het-dna-van-jouw-organisatie\/\">\n\t\t\t\t<\/a>\n\t\t<div class=\"elementor-element elementor-element-355e4ab e-con-full e-flex e-con e-child\" data-id=\"355e4ab\" data-element_type=\"container\">\n\t\t<div class=\"elementor-element elementor-element-56ff0be e-con-full e-flex e-con e-child\" data-id=\"56ff0be\" data-element_type=\"container\">\n\t\t\t\t<div class=\"elementor-element elementor-element-1d6cb32 elementor-widget elementor-widget-heading\" data-id=\"1d6cb32\" data-element_type=\"widget\" data-widget_type=\"heading.default\">\n\t\t\t\t<div class=\"elementor-widget-container\">\n\t\t\t\t\t<span class=\"elementor-heading-title elementor-size-default\"><a href=\"https:\/\/www.ondernemendvenlo.nl\/de\/xelect-de-kunst-van-een-perfecte-match-begint-bij-het-dna-van-jouw-organisatie\/\">Xelect: Die Kunst der perfekten Abstimmung beginnt mit der DNA Ihres Unternehmens<\/a><\/span>\t\t\t\t<\/div>\n\t\t\t\t<\/div>\n\t\t\t\t<\/div>\n\t\t\t\t<div class=\"elementor-element elementor-element-64448f6 elementor-widget elementor-widget-button\" data-id=\"64448f6\" data-element_type=\"widget\" data-widget_type=\"button.default\">\n\t\t\t\t<div class=\"elementor-widget-container\">\n\t\t\t\t\t\t\t\t\t<div class=\"elementor-button-wrapper\">\n\t\t\t\t\t<a class=\"elementor-button elementor-button-link elementor-size-sm\" href=\"https:\/\/www.ondernemendvenlo.nl\/de\/xelect-de-kunst-van-een-perfecte-match-begint-bij-het-dna-van-jouw-organisatie\/\">\n\t\t\t\t\t\t<span class=\"elementor-button-content-wrapper\">\n\t\t\t\t\t\t\t\t\t<span class=\"elementor-button-text\">siehe<\/span>\n\t\t\t\t\t<\/span>\n\t\t\t\t\t<\/a>\n\t\t\t\t<\/div>\n\t\t\t\t\t\t\t\t<\/div>\n\t\t\t\t<\/div>\n\t\t\t\t<\/div>\n\t\t\t\t\t<\/div>\n\t\t\t\t<\/div>\n\t\t\t\t<\/div>\n\t\t<style id=\"loop-dynamic-595\">.e-loop-item-3473 .elementor-element.elementor-element-0ac4eeb:not(.elementor-motion-effects-element-type-background), .e-loop-item-3473 .elementor-element.elementor-element-0ac4eeb > .elementor-motion-effects-container > .elementor-motion-effects-layer{background-image:url(\"https:\/\/www.ondernemendvenlo.nl\/wp-content\/uploads\/2025\/04\/BB20242201_OV-4-2024_International.jpg\");}<\/style>\t\t<div data-elementor-type=\"loop-item\" data-elementor-id=\"595\" class=\"elementor elementor-595 e-loop-item e-loop-item-3473 post-3473 post type-post status-publish format-standard has-post-thumbnail hentry category-magazine\" data-elementor-post-type=\"elementor_library\" data-custom-edit-handle=\"1\">\n\t\t\t<div class=\"elementor-element elementor-element-616c565 e-flex e-con-boxed e-con e-parent\" data-id=\"616c565\" data-element_type=\"container\" data-settings=\"{&quot;background_background&quot;:&quot;classic&quot;}\">\n\t\t\t\t\t<div class=\"e-con-inner\">\n\t\t<a class=\"elementor-element elementor-element-0ac4eeb e-con-full e-flex e-con e-child\" data-id=\"0ac4eeb\" data-element_type=\"container\" data-settings=\"{&quot;background_background&quot;:&quot;classic&quot;}\" href=\"https:\/\/www.ondernemendvenlo.nl\/de\/venlo-the-place-to-be-zonder-duitse-kooptoeristen-zou-het-centrum-minder-sfeervol-zijn-2\/\">\n\t\t\t\t<\/a>\n\t\t<div class=\"elementor-element elementor-element-355e4ab e-con-full e-flex e-con e-child\" data-id=\"355e4ab\" data-element_type=\"container\">\n\t\t<div class=\"elementor-element elementor-element-56ff0be e-con-full e-flex e-con e-child\" data-id=\"56ff0be\" data-element_type=\"container\">\n\t\t\t\t<div class=\"elementor-element elementor-element-1d6cb32 elementor-widget elementor-widget-heading\" data-id=\"1d6cb32\" data-element_type=\"widget\" data-widget_type=\"heading.default\">\n\t\t\t\t<div class=\"elementor-widget-container\">\n\t\t\t\t\t<span class=\"elementor-heading-title elementor-size-default\"><a href=\"https:\/\/www.ondernemendvenlo.nl\/de\/venlo-the-place-to-be-zonder-duitse-kooptoeristen-zou-het-centrum-minder-sfeervol-zijn-2\/\">Venlo, the place to be: \"Ohne deutsche Einkaufstouristen w\u00e4re das Zentrum weniger stimmungsvoll\".<\/a><\/span>\t\t\t\t<\/div>\n\t\t\t\t<\/div>\n\t\t\t\t<\/div>\n\t\t\t\t<div class=\"elementor-element elementor-element-64448f6 elementor-widget elementor-widget-button\" data-id=\"64448f6\" data-element_type=\"widget\" data-widget_type=\"button.default\">\n\t\t\t\t<div class=\"elementor-widget-container\">\n\t\t\t\t\t\t\t\t\t<div class=\"elementor-button-wrapper\">\n\t\t\t\t\t<a class=\"elementor-button elementor-button-link elementor-size-sm\" href=\"https:\/\/www.ondernemendvenlo.nl\/de\/venlo-the-place-to-be-zonder-duitse-kooptoeristen-zou-het-centrum-minder-sfeervol-zijn-2\/\">\n\t\t\t\t\t\t<span class=\"elementor-button-content-wrapper\">\n\t\t\t\t\t\t\t\t\t<span class=\"elementor-button-text\">siehe<\/span>\n\t\t\t\t\t<\/span>\n\t\t\t\t\t<\/a>\n\t\t\t\t<\/div>\n\t\t\t\t\t\t\t\t<\/div>\n\t\t\t\t<\/div>\n\t\t\t\t<\/div>\n\t\t\t\t\t<\/div>\n\t\t\t\t<\/div>\n\t\t\t\t<\/div>\n\t\t<style id=\"loop-dynamic-595\">.e-loop-item-3475 .elementor-element.elementor-element-0ac4eeb:not(.elementor-motion-effects-element-type-background), .e-loop-item-3475 .elementor-element.elementor-element-0ac4eeb > .elementor-motion-effects-container > .elementor-motion-effects-layer{background-image:url(\"https:\/\/www.ondernemendvenlo.nl\/wp-content\/uploads\/2025\/04\/BB_DSC0028_OV-4-2024_Rabobank.jpg\");}<\/style>\t\t<div data-elementor-type=\"loop-item\" data-elementor-id=\"595\" class=\"elementor elementor-595 e-loop-item e-loop-item-3475 post-3475 post type-post status-publish format-standard has-post-thumbnail hentry category-magazine\" data-elementor-post-type=\"elementor_library\" data-custom-edit-handle=\"1\">\n\t\t\t<div class=\"elementor-element elementor-element-616c565 e-flex e-con-boxed e-con e-parent\" data-id=\"616c565\" data-element_type=\"container\" data-settings=\"{&quot;background_background&quot;:&quot;classic&quot;}\">\n\t\t\t\t\t<div class=\"e-con-inner\">\n\t\t<a class=\"elementor-element elementor-element-0ac4eeb e-con-full e-flex e-con e-child\" data-id=\"0ac4eeb\" data-element_type=\"container\" data-settings=\"{&quot;background_background&quot;:&quot;classic&quot;}\" href=\"https:\/\/www.ondernemendvenlo.nl\/de\/profiel-noord-limburg-economische-kansen-door-meer-samenwerking-en-verbinding-2\/\">\n\t\t\t\t<\/a>\n\t\t<div class=\"elementor-element elementor-element-355e4ab e-con-full e-flex e-con e-child\" data-id=\"355e4ab\" data-element_type=\"container\">\n\t\t<div class=\"elementor-element elementor-element-56ff0be e-con-full e-flex e-con e-child\" data-id=\"56ff0be\" data-element_type=\"container\">\n\t\t\t\t<div class=\"elementor-element elementor-element-1d6cb32 elementor-widget elementor-widget-heading\" data-id=\"1d6cb32\" data-element_type=\"widget\" data-widget_type=\"heading.default\">\n\t\t\t\t<div class=\"elementor-widget-container\">\n\t\t\t\t\t<span class=\"elementor-heading-title elementor-size-default\"><a href=\"https:\/\/www.ondernemendvenlo.nl\/de\/profiel-noord-limburg-economische-kansen-door-meer-samenwerking-en-verbinding-2\/\">Profil Nordlimburg: Wirtschaftliche Chancen durch mehr Kooperation und Vernetzung<\/a><\/span>\t\t\t\t<\/div>\n\t\t\t\t<\/div>\n\t\t\t\t<\/div>\n\t\t\t\t<div class=\"elementor-element elementor-element-64448f6 elementor-widget elementor-widget-button\" data-id=\"64448f6\" data-element_type=\"widget\" data-widget_type=\"button.default\">\n\t\t\t\t<div class=\"elementor-widget-container\">\n\t\t\t\t\t\t\t\t\t<div class=\"elementor-button-wrapper\">\n\t\t\t\t\t<a class=\"elementor-button elementor-button-link elementor-size-sm\" href=\"https:\/\/www.ondernemendvenlo.nl\/de\/profiel-noord-limburg-economische-kansen-door-meer-samenwerking-en-verbinding-2\/\">\n\t\t\t\t\t\t<span class=\"elementor-button-content-wrapper\">\n\t\t\t\t\t\t\t\t\t<span class=\"elementor-button-text\">siehe<\/span>\n\t\t\t\t\t<\/span>\n\t\t\t\t\t<\/a>\n\t\t\t\t<\/div>\n\t\t\t\t\t\t\t\t<\/div>\n\t\t\t\t<\/div>\n\t\t\t\t<\/div>\n\t\t\t\t\t<\/div>\n\t\t\t\t<\/div>\n\t\t\t\t<\/div>\n\t\t\t\t<\/div>\n\t\t\t\t\t<span class=\"e-load-more-spinner\">\n\t\t\t\t<svg aria-hidden=\"true\" class=\"e-font-icon-svg e-fas-spinner\" viewbox=\"0 0 512 512\" xmlns=\"http:\/\/www.w3.org\/2000\/svg\"><path d=\"M304 48c0 26.51-21.49 48-48 48s-48-21.49-48-48 21.49-48 48-48 48 21.49 48 48zm-48 368c-26.51 0-48 21.49-48 48s21.49 48 48 48 48-21.49 48-48-21.49-48-48-48zm208-208c-26.51 0-48 21.49-48 48s21.49 48 48 48 48-21.49 48-48-21.49-48-48-48zM96 256c0-26.51-21.49-48-48-48S0 229.49 0 256s21.49 48 48 48 48-21.49 48-48zm12.922 99.078c-26.51 0-48 21.49-48 48s21.49 48 48 48 48-21.49 48-48c0-26.509-21.491-48-48-48zm294.156 0c-26.51 0-48 21.49-48 48s21.49 48 48 48 48-21.49 48-48c0-26.509-21.49-48-48-48zM108.922 60.922c-26.51 0-48 21.49-48 48s21.49 48 48 48 48-21.49 48-48-21.491-48-48-48z\"><\/path><\/svg>\t\t\t<\/span>\n\t\t\n\t\t\t\t<div class=\"e-load-more-anchor\" data-page=\"1\" data-max-page=\"4\" data-next-page=\"https:\/\/www.ondernemendvenlo.nl\/de\/wp-json\/wp\/v2\/pages\/3673\/page\/2\/\"><\/div>\n\t\t\t\t<div class=\"e-loop__load-more elementor-button-wrapper\">\n\t\t\t<a class=\"elementor-button elementor-size-sm\" role=\"button\">\n\t\t\t\t\t\t<span class=\"elementor-button-content-wrapper\">\n\t\t\t\t\t\t\t\t\t<span class=\"elementor-button-text\">Weitere Nachrichten laden<\/span>\n\t\t\t\t\t<\/span>\n\t\t\t\t\t<\/a>\n\t\t<\/div>\n\t\t\t\t<div class=\"e-load-more-message\">Dies waren alles Nachrichten.<\/div>\n\t\t\t\t\t\t<\/div>\n\t\t\t\t<\/div>\n\t\t\t\t\t<\/div>\n\t\t\t\t<\/div>\n\t\t\t\t<\/div>","protected":false},"excerpt":{"rendered":"","protected":false},"author":1,"featured_media":0,"parent":0,"menu_order":0,"comment_status":"closed","ping_status":"closed","template":"","meta":{"_acf_changed":false,"footnotes":""},"class_list":["post-3673","page","type-page","status-publish","hentry"],"acf":[],"yoast_head":"<!-- This site is optimized with the Yoast SEO plugin v26.3 - https:\/\/yoast.com\/wordpress\/plugins\/seo\/ -->\n<title>Magazine - Ondernemend Venlo<\/title>\n<meta name=\"robots\" content=\"index, follow, max-snippet:-1, max-image-preview:large, max-video-preview:-1\" \/>\n<link rel=\"canonical\" href=\"https:\/\/www.ondernemendvenlo.nl\/de\/magazine\/\" \/>\n<meta property=\"og:locale\" content=\"de_DE\" \/>\n<meta property=\"og:type\" content=\"article\" \/>\n<meta property=\"og:title\" content=\"Magazine - Ondernemend Venlo\" \/>\n<meta property=\"og:url\" content=\"https:\/\/www.ondernemendvenlo.nl\/de\/magazine\/\" \/>\n<meta property=\"og:site_name\" content=\"Ondernemend Venlo\" \/>\n<meta property=\"article:modified_time\" content=\"2025-04-10T08:57:39+00:00\" \/>\n<meta name=\"twitter:card\" content=\"summary_large_image\" \/>\n<meta name=\"twitter:label1\" content=\"Gesch\u00e4tzte Lesezeit\" \/>\n\t<meta name=\"twitter:data1\" content=\"4\u00a0Minuten\" \/>\n<script type=\"application\/ld+json\" class=\"yoast-schema-graph\">{\"@context\":\"https:\/\/schema.org\",\"@graph\":[{\"@type\":\"WebPage\",\"@id\":\"https:\/\/www.ondernemendvenlo.nl\/magazine\/\",\"url\":\"https:\/\/www.ondernemendvenlo.nl\/magazine\/\",\"name\":\"Magazine - Ondernemend Venlo\",\"isPartOf\":{\"@id\":\"https:\/\/www.ondernemendvenlo.nl\/#website\"},\"datePublished\":\"2025-04-07T17:57:09+00:00\",\"dateModified\":\"2025-04-10T08:57:39+00:00\",\"breadcrumb\":{\"@id\":\"https:\/\/www.ondernemendvenlo.nl\/magazine\/#breadcrumb\"},\"inLanguage\":\"de\",\"potentialAction\":[{\"@type\":\"ReadAction\",\"target\":[\"https:\/\/www.ondernemendvenlo.nl\/magazine\/\"]}]},{\"@type\":\"BreadcrumbList\",\"@id\":\"https:\/\/www.ondernemendvenlo.nl\/magazine\/#breadcrumb\",\"itemListElement\":[{\"@type\":\"ListItem\",\"position\":1,\"name\":\"Ondernemend Venlo\",\"item\":\"https:\/\/www.ondernemendvenlo.nl\/\"},{\"@type\":\"ListItem\",\"position\":2,\"name\":\"Magazine\"}]},{\"@type\":\"WebSite\",\"@id\":\"https:\/\/www.ondernemendvenlo.nl\/#website\",\"url\":\"https:\/\/www.ondernemendvenlo.nl\/\",\"name\":\"Ondernemend Venlo\",\"description\":\"Samen succesvol ondernemen\",\"publisher\":{\"@id\":\"https:\/\/www.ondernemendvenlo.nl\/#organization\"},\"potentialAction\":[{\"@type\":\"SearchAction\",\"target\":{\"@type\":\"EntryPoint\",\"urlTemplate\":\"https:\/\/www.ondernemendvenlo.nl\/?s={search_term_string}\"},\"query-input\":{\"@type\":\"PropertyValueSpecification\",\"valueRequired\":true,\"valueName\":\"search_term_string\"}}],\"inLanguage\":\"de\"},{\"@type\":\"Organization\",\"@id\":\"https:\/\/www.ondernemendvenlo.nl\/#organization\",\"name\":\"Ondernemend Venlo\",\"url\":\"https:\/\/www.ondernemendvenlo.nl\/\",\"logo\":{\"@type\":\"ImageObject\",\"inLanguage\":\"de\",\"@id\":\"https:\/\/www.ondernemendvenlo.nl\/#\/schema\/logo\/image\/\",\"url\":\"https:\/\/www.ondernemendvenlo.nl\/wp-content\/uploads\/2025\/02\/Ondernemend-Venlo-logo-scaled.webp\",\"contentUrl\":\"https:\/\/www.ondernemendvenlo.nl\/wp-content\/uploads\/2025\/02\/Ondernemend-Venlo-logo-scaled.webp\",\"width\":2560,\"height\":1010,\"caption\":\"Ondernemend Venlo\"},\"image\":{\"@id\":\"https:\/\/www.ondernemendvenlo.nl\/#\/schema\/logo\/image\/\"},\"sameAs\":[\"https:\/\/www.linkedin.com\/company\/ondernemend-venlo\/\"]}]}<\/script>\n<!-- \/ Yoast SEO plugin. -->","yoast_head_json":{"title":"Magazine - Ondernemend Venlo","robots":{"index":"index","follow":"follow","max-snippet":"max-snippet:-1","max-image-preview":"max-image-preview:large","max-video-preview":"max-video-preview:-1"},"canonical":"https:\/\/www.ondernemendvenlo.nl\/de\/magazine\/","og_locale":"de_DE","og_type":"article","og_title":"Magazine - Ondernemend Venlo","og_url":"https:\/\/www.ondernemendvenlo.nl\/de\/magazine\/","og_site_name":"Ondernemend Venlo","article_modified_time":"2025-04-10T08:57:39+00:00","twitter_card":"summary_large_image","twitter_misc":{"Gesch\u00e4tzte Lesezeit":"4\u00a0Minuten"},"schema":{"@context":"https:\/\/schema.org","@graph":[{"@type":"WebPage","@id":"https:\/\/www.ondernemendvenlo.nl\/magazine\/","url":"https:\/\/www.ondernemendvenlo.nl\/magazine\/","name":"Magazine - Ondernemend Venlo","isPartOf":{"@id":"https:\/\/www.ondernemendvenlo.nl\/#website"},"datePublished":"2025-04-07T17:57:09+00:00","dateModified":"2025-04-10T08:57:39+00:00","breadcrumb":{"@id":"https:\/\/www.ondernemendvenlo.nl\/magazine\/#breadcrumb"},"inLanguage":"de","potentialAction":[{"@type":"ReadAction","target":["https:\/\/www.ondernemendvenlo.nl\/magazine\/"]}]},{"@type":"BreadcrumbList","@id":"https:\/\/www.ondernemendvenlo.nl\/magazine\/#breadcrumb","itemListElement":[{"@type":"ListItem","position":1,"name":"Ondernemend Venlo","item":"https:\/\/www.ondernemendvenlo.nl\/"},{"@type":"ListItem","position":2,"name":"Magazine"}]},{"@type":"WebSite","@id":"https:\/\/www.ondernemendvenlo.nl\/#website","url":"https:\/\/www.ondernemendvenlo.nl\/","name":"Unternehmerisches Venlo","description":"Samen succesvol ondernemen","publisher":{"@id":"https:\/\/www.ondernemendvenlo.nl\/#organization"},"potentialAction":[{"@type":"SearchAction","target":{"@type":"EntryPoint","urlTemplate":"https:\/\/www.ondernemendvenlo.nl\/?s={search_term_string}"},"query-input":{"@type":"PropertyValueSpecification","valueRequired":true,"valueName":"search_term_string"}}],"inLanguage":"de"},{"@type":"Organization","@id":"https:\/\/www.ondernemendvenlo.nl\/#organization","name":"Unternehmerisches Venlo","url":"https:\/\/www.ondernemendvenlo.nl\/","logo":{"@type":"ImageObject","inLanguage":"de","@id":"https:\/\/www.ondernemendvenlo.nl\/#\/schema\/logo\/image\/","url":"https:\/\/www.ondernemendvenlo.nl\/wp-content\/uploads\/2025\/02\/Ondernemend-Venlo-logo-scaled.webp","contentUrl":"https:\/\/www.ondernemendvenlo.nl\/wp-content\/uploads\/2025\/02\/Ondernemend-Venlo-logo-scaled.webp","width":2560,"height":1010,"caption":"Ondernemend Venlo"},"image":{"@id":"https:\/\/www.ondernemendvenlo.nl\/#\/schema\/logo\/image\/"},"sameAs":["https:\/\/www.linkedin.com\/company\/ondernemend-venlo\/"]}]}},"_links":{"self":[{"href":"https:\/\/www.ondernemendvenlo.nl\/de\/wp-json\/wp\/v2\/pages\/3673","targetHints":{"allow":["GET"]}}],"collection":[{"href":"https:\/\/www.ondernemendvenlo.nl\/de\/wp-json\/wp\/v2\/pages"}],"about":[{"href":"https:\/\/www.ondernemendvenlo.nl\/de\/wp-json\/wp\/v2\/types\/page"}],"author":[{"embeddable":true,"href":"https:\/\/www.ondernemendvenlo.nl\/de\/wp-json\/wp\/v2\/users\/1"}],"replies":[{"embeddable":true,"href":"https:\/\/www.ondernemendvenlo.nl\/de\/wp-json\/wp\/v2\/comments?post=3673"}],"version-history":[{"count":3,"href":"https:\/\/www.ondernemendvenlo.nl\/de\/wp-json\/wp\/v2\/pages\/3673\/revisions"}],"predecessor-version":[{"id":4893,"href":"https:\/\/www.ondernemendvenlo.nl\/de\/wp-json\/wp\/v2\/pages\/3673\/revisions\/4893"}],"wp:attachment":[{"href":"https:\/\/www.ondernemendvenlo.nl\/de\/wp-json\/wp\/v2\/media?parent=3673"}],"curies":[{"name":"wp","href":"https:\/\/api.w.org\/{rel}","templated":true}]}}