{"id":920,"date":"2025-03-16T19:44:55","date_gmt":"2025-03-16T18:44:55","guid":{"rendered":"https:\/\/www.ondernemendvenlo.nl\/?page_id=920"},"modified":"2025-05-06T18:11:24","modified_gmt":"2025-05-06T16:11:24","slug":"ondernemersloket","status":"publish","type":"page","link":"https:\/\/www.ondernemendvenlo.nl\/de\/praktische-informatie-gemeente\/ondernemersloket\/","title":{"rendered":"Schreibtisch des Unternehmers"},"content":{"rendered":"<div data-elementor-type=\"wp-page\" data-elementor-id=\"920\" class=\"elementor elementor-920\" data-elementor-post-type=\"page\">\n\t\t\t\t<div class=\"elementor-element elementor-element-4e4fa5c e-flex e-con-boxed e-con e-parent\" data-id=\"4e4fa5c\" data-element_type=\"container\">\n\t\t\t\t\t<div class=\"e-con-inner\">\n\t\t<div class=\"elementor-element elementor-element-cf4fdb7 e-con-full e-flex e-con e-child\" data-id=\"cf4fdb7\" data-element_type=\"container\">\n\t\t\t\t<div class=\"elementor-element elementor-element-7ba89ff elementor-widget elementor-widget-heading\" data-id=\"7ba89ff\" data-element_type=\"widget\" data-widget_type=\"heading.default\">\n\t\t\t\t<div class=\"elementor-widget-container\">\n\t\t\t\t\t<span class=\"elementor-heading-title elementor-size-default\">Alle Informationen, die Sie f\u00fcr Ihre Gesch\u00e4ftst\u00e4tigkeit in Venlo ben\u00f6tigen<\/span>\t\t\t\t<\/div>\n\t\t\t\t<\/div>\n\t\t\t\t<div class=\"elementor-element elementor-element-567687c elementor-widget elementor-widget-text-editor\" data-id=\"567687c\" data-element_type=\"widget\" data-widget_type=\"text-editor.default\">\n\t\t\t\t<div class=\"elementor-widget-container\">\n\t\t\t\t\t\t\t\t\t<p><strong>Informationen zum Land<\/strong><\/p><p>Auf der Website der\u00a0<a href=\"https:\/\/www.kvk.nl\/hulp-en-contact\/kvk-ondernemersplein\/\" target=\"_blank\" rel=\"noopener\">KVK Ondernemersplein<\/a> vind je allle informatie van de Kamer van Koophandel, \u00a0Rijksdienst voor Ondernemend Nederland, Antwoord voor bedrijven, Belastingdienst en het Centraal Bureau voor de Statistiek<\/p><p><a href=\"https:\/\/ondernemersplein.overheid.nl\/\">Ondernemersplein | Alles van de overheid op \u00e9\u00e9n plek<\/a><\/p><p><strong>Unternehmerb\u00fcro der Gemeinde Venlo<\/strong><\/p><p>Heb je als ondernemer vragen, speciaal voor of over de gemeente Venlo, dan kun je terecht bij het Ondernemersloket.<\/p><p><strong>Meldpunt<\/strong><br \/><br \/>Direct een melding maken bij de gemeente over zaken op jouw bedrijventerrein? Dat kan rechtstreeks via:\u00a0<a style=\"font-size: 1.2vw; background-color: #fff7f2;\" href=\"https:\/\/www.venlo.nl\/melden\">Bericht | Stadtverwaltung Venlo<\/a><\/p><p><strong>Kontakt<\/strong><\/p><p>E-Mail:\u00a0<a href=\"mailto:ondernemersloket@venlo.nl\">ondernemersloket@venlo.nl<\/a><br \/><span style=\"font-size: 1.2vw;\">Telefon: 14 077<\/span><\/p><p><strong>Arbeitgeber-Servicepunkt Nord-Limburg<\/strong><\/p><p>WerkgeversServicepunt Noord-Limburg geeft professionele ondersteuning en advies op het gebied van arbeid en personeel. Ben je op zoek naar personeel? Heb je informatie en advies nodig over regelgeving en subsidies? Of wil je graag ondersteuning bij het invullen van de banenafspraak banen? Je kunt met alle vragen terecht bij het WerkgeversServicepunt Noord-Limburg.<\/p><p>Zum\u00a0<a href=\"https:\/\/wspnoordlimburg.nl\/\" target=\"_blank\" rel=\"noopener\">Website des WerkgeversServicepunt Noord-Limburg<\/a><\/p>\t\t\t\t\t\t\t\t<\/div>\n\t\t\t\t<\/div>\n\t\t\t\t<\/div>\n\t\t<div class=\"elementor-element elementor-element-054e945 e-con-full e-flex e-con e-child\" data-id=\"054e945\" data-element_type=\"container\">\n\t\t\t\t<div class=\"elementor-element elementor-element-e694296 elementor-widget elementor-widget-image\" data-id=\"e694296\" data-element_type=\"widget\" data-widget_type=\"image.default\">\n\t\t\t\t<div class=\"elementor-widget-container\">\n\t\t\t\t\t\t\t\t\t\t\t\t\t\t\t<img fetchpriority=\"high\" decoding=\"async\" width=\"1086\" height=\"1156\" src=\"https:\/\/www.ondernemendvenlo.nl\/wp-content\/uploads\/2025\/03\/ov-bg.png\" class=\"attachment-full size-full wp-image-801\" alt=\"\" srcset=\"https:\/\/www.ondernemendvenlo.nl\/wp-content\/uploads\/2025\/03\/ov-bg.png 1086w, https:\/\/www.ondernemendvenlo.nl\/wp-content\/uploads\/2025\/03\/ov-bg-282x300.png 282w, https:\/\/www.ondernemendvenlo.nl\/wp-content\/uploads\/2025\/03\/ov-bg-962x1024.png 962w, https:\/\/www.ondernemendvenlo.nl\/wp-content\/uploads\/2025\/03\/ov-bg-768x818.png 768w, https:\/\/www.ondernemendvenlo.nl\/wp-content\/uploads\/2025\/03\/ov-bg-11x12.png 11w\" sizes=\"(max-width: 1086px) 100vw, 1086px\" \/>\t\t\t\t\t\t\t\t\t\t\t\t\t\t\t<\/div>\n\t\t\t\t<\/div>\n\t\t\t\t<\/div>\n\t\t\t\t\t<\/div>\n\t\t\t\t<\/div>\n\t\t\t\t<\/div>","protected":false},"excerpt":{"rendered":"<p>Alle informatie om te ondernemen in Venlo Landelijke informatie Op de website van het\u00a0KVK Ondernemersplein vind je allle informatie van de Kamer van Koophandel, \u00a0Rijksdienst voor Ondernemend Nederland, Antwoord voor bedrijven, Belastingdienst en het Centraal Bureau voor de Statistiek Ondernemersplein | Alles van de overheid op \u00e9\u00e9n plek Ondernemersloket gemeente Venlo Heb je als ondernemer [&hellip;]<\/p>","protected":false},"author":1,"featured_media":3786,"parent":792,"menu_order":1,"comment_status":"closed","ping_status":"closed","template":"","meta":{"_acf_changed":false,"footnotes":""},"class_list":["post-920","page","type-page","status-publish","has-post-thumbnail","hentry"],"acf":[],"yoast_head":"<!-- This site is optimized with the Yoast SEO plugin v26.3 - https:\/\/yoast.com\/wordpress\/plugins\/seo\/ -->\n<title>Ondernemersloket - Ondernemend Venlo<\/title>\n<meta name=\"robots\" content=\"index, follow, max-snippet:-1, max-image-preview:large, max-video-preview:-1\" \/>\n<link rel=\"canonical\" href=\"https:\/\/www.ondernemendvenlo.nl\/de\/praktische-informatie-gemeente\/ondernemersloket\/\" \/>\n<meta property=\"og:locale\" content=\"de_DE\" \/>\n<meta property=\"og:type\" content=\"article\" \/>\n<meta property=\"og:title\" content=\"Ondernemersloket - Ondernemend Venlo\" \/>\n<meta property=\"og:description\" content=\"Alle informatie om te ondernemen in Venlo Landelijke informatie Op de website van het\u00a0KVK Ondernemersplein vind je allle informatie van de Kamer van Koophandel, \u00a0Rijksdienst voor Ondernemend Nederland, Antwoord voor bedrijven, Belastingdienst en het Centraal Bureau voor de Statistiek Ondernemersplein | Alles van de overheid op \u00e9\u00e9n plek Ondernemersloket gemeente Venlo Heb je als ondernemer [&hellip;]\" \/>\n<meta property=\"og:url\" content=\"https:\/\/www.ondernemendvenlo.nl\/de\/praktische-informatie-gemeente\/ondernemersloket\/\" \/>\n<meta property=\"og:site_name\" content=\"Ondernemend Venlo\" \/>\n<meta property=\"article:modified_time\" content=\"2025-05-06T16:11:24+00:00\" \/>\n<meta property=\"og:image\" content=\"https:\/\/www.ondernemendvenlo.nl\/wp-content\/uploads\/2025\/04\/ondernemend-venlo-gemeente.jpg\" \/>\n\t<meta property=\"og:image:width\" content=\"1200\" \/>\n\t<meta property=\"og:image:height\" content=\"900\" \/>\n\t<meta property=\"og:image:type\" content=\"image\/jpeg\" \/>\n<meta name=\"twitter:card\" content=\"summary_large_image\" \/>\n<meta name=\"twitter:label1\" content=\"Gesch\u00e4tzte Lesezeit\" \/>\n\t<meta name=\"twitter:data1\" content=\"1\u00a0Minute\" \/>\n<script type=\"application\/ld+json\" class=\"yoast-schema-graph\">{\"@context\":\"https:\/\/schema.org\",\"@graph\":[{\"@type\":\"WebPage\",\"@id\":\"https:\/\/www.ondernemendvenlo.nl\/praktische-informatie-gemeente\/ondernemersloket\/\",\"url\":\"https:\/\/www.ondernemendvenlo.nl\/praktische-informatie-gemeente\/ondernemersloket\/\",\"name\":\"Ondernemersloket - Ondernemend Venlo\",\"isPartOf\":{\"@id\":\"https:\/\/www.ondernemendvenlo.nl\/#website\"},\"primaryImageOfPage\":{\"@id\":\"https:\/\/www.ondernemendvenlo.nl\/praktische-informatie-gemeente\/ondernemersloket\/#primaryimage\"},\"image\":{\"@id\":\"https:\/\/www.ondernemendvenlo.nl\/praktische-informatie-gemeente\/ondernemersloket\/#primaryimage\"},\"thumbnailUrl\":\"https:\/\/www.ondernemendvenlo.nl\/wp-content\/uploads\/2025\/04\/ondernemend-venlo-gemeente.jpg\",\"datePublished\":\"2025-03-16T18:44:55+00:00\",\"dateModified\":\"2025-05-06T16:11:24+00:00\",\"breadcrumb\":{\"@id\":\"https:\/\/www.ondernemendvenlo.nl\/praktische-informatie-gemeente\/ondernemersloket\/#breadcrumb\"},\"inLanguage\":\"de\",\"potentialAction\":[{\"@type\":\"ReadAction\",\"target\":[\"https:\/\/www.ondernemendvenlo.nl\/praktische-informatie-gemeente\/ondernemersloket\/\"]}]},{\"@type\":\"ImageObject\",\"inLanguage\":\"de\",\"@id\":\"https:\/\/www.ondernemendvenlo.nl\/praktische-informatie-gemeente\/ondernemersloket\/#primaryimage\",\"url\":\"https:\/\/www.ondernemendvenlo.nl\/wp-content\/uploads\/2025\/04\/ondernemend-venlo-gemeente.jpg\",\"contentUrl\":\"https:\/\/www.ondernemendvenlo.nl\/wp-content\/uploads\/2025\/04\/ondernemend-venlo-gemeente.jpg\",\"width\":1200,\"height\":900},{\"@type\":\"BreadcrumbList\",\"@id\":\"https:\/\/www.ondernemendvenlo.nl\/praktische-informatie-gemeente\/ondernemersloket\/#breadcrumb\",\"itemListElement\":[{\"@type\":\"ListItem\",\"position\":1,\"name\":\"Ondernemend Venlo\",\"item\":\"https:\/\/www.ondernemendvenlo.nl\/\"},{\"@type\":\"ListItem\",\"position\":2,\"name\":\"Praktische informatie gemeente\",\"item\":\"https:\/\/www.ondernemendvenlo.nl\/praktische-informatie-gemeente\/\"},{\"@type\":\"ListItem\",\"position\":3,\"name\":\"Ondernemersloket\"}]},{\"@type\":\"WebSite\",\"@id\":\"https:\/\/www.ondernemendvenlo.nl\/#website\",\"url\":\"https:\/\/www.ondernemendvenlo.nl\/\",\"name\":\"Ondernemend Venlo\",\"description\":\"Samen succesvol ondernemen\",\"publisher\":{\"@id\":\"https:\/\/www.ondernemendvenlo.nl\/#organization\"},\"potentialAction\":[{\"@type\":\"SearchAction\",\"target\":{\"@type\":\"EntryPoint\",\"urlTemplate\":\"https:\/\/www.ondernemendvenlo.nl\/?s={search_term_string}\"},\"query-input\":{\"@type\":\"PropertyValueSpecification\",\"valueRequired\":true,\"valueName\":\"search_term_string\"}}],\"inLanguage\":\"de\"},{\"@type\":\"Organization\",\"@id\":\"https:\/\/www.ondernemendvenlo.nl\/#organization\",\"name\":\"Ondernemend Venlo\",\"url\":\"https:\/\/www.ondernemendvenlo.nl\/\",\"logo\":{\"@type\":\"ImageObject\",\"inLanguage\":\"de\",\"@id\":\"https:\/\/www.ondernemendvenlo.nl\/#\/schema\/logo\/image\/\",\"url\":\"https:\/\/www.ondernemendvenlo.nl\/wp-content\/uploads\/2025\/02\/Ondernemend-Venlo-logo-scaled.webp\",\"contentUrl\":\"https:\/\/www.ondernemendvenlo.nl\/wp-content\/uploads\/2025\/02\/Ondernemend-Venlo-logo-scaled.webp\",\"width\":2560,\"height\":1010,\"caption\":\"Ondernemend Venlo\"},\"image\":{\"@id\":\"https:\/\/www.ondernemendvenlo.nl\/#\/schema\/logo\/image\/\"},\"sameAs\":[\"https:\/\/www.linkedin.com\/company\/ondernemend-venlo\/\"]}]}<\/script>\n<!-- \/ Yoast SEO plugin. -->","yoast_head_json":{"title":"Ondernemersloket - Ondernemend Venlo","robots":{"index":"index","follow":"follow","max-snippet":"max-snippet:-1","max-image-preview":"max-image-preview:large","max-video-preview":"max-video-preview:-1"},"canonical":"https:\/\/www.ondernemendvenlo.nl\/de\/praktische-informatie-gemeente\/ondernemersloket\/","og_locale":"de_DE","og_type":"article","og_title":"Ondernemersloket - Ondernemend Venlo","og_description":"Alle informatie om te ondernemen in Venlo Landelijke informatie Op de website van het\u00a0KVK Ondernemersplein vind je allle informatie van de Kamer van Koophandel, \u00a0Rijksdienst voor Ondernemend Nederland, Antwoord voor bedrijven, Belastingdienst en het Centraal Bureau voor de Statistiek Ondernemersplein | Alles van de overheid op \u00e9\u00e9n plek Ondernemersloket gemeente Venlo Heb je als ondernemer [&hellip;]","og_url":"https:\/\/www.ondernemendvenlo.nl\/de\/praktische-informatie-gemeente\/ondernemersloket\/","og_site_name":"Ondernemend Venlo","article_modified_time":"2025-05-06T16:11:24+00:00","og_image":[{"width":1200,"height":900,"url":"https:\/\/www.ondernemendvenlo.nl\/wp-content\/uploads\/2025\/04\/ondernemend-venlo-gemeente.jpg","type":"image\/jpeg"}],"twitter_card":"summary_large_image","twitter_misc":{"Gesch\u00e4tzte Lesezeit":"1\u00a0Minute"},"schema":{"@context":"https:\/\/schema.org","@graph":[{"@type":"WebPage","@id":"https:\/\/www.ondernemendvenlo.nl\/praktische-informatie-gemeente\/ondernemersloket\/","url":"https:\/\/www.ondernemendvenlo.nl\/praktische-informatie-gemeente\/ondernemersloket\/","name":"Ondernemersloket - Ondernemend Venlo","isPartOf":{"@id":"https:\/\/www.ondernemendvenlo.nl\/#website"},"primaryImageOfPage":{"@id":"https:\/\/www.ondernemendvenlo.nl\/praktische-informatie-gemeente\/ondernemersloket\/#primaryimage"},"image":{"@id":"https:\/\/www.ondernemendvenlo.nl\/praktische-informatie-gemeente\/ondernemersloket\/#primaryimage"},"thumbnailUrl":"https:\/\/www.ondernemendvenlo.nl\/wp-content\/uploads\/2025\/04\/ondernemend-venlo-gemeente.jpg","datePublished":"2025-03-16T18:44:55+00:00","dateModified":"2025-05-06T16:11:24+00:00","breadcrumb":{"@id":"https:\/\/www.ondernemendvenlo.nl\/praktische-informatie-gemeente\/ondernemersloket\/#breadcrumb"},"inLanguage":"de","potentialAction":[{"@type":"ReadAction","target":["https:\/\/www.ondernemendvenlo.nl\/praktische-informatie-gemeente\/ondernemersloket\/"]}]},{"@type":"ImageObject","inLanguage":"de","@id":"https:\/\/www.ondernemendvenlo.nl\/praktische-informatie-gemeente\/ondernemersloket\/#primaryimage","url":"https:\/\/www.ondernemendvenlo.nl\/wp-content\/uploads\/2025\/04\/ondernemend-venlo-gemeente.jpg","contentUrl":"https:\/\/www.ondernemendvenlo.nl\/wp-content\/uploads\/2025\/04\/ondernemend-venlo-gemeente.jpg","width":1200,"height":900},{"@type":"BreadcrumbList","@id":"https:\/\/www.ondernemendvenlo.nl\/praktische-informatie-gemeente\/ondernemersloket\/#breadcrumb","itemListElement":[{"@type":"ListItem","position":1,"name":"Ondernemend Venlo","item":"https:\/\/www.ondernemendvenlo.nl\/"},{"@type":"ListItem","position":2,"name":"Praktische informatie gemeente","item":"https:\/\/www.ondernemendvenlo.nl\/praktische-informatie-gemeente\/"},{"@type":"ListItem","position":3,"name":"Ondernemersloket"}]},{"@type":"WebSite","@id":"https:\/\/www.ondernemendvenlo.nl\/#website","url":"https:\/\/www.ondernemendvenlo.nl\/","name":"Unternehmerisches Venlo","description":"Samen succesvol ondernemen","publisher":{"@id":"https:\/\/www.ondernemendvenlo.nl\/#organization"},"potentialAction":[{"@type":"SearchAction","target":{"@type":"EntryPoint","urlTemplate":"https:\/\/www.ondernemendvenlo.nl\/?s={search_term_string}"},"query-input":{"@type":"PropertyValueSpecification","valueRequired":true,"valueName":"search_term_string"}}],"inLanguage":"de"},{"@type":"Organization","@id":"https:\/\/www.ondernemendvenlo.nl\/#organization","name":"Unternehmerisches Venlo","url":"https:\/\/www.ondernemendvenlo.nl\/","logo":{"@type":"ImageObject","inLanguage":"de","@id":"https:\/\/www.ondernemendvenlo.nl\/#\/schema\/logo\/image\/","url":"https:\/\/www.ondernemendvenlo.nl\/wp-content\/uploads\/2025\/02\/Ondernemend-Venlo-logo-scaled.webp","contentUrl":"https:\/\/www.ondernemendvenlo.nl\/wp-content\/uploads\/2025\/02\/Ondernemend-Venlo-logo-scaled.webp","width":2560,"height":1010,"caption":"Ondernemend Venlo"},"image":{"@id":"https:\/\/www.ondernemendvenlo.nl\/#\/schema\/logo\/image\/"},"sameAs":["https:\/\/www.linkedin.com\/company\/ondernemend-venlo\/"]}]}},"_links":{"self":[{"href":"https:\/\/www.ondernemendvenlo.nl\/de\/wp-json\/wp\/v2\/pages\/920","targetHints":{"allow":["GET"]}}],"collection":[{"href":"https:\/\/www.ondernemendvenlo.nl\/de\/wp-json\/wp\/v2\/pages"}],"about":[{"href":"https:\/\/www.ondernemendvenlo.nl\/de\/wp-json\/wp\/v2\/types\/page"}],"author":[{"embeddable":true,"href":"https:\/\/www.ondernemendvenlo.nl\/de\/wp-json\/wp\/v2\/users\/1"}],"replies":[{"embeddable":true,"href":"https:\/\/www.ondernemendvenlo.nl\/de\/wp-json\/wp\/v2\/comments?post=920"}],"version-history":[{"count":9,"href":"https:\/\/www.ondernemendvenlo.nl\/de\/wp-json\/wp\/v2\/pages\/920\/revisions"}],"predecessor-version":[{"id":5147,"href":"https:\/\/www.ondernemendvenlo.nl\/de\/wp-json\/wp\/v2\/pages\/920\/revisions\/5147"}],"up":[{"embeddable":true,"href":"https:\/\/www.ondernemendvenlo.nl\/de\/wp-json\/wp\/v2\/pages\/792"}],"wp:featuredmedia":[{"embeddable":true,"href":"https:\/\/www.ondernemendvenlo.nl\/de\/wp-json\/wp\/v2\/media\/3786"}],"wp:attachment":[{"href":"https:\/\/www.ondernemendvenlo.nl\/de\/wp-json\/wp\/v2\/media?parent=920"}],"curies":[{"name":"wp","href":"https:\/\/api.w.org\/{rel}","templated":true}]}}