{"id":270,"date":"2025-03-12T18:44:01","date_gmt":"2025-03-12T17:44:01","guid":{"rendered":"https:\/\/www.ondernemendvenlo.nl\/?page_id=270"},"modified":"2025-12-29T12:41:36","modified_gmt":"2025-12-29T11:41:36","slug":"bestuur","status":"publish","type":"page","link":"https:\/\/www.ondernemendvenlo.nl\/fr\/organisatie\/bestuur\/","title":{"rendered":"Conseil d'administration"},"content":{"rendered":"<div data-elementor-type=\"wp-page\" data-elementor-id=\"270\" class=\"elementor elementor-270\" data-elementor-post-type=\"page\">\n\t\t\t\t<div class=\"elementor-element elementor-element-9c33ac2 e-flex e-con-boxed e-con e-parent\" data-id=\"9c33ac2\" data-element_type=\"container\">\n\t\t\t\t\t<div class=\"e-con-inner\">\n\t\t\t\t<div class=\"elementor-element elementor-element-66f4cc9 elementor-widget elementor-widget-heading\" data-id=\"66f4cc9\" data-element_type=\"widget\" data-widget_type=\"heading.default\">\n\t\t\t\t<div class=\"elementor-widget-container\">\n\t\t\t\t\t<span class=\"elementor-heading-title elementor-size-default\">Conseil d'administration Entrepreneurial Venlo\n<\/span>\t\t\t\t<\/div>\n\t\t\t\t<\/div>\n\t\t\t\t<div class=\"elementor-element elementor-element-d3d1585 elementor-widget elementor-widget-text-editor\" data-id=\"d3d1585\" data-element_type=\"widget\" data-widget_type=\"text-editor.default\">\n\t\t\t\t<div class=\"elementor-widget-container\">\n\t\t\t\t\t\t\t\t\t<p>Le conseil d'administration d'Ondernemend Venlo joue un r\u00f4le cl\u00e9 dans la repr\u00e9sentation des int\u00e9r\u00eats des entrepreneurs de Venlo dans les diff\u00e9rents parcs d'activit\u00e9s. Gr\u00e2ce \u00e0 des r\u00e9unions r\u00e9guli\u00e8res avec les principales parties prenantes, telles que la municipalit\u00e9, la province, le gouvernement et les \u00e9tablissements d'enseignement, il s'efforce de renforcer le climat des affaires et la coop\u00e9ration durable.<\/p><p>Les r\u00e9unions du conseil d'administration constituent une plate-forme importante pour la prise de d\u00e9cisions strat\u00e9giques et l'\u00e9change de connaissances. Y assistent non seulement les membres du conseil d'administration, mais aussi des repr\u00e9sentants des d\u00e9partements d'Ondernemend Venlo, de la municipalit\u00e9 de Venlo, du directeur des op\u00e9rations et du directeur du parc. Ensemble, ils discutent de sujets qui affectent le d\u00e9veloppement \u00e9conomique et l'avenir des parcs d'activit\u00e9s \u00e9conomiques \u00e0 Venlo.<\/p><p>Le conseil d'administration d'Ondernemend Venlo est compos\u00e9 d'un groupe de professionnels d\u00e9vou\u00e9s qui utilisent leur expertise pour renforcer la communaut\u00e9 entrepreneuriale et positionner Venlo comme un point chaud de l'\u00e9conomie.<\/p>\t\t\t\t\t\t\t\t<\/div>\n\t\t\t\t<\/div>\n\t\t<div class=\"elementor-element elementor-element-9954348 e-con-full e-flex e-con e-child\" data-id=\"9954348\" data-element_type=\"container\">\n\t\t<div class=\"elementor-element elementor-element-458c6b6 e-con-full e-flex e-con e-child\" data-id=\"458c6b6\" data-element_type=\"container\" data-settings=\"{&quot;background_background&quot;:&quot;classic&quot;}\">\n\t\t<div class=\"elementor-element elementor-element-80095f7 e-con-full e-flex e-con e-child\" data-id=\"80095f7\" data-element_type=\"container\" data-settings=\"{&quot;background_background&quot;:&quot;classic&quot;}\">\n\t\t\t\t<\/div>\n\t\t<div class=\"elementor-element elementor-element-125eb3a e-con-full e-flex e-con e-child\" data-id=\"125eb3a\" data-element_type=\"container\">\n\t\t\t\t<div class=\"elementor-element elementor-element-136a5f0 elementor-widget elementor-widget-heading\" data-id=\"136a5f0\" data-element_type=\"widget\" data-widget_type=\"heading.default\">\n\t\t\t\t<div class=\"elementor-widget-container\">\n\t\t\t\t\t<span class=\"elementor-heading-title elementor-size-default\">Frenk<br \/>Hinssen<\/span>\t\t\t\t<\/div>\n\t\t\t\t<\/div>\n\t\t\t\t<div class=\"elementor-element elementor-element-51c0f4a elementor-widget elementor-widget-heading\" data-id=\"51c0f4a\" data-element_type=\"widget\" data-widget_type=\"heading.default\">\n\t\t\t\t<div class=\"elementor-widget-container\">\n\t\t\t\t\t<span class=\"elementor-heading-title elementor-size-default\">Voorzitter<\/span>\t\t\t\t<\/div>\n\t\t\t\t<\/div>\n\t\t\t\t<\/div>\n\t\t\t\t<\/div>\n\t\t<div class=\"elementor-element elementor-element-badf0ec e-con-full e-flex e-con e-child\" data-id=\"badf0ec\" data-element_type=\"container\" data-settings=\"{&quot;background_background&quot;:&quot;classic&quot;}\">\n\t\t<div class=\"elementor-element elementor-element-fdaca24 e-con-full e-flex e-con e-child\" data-id=\"fdaca24\" data-element_type=\"container\" data-settings=\"{&quot;background_background&quot;:&quot;classic&quot;}\">\n\t\t\t\t<\/div>\n\t\t<div class=\"elementor-element elementor-element-8e598f9 e-con-full e-flex e-con e-child\" data-id=\"8e598f9\" data-element_type=\"container\">\n\t\t\t\t<div class=\"elementor-element elementor-element-dc28421 elementor-widget elementor-widget-heading\" data-id=\"dc28421\" data-element_type=\"widget\" data-widget_type=\"heading.default\">\n\t\t\t\t<div class=\"elementor-widget-container\">\n\t\t\t\t\t<span class=\"elementor-heading-title elementor-size-default\">Jeroen Rondeel<\/span>\t\t\t\t<\/div>\n\t\t\t\t<\/div>\n\t\t\t\t<div class=\"elementor-element elementor-element-5ee28e5 elementor-widget elementor-widget-heading\" data-id=\"5ee28e5\" data-element_type=\"widget\" data-widget_type=\"heading.default\">\n\t\t\t\t<div class=\"elementor-widget-container\">\n\t\t\t\t\t<span class=\"elementor-heading-title elementor-size-default\">Secretaris\/Bestuurslid Tradeport\n\n<\/span>\t\t\t\t<\/div>\n\t\t\t\t<\/div>\n\t\t\t\t<\/div>\n\t\t\t\t<\/div>\n\t\t<div class=\"elementor-element elementor-element-1088fed e-con-full e-flex e-con e-child\" data-id=\"1088fed\" data-element_type=\"container\" data-settings=\"{&quot;background_background&quot;:&quot;classic&quot;}\">\n\t\t<div class=\"elementor-element elementor-element-4fb7a43 e-con-full e-flex e-con e-child\" data-id=\"4fb7a43\" data-element_type=\"container\" data-settings=\"{&quot;background_background&quot;:&quot;classic&quot;}\">\n\t\t\t\t<\/div>\n\t\t<div class=\"elementor-element elementor-element-e6374b7 e-con-full e-flex e-con e-child\" data-id=\"e6374b7\" data-element_type=\"container\">\n\t\t\t\t<div class=\"elementor-element elementor-element-b19e723 elementor-widget elementor-widget-heading\" data-id=\"b19e723\" data-element_type=\"widget\" data-widget_type=\"heading.default\">\n\t\t\t\t<div class=\"elementor-widget-container\">\n\t\t\t\t\t<span class=\"elementor-heading-title elementor-size-default\">Henk van der Heijden\n<\/span>\t\t\t\t<\/div>\n\t\t\t\t<\/div>\n\t\t\t\t<div class=\"elementor-element elementor-element-b8c3c5d elementor-widget elementor-widget-heading\" data-id=\"b8c3c5d\" data-element_type=\"widget\" data-widget_type=\"heading.default\">\n\t\t\t\t<div class=\"elementor-widget-container\">\n\t\t\t\t\t<span class=\"elementor-heading-title elementor-size-default\">Tr\u00e9sorier<\/span>\t\t\t\t<\/div>\n\t\t\t\t<\/div>\n\t\t\t\t<\/div>\n\t\t\t\t<\/div>\n\t\t\t\t<\/div>\n\t\t<div class=\"elementor-element elementor-element-7e17521 e-con-full e-flex e-con e-child\" data-id=\"7e17521\" data-element_type=\"container\">\n\t\t<div class=\"elementor-element elementor-element-d3f599e e-con-full e-flex e-con e-child\" data-id=\"d3f599e\" data-element_type=\"container\" data-settings=\"{&quot;background_background&quot;:&quot;classic&quot;}\">\n\t\t<div class=\"elementor-element elementor-element-e84751e e-con-full e-flex e-con e-child\" data-id=\"e84751e\" data-element_type=\"container\" data-settings=\"{&quot;background_background&quot;:&quot;classic&quot;}\">\n\t\t\t\t<\/div>\n\t\t<div class=\"elementor-element elementor-element-c56d7ff e-con-full e-flex e-con e-child\" data-id=\"c56d7ff\" data-element_type=\"container\">\n\t\t\t\t<div class=\"elementor-element elementor-element-e617299 elementor-widget elementor-widget-heading\" data-id=\"e617299\" data-element_type=\"widget\" data-widget_type=\"heading.default\">\n\t\t\t\t<div class=\"elementor-widget-container\">\n\t\t\t\t\t<span class=\"elementor-heading-title elementor-size-default\">Jan<br \/>Houwen\n<\/span>\t\t\t\t<\/div>\n\t\t\t\t<\/div>\n\t\t\t\t<div class=\"elementor-element elementor-element-3b22e23 elementor-widget elementor-widget-heading\" data-id=\"3b22e23\" data-element_type=\"widget\" data-widget_type=\"heading.default\">\n\t\t\t\t<div class=\"elementor-widget-container\">\n\t\t\t\t\t<span class=\"elementor-heading-title elementor-size-default\">Membre du conseil d'administration<\/span>\t\t\t\t<\/div>\n\t\t\t\t<\/div>\n\t\t\t\t<\/div>\n\t\t\t\t<\/div>\n\t\t<div class=\"elementor-element elementor-element-16a023c e-con-full e-flex e-con e-child\" data-id=\"16a023c\" data-element_type=\"container\" data-settings=\"{&quot;background_background&quot;:&quot;classic&quot;}\">\n\t\t<div class=\"elementor-element elementor-element-510ad47 e-con-full e-flex e-con e-child\" data-id=\"510ad47\" data-element_type=\"container\" data-settings=\"{&quot;background_background&quot;:&quot;classic&quot;}\">\n\t\t\t\t<\/div>\n\t\t<div class=\"elementor-element elementor-element-5cd6743 e-con-full e-flex e-con e-child\" data-id=\"5cd6743\" data-element_type=\"container\">\n\t\t\t\t<div class=\"elementor-element elementor-element-573f36b elementor-widget elementor-widget-heading\" data-id=\"573f36b\" data-element_type=\"widget\" data-widget_type=\"heading.default\">\n\t\t\t\t<div class=\"elementor-widget-container\">\n\t\t\t\t\t<span class=\"elementor-heading-title elementor-size-default\">Eric<br \/>Reubsaet<\/span>\t\t\t\t<\/div>\n\t\t\t\t<\/div>\n\t\t\t\t<div class=\"elementor-element elementor-element-bd9e896 elementor-widget elementor-widget-heading\" data-id=\"bd9e896\" data-element_type=\"widget\" data-widget_type=\"heading.default\">\n\t\t\t\t<div class=\"elementor-widget-container\">\n\t\t\t\t\t<span class=\"elementor-heading-title elementor-size-default\">Membre du conseil d'administration <br \/>Commerce Port South\n\n<\/span>\t\t\t\t<\/div>\n\t\t\t\t<\/div>\n\t\t\t\t<\/div>\n\t\t\t\t<\/div>\n\t\t<div class=\"elementor-element elementor-element-f9bcac2 e-con-full e-flex e-con e-child\" data-id=\"f9bcac2\" data-element_type=\"container\" data-settings=\"{&quot;background_background&quot;:&quot;classic&quot;}\">\n\t\t<div class=\"elementor-element elementor-element-c4b2e30 e-con-full e-flex e-con e-child\" data-id=\"c4b2e30\" data-element_type=\"container\" data-settings=\"{&quot;background_background&quot;:&quot;classic&quot;}\">\n\t\t\t\t<\/div>\n\t\t<div class=\"elementor-element elementor-element-94792b5 e-con-full e-flex e-con e-child\" data-id=\"94792b5\" data-element_type=\"container\">\n\t\t\t\t<div class=\"elementor-element elementor-element-dbee9f1 elementor-widget elementor-widget-heading\" data-id=\"dbee9f1\" data-element_type=\"widget\" data-widget_type=\"heading.default\">\n\t\t\t\t<div class=\"elementor-widget-container\">\n\t\t\t\t\t<span class=\"elementor-heading-title elementor-size-default\">Stephan<br \/>Peters\n<\/span>\t\t\t\t<\/div>\n\t\t\t\t<\/div>\n\t\t\t\t<div class=\"elementor-element elementor-element-b3bb2bf elementor-widget elementor-widget-heading\" data-id=\"b3bb2bf\" data-element_type=\"widget\" data-widget_type=\"heading.default\">\n\t\t\t\t<div class=\"elementor-widget-container\">\n\t\t\t\t\t<span class=\"elementor-heading-title elementor-size-default\">Membre du conseil d'administration Spikweien\n\n<\/span>\t\t\t\t<\/div>\n\t\t\t\t<\/div>\n\t\t\t\t<\/div>\n\t\t\t\t<\/div>\n\t\t\t\t<\/div>\n\t\t<div class=\"elementor-element elementor-element-6b1b000 e-con-full e-flex e-con e-child\" data-id=\"6b1b000\" data-element_type=\"container\">\n\t\t<div class=\"elementor-element elementor-element-043e854 e-con-full e-flex e-con e-child\" data-id=\"043e854\" data-element_type=\"container\" data-settings=\"{&quot;background_background&quot;:&quot;classic&quot;}\">\n\t\t<div class=\"elementor-element elementor-element-d37eb1b e-con-full e-flex e-con e-child\" data-id=\"d37eb1b\" data-element_type=\"container\" data-settings=\"{&quot;background_background&quot;:&quot;classic&quot;}\">\n\t\t\t\t<\/div>\n\t\t<div class=\"elementor-element elementor-element-c0698c2 e-con-full e-flex e-con e-child\" data-id=\"c0698c2\" data-element_type=\"container\">\n\t\t\t\t<div class=\"elementor-element elementor-element-d981b19 elementor-widget elementor-widget-heading\" data-id=\"d981b19\" data-element_type=\"widget\" data-widget_type=\"heading.default\">\n\t\t\t\t<div class=\"elementor-widget-container\">\n\t\t\t\t\t<span class=\"elementor-heading-title elementor-size-default\">Rob<br \/>Les cheveux\n<\/span>\t\t\t\t<\/div>\n\t\t\t\t<\/div>\n\t\t\t\t<div class=\"elementor-element elementor-element-e65ecff elementor-widget elementor-widget-heading\" data-id=\"e65ecff\" data-element_type=\"widget\" data-widget_type=\"heading.default\">\n\t\t\t\t<div class=\"elementor-widget-container\">\n\t\t\t\t\t<span class=\"elementor-heading-title elementor-size-default\">Membre du conseil d'administration Noorderpoort\n\n<\/span>\t\t\t\t<\/div>\n\t\t\t\t<\/div>\n\t\t\t\t<\/div>\n\t\t\t\t<\/div>\n\t\t<div class=\"elementor-element elementor-element-0a632c6 e-con-full e-flex e-con e-child\" data-id=\"0a632c6\" data-element_type=\"container\">\n\t\t\t\t<\/div>\n\t\t<div class=\"elementor-element elementor-element-12bf96a e-con-full e-flex e-con e-child\" data-id=\"12bf96a\" data-element_type=\"container\">\n\t\t\t\t<\/div>\n\t\t\t\t<\/div>\n\t\t\t\t\t<\/div>\n\t\t\t\t<\/div>\n\t\t\t\t<\/div>","protected":false},"excerpt":{"rendered":"<p>Bestuur Ondernemend Venlo Het bestuur van Ondernemend Venlo speelt een sleutelrol in het behartigen van de belangen van de Venlose ondernemers op de verschillende bedrijventerreinen. Met regelmatige overleggen met belangrijke stakeholders, zoals de gemeente, provincie, overheid en onderwijsinstellingen, wordt er gewerkt aan het versterken van het ondernemersklimaat en een duurzame samenwerking. De bestuursvergaderingen zijn een [&hellip;]<\/p>","protected":false},"author":1,"featured_media":0,"parent":159,"menu_order":3,"comment_status":"closed","ping_status":"closed","template":"","meta":{"_acf_changed":false,"footnotes":""},"class_list":["post-270","page","type-page","status-publish","hentry"],"acf":[],"yoast_head":"<!-- This site is optimized with the Yoast SEO plugin v26.3 - https:\/\/yoast.com\/wordpress\/plugins\/seo\/ -->\n<title>Bestuur - Ondernemend Venlo<\/title>\n<meta name=\"robots\" content=\"index, follow, max-snippet:-1, max-image-preview:large, max-video-preview:-1\" \/>\n<link rel=\"canonical\" href=\"https:\/\/www.ondernemendvenlo.nl\/fr\/organisatie\/bestuur\/\" \/>\n<meta property=\"og:locale\" content=\"fr_FR\" \/>\n<meta property=\"og:type\" content=\"article\" \/>\n<meta property=\"og:title\" content=\"Bestuur - Ondernemend Venlo\" \/>\n<meta property=\"og:description\" content=\"Bestuur Ondernemend Venlo Het bestuur van Ondernemend Venlo speelt een sleutelrol in het behartigen van de belangen van de Venlose ondernemers op de verschillende bedrijventerreinen. Met regelmatige overleggen met belangrijke stakeholders, zoals de gemeente, provincie, overheid en onderwijsinstellingen, wordt er gewerkt aan het versterken van het ondernemersklimaat en een duurzame samenwerking. De bestuursvergaderingen zijn een [&hellip;]\" \/>\n<meta property=\"og:url\" content=\"https:\/\/www.ondernemendvenlo.nl\/fr\/organisatie\/bestuur\/\" \/>\n<meta property=\"og:site_name\" content=\"Ondernemend Venlo\" \/>\n<meta property=\"article:modified_time\" content=\"2025-12-29T11:41:36+00:00\" \/>\n<meta name=\"twitter:card\" content=\"summary_large_image\" \/>\n<meta name=\"twitter:label1\" content=\"Dur\u00e9e de lecture estim\u00e9e\" \/>\n\t<meta name=\"twitter:data1\" content=\"1 minute\" \/>\n<script type=\"application\/ld+json\" class=\"yoast-schema-graph\">{\"@context\":\"https:\/\/schema.org\",\"@graph\":[{\"@type\":\"WebPage\",\"@id\":\"https:\/\/www.ondernemendvenlo.nl\/organisatie\/bestuur\/\",\"url\":\"https:\/\/www.ondernemendvenlo.nl\/organisatie\/bestuur\/\",\"name\":\"Bestuur - Ondernemend Venlo\",\"isPartOf\":{\"@id\":\"https:\/\/www.ondernemendvenlo.nl\/#website\"},\"datePublished\":\"2025-03-12T17:44:01+00:00\",\"dateModified\":\"2025-12-29T11:41:36+00:00\",\"breadcrumb\":{\"@id\":\"https:\/\/www.ondernemendvenlo.nl\/organisatie\/bestuur\/#breadcrumb\"},\"inLanguage\":\"fr-FR\",\"potentialAction\":[{\"@type\":\"ReadAction\",\"target\":[\"https:\/\/www.ondernemendvenlo.nl\/organisatie\/bestuur\/\"]}]},{\"@type\":\"BreadcrumbList\",\"@id\":\"https:\/\/www.ondernemendvenlo.nl\/organisatie\/bestuur\/#breadcrumb\",\"itemListElement\":[{\"@type\":\"ListItem\",\"position\":1,\"name\":\"Ondernemend Venlo\",\"item\":\"https:\/\/www.ondernemendvenlo.nl\/\"},{\"@type\":\"ListItem\",\"position\":2,\"name\":\"Organisatie\",\"item\":\"https:\/\/www.ondernemendvenlo.nl\/organisatie\/\"},{\"@type\":\"ListItem\",\"position\":3,\"name\":\"Bestuur\"}]},{\"@type\":\"WebSite\",\"@id\":\"https:\/\/www.ondernemendvenlo.nl\/#website\",\"url\":\"https:\/\/www.ondernemendvenlo.nl\/\",\"name\":\"Ondernemend Venlo\",\"description\":\"Samen succesvol ondernemen\",\"publisher\":{\"@id\":\"https:\/\/www.ondernemendvenlo.nl\/#organization\"},\"potentialAction\":[{\"@type\":\"SearchAction\",\"target\":{\"@type\":\"EntryPoint\",\"urlTemplate\":\"https:\/\/www.ondernemendvenlo.nl\/?s={search_term_string}\"},\"query-input\":{\"@type\":\"PropertyValueSpecification\",\"valueRequired\":true,\"valueName\":\"search_term_string\"}}],\"inLanguage\":\"fr-FR\"},{\"@type\":\"Organization\",\"@id\":\"https:\/\/www.ondernemendvenlo.nl\/#organization\",\"name\":\"Ondernemend Venlo\",\"url\":\"https:\/\/www.ondernemendvenlo.nl\/\",\"logo\":{\"@type\":\"ImageObject\",\"inLanguage\":\"fr-FR\",\"@id\":\"https:\/\/www.ondernemendvenlo.nl\/#\/schema\/logo\/image\/\",\"url\":\"https:\/\/www.ondernemendvenlo.nl\/wp-content\/uploads\/2025\/02\/Ondernemend-Venlo-logo-scaled.webp\",\"contentUrl\":\"https:\/\/www.ondernemendvenlo.nl\/wp-content\/uploads\/2025\/02\/Ondernemend-Venlo-logo-scaled.webp\",\"width\":2560,\"height\":1010,\"caption\":\"Ondernemend Venlo\"},\"image\":{\"@id\":\"https:\/\/www.ondernemendvenlo.nl\/#\/schema\/logo\/image\/\"},\"sameAs\":[\"https:\/\/www.linkedin.com\/company\/ondernemend-venlo\/\"]}]}<\/script>\n<!-- \/ Yoast SEO plugin. -->","yoast_head_json":{"title":"Bestuur - Ondernemend Venlo","robots":{"index":"index","follow":"follow","max-snippet":"max-snippet:-1","max-image-preview":"max-image-preview:large","max-video-preview":"max-video-preview:-1"},"canonical":"https:\/\/www.ondernemendvenlo.nl\/fr\/organisatie\/bestuur\/","og_locale":"fr_FR","og_type":"article","og_title":"Bestuur - Ondernemend Venlo","og_description":"Bestuur Ondernemend Venlo Het bestuur van Ondernemend Venlo speelt een sleutelrol in het behartigen van de belangen van de Venlose ondernemers op de verschillende bedrijventerreinen. Met regelmatige overleggen met belangrijke stakeholders, zoals de gemeente, provincie, overheid en onderwijsinstellingen, wordt er gewerkt aan het versterken van het ondernemersklimaat en een duurzame samenwerking. De bestuursvergaderingen zijn een [&hellip;]","og_url":"https:\/\/www.ondernemendvenlo.nl\/fr\/organisatie\/bestuur\/","og_site_name":"Ondernemend Venlo","article_modified_time":"2025-12-29T11:41:36+00:00","twitter_card":"summary_large_image","twitter_misc":{"Dur\u00e9e de lecture estim\u00e9e":"1 minute"},"schema":{"@context":"https:\/\/schema.org","@graph":[{"@type":"WebPage","@id":"https:\/\/www.ondernemendvenlo.nl\/organisatie\/bestuur\/","url":"https:\/\/www.ondernemendvenlo.nl\/organisatie\/bestuur\/","name":"Bestuur - Ondernemend Venlo","isPartOf":{"@id":"https:\/\/www.ondernemendvenlo.nl\/#website"},"datePublished":"2025-03-12T17:44:01+00:00","dateModified":"2025-12-29T11:41:36+00:00","breadcrumb":{"@id":"https:\/\/www.ondernemendvenlo.nl\/organisatie\/bestuur\/#breadcrumb"},"inLanguage":"fr-FR","potentialAction":[{"@type":"ReadAction","target":["https:\/\/www.ondernemendvenlo.nl\/organisatie\/bestuur\/"]}]},{"@type":"BreadcrumbList","@id":"https:\/\/www.ondernemendvenlo.nl\/organisatie\/bestuur\/#breadcrumb","itemListElement":[{"@type":"ListItem","position":1,"name":"Ondernemend Venlo","item":"https:\/\/www.ondernemendvenlo.nl\/"},{"@type":"ListItem","position":2,"name":"Organisatie","item":"https:\/\/www.ondernemendvenlo.nl\/organisatie\/"},{"@type":"ListItem","position":3,"name":"Bestuur"}]},{"@type":"WebSite","@id":"https:\/\/www.ondernemendvenlo.nl\/#website","url":"https:\/\/www.ondernemendvenlo.nl\/","name":"Venlo entrepreneurial","description":"Travailler ensemble avec succ\u00e8s","publisher":{"@id":"https:\/\/www.ondernemendvenlo.nl\/#organization"},"potentialAction":[{"@type":"SearchAction","target":{"@type":"EntryPoint","urlTemplate":"https:\/\/www.ondernemendvenlo.nl\/?s={search_term_string}"},"query-input":{"@type":"PropertyValueSpecification","valueRequired":true,"valueName":"search_term_string"}}],"inLanguage":"fr-FR"},{"@type":"Organization","@id":"https:\/\/www.ondernemendvenlo.nl\/#organization","name":"Venlo entrepreneurial","url":"https:\/\/www.ondernemendvenlo.nl\/","logo":{"@type":"ImageObject","inLanguage":"fr-FR","@id":"https:\/\/www.ondernemendvenlo.nl\/#\/schema\/logo\/image\/","url":"https:\/\/www.ondernemendvenlo.nl\/wp-content\/uploads\/2025\/02\/Ondernemend-Venlo-logo-scaled.webp","contentUrl":"https:\/\/www.ondernemendvenlo.nl\/wp-content\/uploads\/2025\/02\/Ondernemend-Venlo-logo-scaled.webp","width":2560,"height":1010,"caption":"Ondernemend Venlo"},"image":{"@id":"https:\/\/www.ondernemendvenlo.nl\/#\/schema\/logo\/image\/"},"sameAs":["https:\/\/www.linkedin.com\/company\/ondernemend-venlo\/"]}]}},"_links":{"self":[{"href":"https:\/\/www.ondernemendvenlo.nl\/fr\/wp-json\/wp\/v2\/pages\/270","targetHints":{"allow":["GET"]}}],"collection":[{"href":"https:\/\/www.ondernemendvenlo.nl\/fr\/wp-json\/wp\/v2\/pages"}],"about":[{"href":"https:\/\/www.ondernemendvenlo.nl\/fr\/wp-json\/wp\/v2\/types\/page"}],"author":[{"embeddable":true,"href":"https:\/\/www.ondernemendvenlo.nl\/fr\/wp-json\/wp\/v2\/users\/1"}],"replies":[{"embeddable":true,"href":"https:\/\/www.ondernemendvenlo.nl\/fr\/wp-json\/wp\/v2\/comments?post=270"}],"version-history":[{"count":21,"href":"https:\/\/www.ondernemendvenlo.nl\/fr\/wp-json\/wp\/v2\/pages\/270\/revisions"}],"predecessor-version":[{"id":9257,"href":"https:\/\/www.ondernemendvenlo.nl\/fr\/wp-json\/wp\/v2\/pages\/270\/revisions\/9257"}],"up":[{"embeddable":true,"href":"https:\/\/www.ondernemendvenlo.nl\/fr\/wp-json\/wp\/v2\/pages\/159"}],"wp:attachment":[{"href":"https:\/\/www.ondernemendvenlo.nl\/fr\/wp-json\/wp\/v2\/media?parent=270"}],"curies":[{"name":"wp","href":"https:\/\/api.w.org\/{rel}","templated":true}]}}