{"id":277,"date":"2025-03-12T18:44:45","date_gmt":"2025-03-12T17:44:45","guid":{"rendered":"https:\/\/www.ondernemendvenlo.nl\/?page_id=277"},"modified":"2025-04-09T12:10:21","modified_gmt":"2025-04-09T10:10:21","slug":"strategische-projecten","status":"publish","type":"page","link":"https:\/\/www.ondernemendvenlo.nl\/fr\/voor-ondernemers\/strategische-projecten\/","title":{"rendered":"Projets strat\u00e9giques"},"content":{"rendered":"<div data-elementor-type=\"wp-page\" data-elementor-id=\"277\" class=\"elementor elementor-277\" data-elementor-post-type=\"page\">\n\t\t\t\t<div class=\"elementor-element elementor-element-05262dd e-flex e-con-boxed e-con e-parent\" data-id=\"05262dd\" data-element_type=\"container\">\n\t\t\t\t\t<div class=\"e-con-inner\">\n\t\t<div class=\"elementor-element elementor-element-ab729df e-con-full e-flex e-con e-child\" data-id=\"ab729df\" data-element_type=\"container\">\n\t\t\t\t<div class=\"elementor-element elementor-element-1b7add6 elementor-widget elementor-widget-heading\" data-id=\"1b7add6\" data-element_type=\"widget\" data-widget_type=\"heading.default\">\n\t\t\t\t<div class=\"elementor-widget-container\">\n\t\t\t\t\t<span class=\"elementor-heading-title elementor-size-default\">Le lien entre les entrepreneurs et les pouvoirs publics <\/span>\t\t\t\t<\/div>\n\t\t\t\t<\/div>\n\t\t\t\t<div class=\"elementor-element elementor-element-ac5ef43 elementor-widget elementor-widget-text-editor\" data-id=\"ac5ef43\" data-element_type=\"widget\" data-widget_type=\"text-editor.default\">\n\t\t\t\t<div class=\"elementor-widget-container\">\n\t\t\t\t\t\t\t\t\t<p>Ondernemend Venlo (OV) agit en tant que d\u00e9fenseur et connecteur pour les entrepreneurs au sein de la municipalit\u00e9 de Venlo. Son plan strat\u00e9gique 2026-2030 oriente le d\u00e9veloppement \u00e9conomique de la r\u00e9gion en mettant l'accent sur la coop\u00e9ration, la durabilit\u00e9 et l'innovation. La mission d'Ondernemend Venlo est de cr\u00e9er des conditions optimales pour les entrepreneurs afin qu'ils puissent op\u00e9rer avec succ\u00e8s sur le plan \u00e9conomique et qu'ils soient pr\u00eats \u00e0 affronter l'avenir. La vision consiste \u00e0 positionner Venlo comme une r\u00e9gion \u00e9conomiquement forte et innovante dans laquelle les entreprises prosp\u00e8rent et les talents s'installent durablement. Pour y parvenir de mani\u00e8re cibl\u00e9e, un programme de d\u00e9veloppement de la vision \u00e9conomique pour les ann\u00e9es \u00e0 venir a \u00e9t\u00e9 \u00e9labor\u00e9 en collaboration avec la municipalit\u00e9, dans le cadre duquel des th\u00e8mes pertinents et d'actualit\u00e9 doivent \u00eatre identifi\u00e9s en tant que fers de lance\/projets. Ces projets seront pr\u00e9cis\u00e9s \u00e0 court terme.<\/p><p><strong>Piliers strat\u00e9giques<\/strong><br \/>Les cinq piliers strat\u00e9giques suivants ont \u00e9t\u00e9 d\u00e9finis pour la p\u00e9riode 2026-2030 :<\/p>\t\t\t\t\t\t\t\t<\/div>\n\t\t\t\t<\/div>\n\t\t<div class=\"elementor-element elementor-element-9a769bd e-con-full e-flex e-con e-child\" data-id=\"9a769bd\" data-element_type=\"container\" data-settings=\"{&quot;background_background&quot;:&quot;classic&quot;}\">\n\t\t\t\t<div class=\"elementor-element elementor-element-358547f elementor-widget elementor-widget-heading\" data-id=\"358547f\" data-element_type=\"widget\" data-widget_type=\"heading.default\">\n\t\t\t\t<div class=\"elementor-widget-container\">\n\t\t\t\t\t<h2 class=\"elementor-heading-title elementor-size-default\"><a href=\"https:\/\/www.ondernemendvenlo.nl\/fr\/projecten\/optimale-infrastructuur\/\">Mettre en place une infrastructure optimale pour l'esprit d'entreprise, \u00e0 la fois physique et num\u00e9rique (gestion du parc)<\/a><\/h2>\t\t\t\t<\/div>\n\t\t\t\t<\/div>\n\t\t\t\t<div class=\"elementor-element elementor-element-e7bc080 elementor-widget elementor-widget-text-editor\" data-id=\"e7bc080\" data-element_type=\"widget\" data-widget_type=\"text-editor.default\">\n\t\t\t\t<div class=\"elementor-widget-container\">\n\t\t\t\t\t\t\t\t\t<p>Objectif : Nos parcs d'activit\u00e9s sont propres, s\u00fbrs et facilement accessibles\/accessibles \u00e0 un niveau \u00e9lev\u00e9.<\/p>\t\t\t\t\t\t\t\t<\/div>\n\t\t\t\t<\/div>\n\t\t\t\t<div class=\"elementor-element elementor-element-b27c0a3 elementor-widget elementor-widget-button\" data-id=\"b27c0a3\" data-element_type=\"widget\" data-widget_type=\"button.default\">\n\t\t\t\t<div class=\"elementor-widget-container\">\n\t\t\t\t\t\t\t\t\t<div class=\"elementor-button-wrapper\">\n\t\t\t\t\t<a class=\"elementor-button elementor-button-link elementor-size-sm\" href=\"https:\/\/www.ondernemendvenlo.nl\/fr\/projecten\/optimale-infrastructuur\/\">\n\t\t\t\t\t\t<span class=\"elementor-button-content-wrapper\">\n\t\t\t\t\t\t\t\t\t<span class=\"elementor-button-text\">Plus d'informations<\/span>\n\t\t\t\t\t<\/span>\n\t\t\t\t\t<\/a>\n\t\t\t\t<\/div>\n\t\t\t\t\t\t\t\t<\/div>\n\t\t\t\t<\/div>\n\t\t\t\t<\/div>\n\t\t<div class=\"elementor-element elementor-element-64977c8 e-con-full e-flex e-con e-child\" data-id=\"64977c8\" data-element_type=\"container\" data-settings=\"{&quot;background_background&quot;:&quot;classic&quot;}\">\n\t\t\t\t<div class=\"elementor-element elementor-element-cfd3c51 elementor-widget elementor-widget-heading\" data-id=\"cfd3c51\" data-element_type=\"widget\" data-widget_type=\"heading.default\">\n\t\t\t\t<div class=\"elementor-widget-container\">\n\t\t\t\t\t<h2 class=\"elementor-heading-title elementor-size-default\"><a href=\"https:\/\/www.ondernemendvenlo.nl\/fr\/projecten\/regionale-branding\/\">Am\u00e9liorer l'image de marque de la r\u00e9gion\n<\/a><\/h2>\t\t\t\t<\/div>\n\t\t\t\t<\/div>\n\t\t\t\t<div class=\"elementor-element elementor-element-ec6a508 elementor-widget elementor-widget-text-editor\" data-id=\"ec6a508\" data-element_type=\"widget\" data-widget_type=\"text-editor.default\">\n\t\t\t\t<div class=\"elementor-widget-container\">\n\t\t\t\t\t\t\t\t\tObjectif : positionner Venlo comme une ville progressiste o\u00f9 toutes les facettes sont pr\u00e9sentes pour un entrepreneuriat r\u00e9ussi, une vie agr\u00e9able et o\u00f9 les jeunes talents veulent \u00e9tudier et peuvent s'installer (de mani\u00e8re permanente).\t\t\t\t\t\t\t\t<\/div>\n\t\t\t\t<\/div>\n\t\t\t\t<div class=\"elementor-element elementor-element-6e8c2a9 elementor-widget elementor-widget-button\" data-id=\"6e8c2a9\" data-element_type=\"widget\" data-widget_type=\"button.default\">\n\t\t\t\t<div class=\"elementor-widget-container\">\n\t\t\t\t\t\t\t\t\t<div class=\"elementor-button-wrapper\">\n\t\t\t\t\t<a class=\"elementor-button elementor-button-link elementor-size-sm\" href=\"https:\/\/www.ondernemendvenlo.nl\/fr\/projecten\/regionale-branding\/\">\n\t\t\t\t\t\t<span class=\"elementor-button-content-wrapper\">\n\t\t\t\t\t\t\t\t\t<span class=\"elementor-button-text\">Plus d'informations<\/span>\n\t\t\t\t\t<\/span>\n\t\t\t\t\t<\/a>\n\t\t\t\t<\/div>\n\t\t\t\t\t\t\t\t<\/div>\n\t\t\t\t<\/div>\n\t\t\t\t<\/div>\n\t\t<div class=\"elementor-element elementor-element-9f515f3 e-con-full e-flex e-con e-child\" data-id=\"9f515f3\" data-element_type=\"container\" data-settings=\"{&quot;background_background&quot;:&quot;classic&quot;}\">\n\t\t\t\t<div class=\"elementor-element elementor-element-50285bf elementor-widget elementor-widget-heading\" data-id=\"50285bf\" data-element_type=\"widget\" data-widget_type=\"heading.default\">\n\t\t\t\t<div class=\"elementor-widget-container\">\n\t\t\t\t\t<h2 class=\"elementor-heading-title elementor-size-default\"><a href=\"https:\/\/www.ondernemendvenlo.nl\/fr\/projecten\/arbeidsmarkt\/\">Accent mis sur le capital humain, le march\u00e9 du travail et le d\u00e9veloppement des connaissances\n<\/a><\/h2>\t\t\t\t<\/div>\n\t\t\t\t<\/div>\n\t\t\t\t<div class=\"elementor-element elementor-element-571ecd3 elementor-widget elementor-widget-text-editor\" data-id=\"571ecd3\" data-element_type=\"widget\" data-widget_type=\"text-editor.default\">\n\t\t\t\t<div class=\"elementor-widget-container\">\n\t\t\t\t\t\t\t\t\tObjectif : Les entrepreneurs b\u00e9n\u00e9ficient des connaissances et des r\u00e9seaux appropri\u00e9s, ce qui leur permet de r\u00e9agir rapidement au march\u00e9 du travail et de retenir les talents de demain.\t\t\t\t\t\t\t\t<\/div>\n\t\t\t\t<\/div>\n\t\t\t\t<div class=\"elementor-element elementor-element-874d8f0 elementor-widget elementor-widget-button\" data-id=\"874d8f0\" data-element_type=\"widget\" data-widget_type=\"button.default\">\n\t\t\t\t<div class=\"elementor-widget-container\">\n\t\t\t\t\t\t\t\t\t<div class=\"elementor-button-wrapper\">\n\t\t\t\t\t<a class=\"elementor-button elementor-button-link elementor-size-sm\" href=\"https:\/\/www.ondernemendvenlo.nl\/fr\/projecten\/arbeidsmarkt\/\">\n\t\t\t\t\t\t<span class=\"elementor-button-content-wrapper\">\n\t\t\t\t\t\t\t\t\t<span class=\"elementor-button-text\">Plus d'informations<\/span>\n\t\t\t\t\t<\/span>\n\t\t\t\t\t<\/a>\n\t\t\t\t<\/div>\n\t\t\t\t\t\t\t\t<\/div>\n\t\t\t\t<\/div>\n\t\t\t\t<\/div>\n\t\t<div class=\"elementor-element elementor-element-60af3a1 e-con-full e-flex e-con e-child\" data-id=\"60af3a1\" data-element_type=\"container\" data-settings=\"{&quot;background_background&quot;:&quot;classic&quot;}\">\n\t\t\t\t<div class=\"elementor-element elementor-element-52bcf0b elementor-widget elementor-widget-heading\" data-id=\"52bcf0b\" data-element_type=\"widget\" data-widget_type=\"heading.default\">\n\t\t\t\t<div class=\"elementor-widget-container\">\n\t\t\t\t\t<h2 class=\"elementor-heading-title elementor-size-default\"><a href=\"https:\/\/www.ondernemendvenlo.nl\/fr\/projecten\/toekomstbestendig-ondernemen\/\">Faciliter la p\u00e9rennit\u00e9 des entreprises\n<\/a><\/h2>\t\t\t\t<\/div>\n\t\t\t\t<\/div>\n\t\t\t\t<div class=\"elementor-element elementor-element-bc81c51 elementor-widget elementor-widget-text-editor\" data-id=\"bc81c51\" data-element_type=\"widget\" data-widget_type=\"text-editor.default\">\n\t\t\t\t<div class=\"elementor-widget-container\">\n\t\t\t\t\t\t\t\t\tObjectif : Les entrepreneurs acqui\u00e8rent des connaissances sur des th\u00e8mes tr\u00e8s pertinents et d'actualit\u00e9 tels que la circularit\u00e9, l'IA, la robotisation, etc.\t\t\t\t\t\t\t\t<\/div>\n\t\t\t\t<\/div>\n\t\t\t\t<div class=\"elementor-element elementor-element-4a21ad4 elementor-widget elementor-widget-button\" data-id=\"4a21ad4\" data-element_type=\"widget\" data-widget_type=\"button.default\">\n\t\t\t\t<div class=\"elementor-widget-container\">\n\t\t\t\t\t\t\t\t\t<div class=\"elementor-button-wrapper\">\n\t\t\t\t\t<a class=\"elementor-button elementor-button-link elementor-size-sm\" href=\"https:\/\/www.ondernemendvenlo.nl\/fr\/projecten\/toekomstbestendig-ondernemen\/\">\n\t\t\t\t\t\t<span class=\"elementor-button-content-wrapper\">\n\t\t\t\t\t\t\t\t\t<span class=\"elementor-button-text\">Plus d'informations<\/span>\n\t\t\t\t\t<\/span>\n\t\t\t\t\t<\/a>\n\t\t\t\t<\/div>\n\t\t\t\t\t\t\t\t<\/div>\n\t\t\t\t<\/div>\n\t\t\t\t<\/div>\n\t\t<div class=\"elementor-element elementor-element-4d791ef e-con-full e-flex e-con e-child\" data-id=\"4d791ef\" data-element_type=\"container\" data-settings=\"{&quot;background_background&quot;:&quot;classic&quot;}\">\n\t\t\t\t<div class=\"elementor-element elementor-element-0a1931a elementor-widget elementor-widget-heading\" data-id=\"0a1931a\" data-element_type=\"widget\" data-widget_type=\"heading.default\">\n\t\t\t\t<div class=\"elementor-widget-container\">\n\t\t\t\t\t<h2 class=\"elementor-heading-title elementor-size-default\"><a href=\"https:\/\/www.ondernemendvenlo.nl\/fr\/projecten\/samenwerking\/\">Am\u00e9liorer la collaboration et la connexion<\/a><\/h2>\t\t\t\t<\/div>\n\t\t\t\t<\/div>\n\t\t\t\t<div class=\"elementor-element elementor-element-7cd1827 elementor-widget elementor-widget-text-editor\" data-id=\"7cd1827\" data-element_type=\"widget\" data-widget_type=\"text-editor.default\">\n\t\t\t\t<div class=\"elementor-widget-container\">\n\t\t\t\t\t\t\t\t\tObjectif : Entrepreneurial Venlo joue un r\u00f4le cl\u00e9 dans l'\u00e9tablissement de liens pr\u00e9cieux entre les entrepreneurs, le gouvernement, l'\u00e9ducation et d'autres agences\t\t\t\t\t\t\t\t<\/div>\n\t\t\t\t<\/div>\n\t\t\t\t<div class=\"elementor-element elementor-element-a8cb15b elementor-widget elementor-widget-button\" data-id=\"a8cb15b\" data-element_type=\"widget\" data-widget_type=\"button.default\">\n\t\t\t\t<div class=\"elementor-widget-container\">\n\t\t\t\t\t\t\t\t\t<div class=\"elementor-button-wrapper\">\n\t\t\t\t\t<a class=\"elementor-button elementor-button-link elementor-size-sm\" href=\"https:\/\/www.ondernemendvenlo.nl\/fr\/projecten\/samenwerking\/\">\n\t\t\t\t\t\t<span class=\"elementor-button-content-wrapper\">\n\t\t\t\t\t\t\t\t\t<span class=\"elementor-button-text\">Plus d'informations<\/span>\n\t\t\t\t\t<\/span>\n\t\t\t\t\t<\/a>\n\t\t\t\t<\/div>\n\t\t\t\t\t\t\t\t<\/div>\n\t\t\t\t<\/div>\n\t\t\t\t<\/div>\n\t\t\t\t<\/div>\n\t\t<div class=\"elementor-element elementor-element-8eb7c07 e-con-full e-flex e-con e-child\" data-id=\"8eb7c07\" data-element_type=\"container\">\n\t\t\t\t<div class=\"elementor-element elementor-element-2285c40 elementor-widget elementor-widget-image\" data-id=\"2285c40\" data-element_type=\"widget\" data-widget_type=\"image.default\">\n\t\t\t\t<div class=\"elementor-widget-container\">\n\t\t\t\t\t\t\t\t\t\t\t\t\t\t\t<img fetchpriority=\"high\" decoding=\"async\" width=\"1086\" height=\"1156\" src=\"https:\/\/www.ondernemendvenlo.nl\/wp-content\/uploads\/2025\/03\/ov-bg.png\" class=\"attachment-full size-full wp-image-801\" alt=\"\" srcset=\"https:\/\/www.ondernemendvenlo.nl\/wp-content\/uploads\/2025\/03\/ov-bg.png 1086w, https:\/\/www.ondernemendvenlo.nl\/wp-content\/uploads\/2025\/03\/ov-bg-282x300.png 282w, https:\/\/www.ondernemendvenlo.nl\/wp-content\/uploads\/2025\/03\/ov-bg-962x1024.png 962w, https:\/\/www.ondernemendvenlo.nl\/wp-content\/uploads\/2025\/03\/ov-bg-768x818.png 768w, https:\/\/www.ondernemendvenlo.nl\/wp-content\/uploads\/2025\/03\/ov-bg-11x12.png 11w\" sizes=\"(max-width: 1086px) 100vw, 1086px\" \/>\t\t\t\t\t\t\t\t\t\t\t\t\t\t\t<\/div>\n\t\t\t\t<\/div>\n\t\t\t\t<\/div>\n\t\t\t\t\t<\/div>\n\t\t\t\t<\/div>\n\t\t\t\t<\/div>","protected":false},"excerpt":{"rendered":"<p>De schakel tussen ondernemers en overheid Ondernemend Venlo (OV) fungeert als belangenbehartiger en verbinder voor ondernemers binnen de gemeente Venlo. Met het strategisch plan 2026-2030 wordt richting gegeven aan de economische ontwikkeling van de regio, waarbij samenwerking, duurzaamheid en innovatie centraal staan. De missie van Ondernemend Venlo is het cre\u00ebren van optimale omstandigheden voor ondernemers [&hellip;]<\/p>","protected":false},"author":1,"featured_media":3786,"parent":243,"menu_order":2,"comment_status":"closed","ping_status":"closed","template":"","meta":{"_acf_changed":false,"footnotes":""},"class_list":["post-277","page","type-page","status-publish","has-post-thumbnail","hentry"],"acf":[],"yoast_head":"<!-- This site is optimized with the Yoast SEO plugin v26.3 - https:\/\/yoast.com\/wordpress\/plugins\/seo\/ -->\n<title>Strategische projecten - Ondernemend Venlo<\/title>\n<meta name=\"robots\" content=\"index, follow, max-snippet:-1, max-image-preview:large, max-video-preview:-1\" \/>\n<link rel=\"canonical\" href=\"https:\/\/www.ondernemendvenlo.nl\/fr\/voor-ondernemers\/strategische-projecten\/\" \/>\n<meta property=\"og:locale\" content=\"fr_FR\" \/>\n<meta property=\"og:type\" content=\"article\" \/>\n<meta property=\"og:title\" content=\"Strategische projecten - Ondernemend Venlo\" \/>\n<meta property=\"og:description\" content=\"De schakel tussen ondernemers en overheid Ondernemend Venlo (OV) fungeert als belangenbehartiger en verbinder voor ondernemers binnen de gemeente Venlo. Met het strategisch plan 2026-2030 wordt richting gegeven aan de economische ontwikkeling van de regio, waarbij samenwerking, duurzaamheid en innovatie centraal staan. De missie van Ondernemend Venlo is het cre\u00ebren van optimale omstandigheden voor ondernemers [&hellip;]\" \/>\n<meta property=\"og:url\" content=\"https:\/\/www.ondernemendvenlo.nl\/fr\/voor-ondernemers\/strategische-projecten\/\" \/>\n<meta property=\"og:site_name\" content=\"Ondernemend Venlo\" \/>\n<meta property=\"article:modified_time\" content=\"2025-04-09T10:10:21+00:00\" \/>\n<meta property=\"og:image\" content=\"https:\/\/www.ondernemendvenlo.nl\/wp-content\/uploads\/2025\/04\/ondernemend-venlo-gemeente.jpg\" \/>\n\t<meta property=\"og:image:width\" content=\"1200\" \/>\n\t<meta property=\"og:image:height\" content=\"900\" \/>\n\t<meta property=\"og:image:type\" content=\"image\/jpeg\" \/>\n<meta name=\"twitter:card\" content=\"summary_large_image\" \/>\n<meta name=\"twitter:label1\" content=\"Dur\u00e9e de lecture estim\u00e9e\" \/>\n\t<meta name=\"twitter:data1\" content=\"2 minutes\" \/>\n<script type=\"application\/ld+json\" class=\"yoast-schema-graph\">{\"@context\":\"https:\/\/schema.org\",\"@graph\":[{\"@type\":\"WebPage\",\"@id\":\"https:\/\/www.ondernemendvenlo.nl\/voor-ondernemers\/strategische-projecten\/\",\"url\":\"https:\/\/www.ondernemendvenlo.nl\/voor-ondernemers\/strategische-projecten\/\",\"name\":\"Strategische projecten - Ondernemend Venlo\",\"isPartOf\":{\"@id\":\"https:\/\/www.ondernemendvenlo.nl\/#website\"},\"primaryImageOfPage\":{\"@id\":\"https:\/\/www.ondernemendvenlo.nl\/voor-ondernemers\/strategische-projecten\/#primaryimage\"},\"image\":{\"@id\":\"https:\/\/www.ondernemendvenlo.nl\/voor-ondernemers\/strategische-projecten\/#primaryimage\"},\"thumbnailUrl\":\"https:\/\/www.ondernemendvenlo.nl\/wp-content\/uploads\/2025\/04\/ondernemend-venlo-gemeente.jpg\",\"datePublished\":\"2025-03-12T17:44:45+00:00\",\"dateModified\":\"2025-04-09T10:10:21+00:00\",\"breadcrumb\":{\"@id\":\"https:\/\/www.ondernemendvenlo.nl\/voor-ondernemers\/strategische-projecten\/#breadcrumb\"},\"inLanguage\":\"fr-FR\",\"potentialAction\":[{\"@type\":\"ReadAction\",\"target\":[\"https:\/\/www.ondernemendvenlo.nl\/voor-ondernemers\/strategische-projecten\/\"]}]},{\"@type\":\"ImageObject\",\"inLanguage\":\"fr-FR\",\"@id\":\"https:\/\/www.ondernemendvenlo.nl\/voor-ondernemers\/strategische-projecten\/#primaryimage\",\"url\":\"https:\/\/www.ondernemendvenlo.nl\/wp-content\/uploads\/2025\/04\/ondernemend-venlo-gemeente.jpg\",\"contentUrl\":\"https:\/\/www.ondernemendvenlo.nl\/wp-content\/uploads\/2025\/04\/ondernemend-venlo-gemeente.jpg\",\"width\":1200,\"height\":900},{\"@type\":\"BreadcrumbList\",\"@id\":\"https:\/\/www.ondernemendvenlo.nl\/voor-ondernemers\/strategische-projecten\/#breadcrumb\",\"itemListElement\":[{\"@type\":\"ListItem\",\"position\":1,\"name\":\"Ondernemend Venlo\",\"item\":\"https:\/\/www.ondernemendvenlo.nl\/\"},{\"@type\":\"ListItem\",\"position\":2,\"name\":\"Voor ondernemers\",\"item\":\"https:\/\/www.ondernemendvenlo.nl\/voor-ondernemers\/\"},{\"@type\":\"ListItem\",\"position\":3,\"name\":\"Strategische projecten\"}]},{\"@type\":\"WebSite\",\"@id\":\"https:\/\/www.ondernemendvenlo.nl\/#website\",\"url\":\"https:\/\/www.ondernemendvenlo.nl\/\",\"name\":\"Ondernemend Venlo\",\"description\":\"Samen succesvol ondernemen\",\"publisher\":{\"@id\":\"https:\/\/www.ondernemendvenlo.nl\/#organization\"},\"potentialAction\":[{\"@type\":\"SearchAction\",\"target\":{\"@type\":\"EntryPoint\",\"urlTemplate\":\"https:\/\/www.ondernemendvenlo.nl\/?s={search_term_string}\"},\"query-input\":{\"@type\":\"PropertyValueSpecification\",\"valueRequired\":true,\"valueName\":\"search_term_string\"}}],\"inLanguage\":\"fr-FR\"},{\"@type\":\"Organization\",\"@id\":\"https:\/\/www.ondernemendvenlo.nl\/#organization\",\"name\":\"Ondernemend Venlo\",\"url\":\"https:\/\/www.ondernemendvenlo.nl\/\",\"logo\":{\"@type\":\"ImageObject\",\"inLanguage\":\"fr-FR\",\"@id\":\"https:\/\/www.ondernemendvenlo.nl\/#\/schema\/logo\/image\/\",\"url\":\"https:\/\/www.ondernemendvenlo.nl\/wp-content\/uploads\/2025\/02\/Ondernemend-Venlo-logo-scaled.webp\",\"contentUrl\":\"https:\/\/www.ondernemendvenlo.nl\/wp-content\/uploads\/2025\/02\/Ondernemend-Venlo-logo-scaled.webp\",\"width\":2560,\"height\":1010,\"caption\":\"Ondernemend Venlo\"},\"image\":{\"@id\":\"https:\/\/www.ondernemendvenlo.nl\/#\/schema\/logo\/image\/\"},\"sameAs\":[\"https:\/\/www.linkedin.com\/company\/ondernemend-venlo\/\"]}]}<\/script>\n<!-- \/ Yoast SEO plugin. -->","yoast_head_json":{"title":"Strategische projecten - Ondernemend Venlo","robots":{"index":"index","follow":"follow","max-snippet":"max-snippet:-1","max-image-preview":"max-image-preview:large","max-video-preview":"max-video-preview:-1"},"canonical":"https:\/\/www.ondernemendvenlo.nl\/fr\/voor-ondernemers\/strategische-projecten\/","og_locale":"fr_FR","og_type":"article","og_title":"Strategische projecten - Ondernemend Venlo","og_description":"De schakel tussen ondernemers en overheid Ondernemend Venlo (OV) fungeert als belangenbehartiger en verbinder voor ondernemers binnen de gemeente Venlo. Met het strategisch plan 2026-2030 wordt richting gegeven aan de economische ontwikkeling van de regio, waarbij samenwerking, duurzaamheid en innovatie centraal staan. De missie van Ondernemend Venlo is het cre\u00ebren van optimale omstandigheden voor ondernemers [&hellip;]","og_url":"https:\/\/www.ondernemendvenlo.nl\/fr\/voor-ondernemers\/strategische-projecten\/","og_site_name":"Ondernemend Venlo","article_modified_time":"2025-04-09T10:10:21+00:00","og_image":[{"width":1200,"height":900,"url":"https:\/\/www.ondernemendvenlo.nl\/wp-content\/uploads\/2025\/04\/ondernemend-venlo-gemeente.jpg","type":"image\/jpeg"}],"twitter_card":"summary_large_image","twitter_misc":{"Dur\u00e9e de lecture estim\u00e9e":"2 minutes"},"schema":{"@context":"https:\/\/schema.org","@graph":[{"@type":"WebPage","@id":"https:\/\/www.ondernemendvenlo.nl\/voor-ondernemers\/strategische-projecten\/","url":"https:\/\/www.ondernemendvenlo.nl\/voor-ondernemers\/strategische-projecten\/","name":"Strategische projecten - Ondernemend Venlo","isPartOf":{"@id":"https:\/\/www.ondernemendvenlo.nl\/#website"},"primaryImageOfPage":{"@id":"https:\/\/www.ondernemendvenlo.nl\/voor-ondernemers\/strategische-projecten\/#primaryimage"},"image":{"@id":"https:\/\/www.ondernemendvenlo.nl\/voor-ondernemers\/strategische-projecten\/#primaryimage"},"thumbnailUrl":"https:\/\/www.ondernemendvenlo.nl\/wp-content\/uploads\/2025\/04\/ondernemend-venlo-gemeente.jpg","datePublished":"2025-03-12T17:44:45+00:00","dateModified":"2025-04-09T10:10:21+00:00","breadcrumb":{"@id":"https:\/\/www.ondernemendvenlo.nl\/voor-ondernemers\/strategische-projecten\/#breadcrumb"},"inLanguage":"fr-FR","potentialAction":[{"@type":"ReadAction","target":["https:\/\/www.ondernemendvenlo.nl\/voor-ondernemers\/strategische-projecten\/"]}]},{"@type":"ImageObject","inLanguage":"fr-FR","@id":"https:\/\/www.ondernemendvenlo.nl\/voor-ondernemers\/strategische-projecten\/#primaryimage","url":"https:\/\/www.ondernemendvenlo.nl\/wp-content\/uploads\/2025\/04\/ondernemend-venlo-gemeente.jpg","contentUrl":"https:\/\/www.ondernemendvenlo.nl\/wp-content\/uploads\/2025\/04\/ondernemend-venlo-gemeente.jpg","width":1200,"height":900},{"@type":"BreadcrumbList","@id":"https:\/\/www.ondernemendvenlo.nl\/voor-ondernemers\/strategische-projecten\/#breadcrumb","itemListElement":[{"@type":"ListItem","position":1,"name":"Ondernemend Venlo","item":"https:\/\/www.ondernemendvenlo.nl\/"},{"@type":"ListItem","position":2,"name":"Voor ondernemers","item":"https:\/\/www.ondernemendvenlo.nl\/voor-ondernemers\/"},{"@type":"ListItem","position":3,"name":"Strategische projecten"}]},{"@type":"WebSite","@id":"https:\/\/www.ondernemendvenlo.nl\/#website","url":"https:\/\/www.ondernemendvenlo.nl\/","name":"Venlo entrepreneurial","description":"Travailler ensemble avec succ\u00e8s","publisher":{"@id":"https:\/\/www.ondernemendvenlo.nl\/#organization"},"potentialAction":[{"@type":"SearchAction","target":{"@type":"EntryPoint","urlTemplate":"https:\/\/www.ondernemendvenlo.nl\/?s={search_term_string}"},"query-input":{"@type":"PropertyValueSpecification","valueRequired":true,"valueName":"search_term_string"}}],"inLanguage":"fr-FR"},{"@type":"Organization","@id":"https:\/\/www.ondernemendvenlo.nl\/#organization","name":"Venlo entrepreneurial","url":"https:\/\/www.ondernemendvenlo.nl\/","logo":{"@type":"ImageObject","inLanguage":"fr-FR","@id":"https:\/\/www.ondernemendvenlo.nl\/#\/schema\/logo\/image\/","url":"https:\/\/www.ondernemendvenlo.nl\/wp-content\/uploads\/2025\/02\/Ondernemend-Venlo-logo-scaled.webp","contentUrl":"https:\/\/www.ondernemendvenlo.nl\/wp-content\/uploads\/2025\/02\/Ondernemend-Venlo-logo-scaled.webp","width":2560,"height":1010,"caption":"Ondernemend Venlo"},"image":{"@id":"https:\/\/www.ondernemendvenlo.nl\/#\/schema\/logo\/image\/"},"sameAs":["https:\/\/www.linkedin.com\/company\/ondernemend-venlo\/"]}]}},"_links":{"self":[{"href":"https:\/\/www.ondernemendvenlo.nl\/fr\/wp-json\/wp\/v2\/pages\/277","targetHints":{"allow":["GET"]}}],"collection":[{"href":"https:\/\/www.ondernemendvenlo.nl\/fr\/wp-json\/wp\/v2\/pages"}],"about":[{"href":"https:\/\/www.ondernemendvenlo.nl\/fr\/wp-json\/wp\/v2\/types\/page"}],"author":[{"embeddable":true,"href":"https:\/\/www.ondernemendvenlo.nl\/fr\/wp-json\/wp\/v2\/users\/1"}],"replies":[{"embeddable":true,"href":"https:\/\/www.ondernemendvenlo.nl\/fr\/wp-json\/wp\/v2\/comments?post=277"}],"version-history":[{"count":0,"href":"https:\/\/www.ondernemendvenlo.nl\/fr\/wp-json\/wp\/v2\/pages\/277\/revisions"}],"up":[{"embeddable":true,"href":"https:\/\/www.ondernemendvenlo.nl\/fr\/wp-json\/wp\/v2\/pages\/243"}],"wp:featuredmedia":[{"embeddable":true,"href":"https:\/\/www.ondernemendvenlo.nl\/fr\/wp-json\/wp\/v2\/media\/3786"}],"wp:attachment":[{"href":"https:\/\/www.ondernemendvenlo.nl\/fr\/wp-json\/wp\/v2\/media?parent=277"}],"curies":[{"name":"wp","href":"https:\/\/api.w.org\/{rel}","templated":true}]}}