{"id":287,"date":"2025-03-12T18:45:58","date_gmt":"2025-03-12T17:45:58","guid":{"rendered":"https:\/\/www.ondernemendvenlo.nl\/?page_id=287"},"modified":"2025-04-09T16:06:50","modified_gmt":"2025-04-09T14:06:50","slug":"trade-port","status":"publish","type":"page","link":"https:\/\/www.ondernemendvenlo.nl\/fr\/bedrijventerreinen\/trade-port\/","title":{"rendered":"Port de commerce"},"content":{"rendered":"<div data-elementor-type=\"wp-page\" data-elementor-id=\"287\" class=\"elementor elementor-287\" data-elementor-post-type=\"page\">\n\t\t\t\t<div class=\"elementor-element elementor-element-910fdfc e-flex e-con-boxed e-con e-parent\" data-id=\"910fdfc\" data-element_type=\"container\">\n\t\t\t\t\t<div class=\"e-con-inner\">\n\t\t<div class=\"elementor-element elementor-element-113cd36 e-con-full e-flex e-con e-child\" data-id=\"113cd36\" data-element_type=\"container\">\n\t\t\t\t<div class=\"elementor-element elementor-element-fb8adcf elementor-widget elementor-widget-image\" data-id=\"fb8adcf\" data-element_type=\"widget\" data-widget_type=\"image.default\">\n\t\t\t\t<div class=\"elementor-widget-container\">\n\t\t\t\t\t\t\t\t\t\t\t\t\t\t\t<img fetchpriority=\"high\" decoding=\"async\" width=\"1837\" height=\"2250\" src=\"https:\/\/www.ondernemendvenlo.nl\/wp-content\/uploads\/2025\/03\/OV_bedrijventerreinen_venlo.jpg\" class=\"attachment-full size-full wp-image-302\" alt=\"\" srcset=\"https:\/\/www.ondernemendvenlo.nl\/wp-content\/uploads\/2025\/03\/OV_bedrijventerreinen_venlo.jpg.webp 1837w, https:\/\/www.ondernemendvenlo.nl\/wp-content\/uploads\/2025\/03\/OV_bedrijventerreinen_venlo-245x300.jpg.webp 245w, https:\/\/www.ondernemendvenlo.nl\/wp-content\/uploads\/2025\/03\/OV_bedrijventerreinen_venlo-836x1024.jpg.webp 836w, https:\/\/www.ondernemendvenlo.nl\/wp-content\/uploads\/2025\/03\/OV_bedrijventerreinen_venlo-768x941.jpg.webp 768w, https:\/\/www.ondernemendvenlo.nl\/wp-content\/uploads\/2025\/03\/OV_bedrijventerreinen_venlo-1254x1536.jpg.webp 1254w, https:\/\/www.ondernemendvenlo.nl\/wp-content\/uploads\/2025\/03\/OV_bedrijventerreinen_venlo-1672x2048.jpg.webp 1672w, https:\/\/www.ondernemendvenlo.nl\/wp-content\/uploads\/2025\/03\/OV_bedrijventerreinen_venlo-10x12.jpg.webp 10w\" sizes=\"(max-width: 1837px) 100vw, 1837px\" \/>\t\t\t\t\t\t\t\t\t\t\t\t\t\t\t<\/div>\n\t\t\t\t<\/div>\n\t\t\t\t<\/div>\n\t\t<div class=\"elementor-element elementor-element-63e32f1 e-con-full e-flex e-con e-child\" data-id=\"63e32f1\" data-element_type=\"container\">\n\t\t\t\t<div class=\"elementor-element elementor-element-62052df elementor-widget elementor-widget-heading\" data-id=\"62052df\" data-element_type=\"widget\" data-widget_type=\"heading.default\">\n\t\t\t\t<div class=\"elementor-widget-container\">\n\t\t\t\t\t<span class=\"elementor-heading-title elementor-size-default\">Port de commerce<\/span>\t\t\t\t<\/div>\n\t\t\t\t<\/div>\n\t\t\t\t<div class=\"elementor-element elementor-element-8d1be31 elementor-widget elementor-widget-text-editor\" data-id=\"8d1be31\" data-element_type=\"widget\" data-widget_type=\"text-editor.default\">\n\t\t\t\t<div class=\"elementor-widget-container\">\n\t\t\t\t\t\t\t\t\t<p>Le Businesspark Trade Port fait partie de Ondernemend Venlo, qui regroupe tous les parcs d'activit\u00e9s de Venlo.<\/p>\t\t\t\t\t\t\t\t<\/div>\n\t\t\t\t<\/div>\n\t\t\t\t<div class=\"elementor-element elementor-element-cd9d664 elementor-widget elementor-widget-heading\" data-id=\"cd9d664\" data-element_type=\"widget\" data-widget_type=\"heading.default\">\n\t\t\t\t<div class=\"elementor-widget-container\">\n\t\t\t\t\t<span class=\"elementor-heading-title elementor-size-default\">Nos parcs d'activit\u00e9s<\/span>\t\t\t\t<\/div>\n\t\t\t\t<\/div>\n\t\t<div class=\"elementor-element elementor-element-239ffcc e-con-full e-flex e-con e-child\" data-id=\"239ffcc\" data-element_type=\"container\">\n\t\t\t\t<div class=\"elementor-element elementor-element-c4d7365 elementor-widget elementor-widget-text-editor\" data-id=\"c4d7365\" data-element_type=\"widget\" data-widget_type=\"text-editor.default\">\n\t\t\t\t<div class=\"elementor-widget-container\">\n\t\t\t\t\t\t\t\t\t<p>Tradeport Nord<br \/>Port de commerce Est<br \/>Tradeport West<\/p>\t\t\t\t\t\t\t\t<\/div>\n\t\t\t\t<\/div>\n\t\t\t\t<div class=\"elementor-element elementor-element-c5991c4 elementor-widget elementor-widget-text-editor\" data-id=\"c5991c4\" data-element_type=\"widget\" data-widget_type=\"text-editor.default\">\n\t\t\t\t<div class=\"elementor-widget-container\">\n\t\t\t\t\t\t\t\t\t<p>Greenport Venlo<br \/>Port de commerce de Venlo<br \/>Ubroek<\/p>\t\t\t\t\t\t\t\t<\/div>\n\t\t\t\t<\/div>\n\t\t\t\t<\/div>\n\t\t\t\t<div class=\"elementor-element elementor-element-0778960 elementor-widget elementor-widget-text-editor\" data-id=\"0778960\" data-element_type=\"widget\" data-widget_type=\"text-editor.default\">\n\t\t\t\t<div class=\"elementor-widget-container\">\n\t\t\t\t\t\t\t\t\tLa division Tradeport repr\u00e9sente les int\u00e9r\u00eats de 943 hectares de parc d'activit\u00e9s et de 520 entreprises employant 14 000 personnes.\t\t\t\t\t\t\t\t<\/div>\n\t\t\t\t<\/div>\n\t\t\t\t<div class=\"elementor-element elementor-element-c6466e0 elementor-widget elementor-widget-button\" data-id=\"c6466e0\" data-element_type=\"widget\" data-widget_type=\"button.default\">\n\t\t\t\t<div class=\"elementor-widget-container\">\n\t\t\t\t\t\t\t\t\t<div class=\"elementor-button-wrapper\">\n\t\t\t\t\t<a class=\"elementor-button elementor-button-link elementor-size-sm\" href=\"https:\/\/www.ondernemendvenlo.nl\/fr\/bedrijventerreinen\/trade-port\/bedrijven\/\">\n\t\t\t\t\t\t<span class=\"elementor-button-content-wrapper\">\n\t\t\t\t\t\t\t\t\t<span class=\"elementor-button-text\">Bekijk bedrijven op Trade Port<\/span>\n\t\t\t\t\t<\/span>\n\t\t\t\t\t<\/a>\n\t\t\t\t<\/div>\n\t\t\t\t\t\t\t\t<\/div>\n\t\t\t\t<\/div>\n\t\t\t\t<div class=\"elementor-element elementor-element-3686b94 elementor-widget elementor-widget-gallery\" data-id=\"3686b94\" data-element_type=\"widget\" data-settings=\"{&quot;columns&quot;:6,&quot;gap&quot;:{&quot;unit&quot;:&quot;px&quot;,&quot;size&quot;:20,&quot;sizes&quot;:[]},&quot;aspect_ratio&quot;:&quot;1:1&quot;,&quot;columns_tablet&quot;:3,&quot;columns_mobile&quot;:2,&quot;lazyload&quot;:&quot;yes&quot;,&quot;gallery_layout&quot;:&quot;grid&quot;,&quot;gap_tablet&quot;:{&quot;unit&quot;:&quot;px&quot;,&quot;size&quot;:10,&quot;sizes&quot;:[]},&quot;gap_mobile&quot;:{&quot;unit&quot;:&quot;px&quot;,&quot;size&quot;:10,&quot;sizes&quot;:[]},&quot;link_to&quot;:&quot;file&quot;,&quot;overlay_background&quot;:&quot;yes&quot;,&quot;content_hover_animation&quot;:&quot;fade-in&quot;}\" data-widget_type=\"gallery.default\">\n\t\t\t\t<div class=\"elementor-widget-container\">\n\t\t\t\t\t\t\t<div class=\"elementor-gallery__container\">\n\t\t\t\t\t\t\t<a class=\"e-gallery-item elementor-gallery-item elementor-animated-content\" href=\"https:\/\/www.ondernemendvenlo.nl\/wp-content\/uploads\/2025\/03\/2018-OV-Bedrijven-16-1-scaled.jpg\" data-elementor-open-lightbox=\"yes\" data-elementor-lightbox-slideshow=\"3686b94\" data-elementor-lightbox-title=\"2018-OV-Bedrijven-16 (1)\" data-e-action-hash=\"#elementor-action%3Aaction%3Dlightbox%26settings%3DeyJpZCI6MzYwLCJ1cmwiOiJodHRwczpcL1wvd3d3Lm9uZGVybmVtZW5kdmVubG8ubmxcL3dwLWNvbnRlbnRcL3VwbG9hZHNcLzIwMjVcLzAzXC8yMDE4LU9WLUJlZHJpanZlbi0xNi0xLXNjYWxlZC5qcGciLCJzbGlkZXNob3ciOiIzNjg2Yjk0In0%3D\">\n\t\t\t\t\t<div class=\"e-gallery-image elementor-gallery-item__image\" data-thumbnail=\"https:\/\/www.ondernemendvenlo.nl\/wp-content\/uploads\/2025\/03\/2018-OV-Bedrijven-16-1-scaled.jpg\" data-width=\"2560\" data-height=\"1707\" aria-label=\"\" role=\"img\" ><\/div>\n\t\t\t\t\t\t\t\t\t\t\t<div class=\"elementor-gallery-item__overlay\"><\/div>\n\t\t\t\t\t\t\t\t\t\t\t\t\t\t<\/a>\n\t\t\t\t\t\t\t<a class=\"e-gallery-item elementor-gallery-item elementor-animated-content\" href=\"https:\/\/www.ondernemendvenlo.nl\/wp-content\/uploads\/2025\/03\/2018-OV-Logestiek-08-1-scaled.jpg\" data-elementor-open-lightbox=\"yes\" data-elementor-lightbox-slideshow=\"3686b94\" data-elementor-lightbox-title=\"2018-OV-Logestiek-08 (1)\" data-e-action-hash=\"#elementor-action%3Aaction%3Dlightbox%26settings%3DeyJpZCI6MzU5LCJ1cmwiOiJodHRwczpcL1wvd3d3Lm9uZGVybmVtZW5kdmVubG8ubmxcL3dwLWNvbnRlbnRcL3VwbG9hZHNcLzIwMjVcLzAzXC8yMDE4LU9WLUxvZ2VzdGllay0wOC0xLXNjYWxlZC5qcGciLCJzbGlkZXNob3ciOiIzNjg2Yjk0In0%3D\">\n\t\t\t\t\t<div class=\"e-gallery-image elementor-gallery-item__image\" data-thumbnail=\"https:\/\/www.ondernemendvenlo.nl\/wp-content\/uploads\/2025\/03\/2018-OV-Logestiek-08-1-scaled.jpg\" data-width=\"2560\" data-height=\"1707\" aria-label=\"\" role=\"img\" ><\/div>\n\t\t\t\t\t\t\t\t\t\t\t<div class=\"elementor-gallery-item__overlay\"><\/div>\n\t\t\t\t\t\t\t\t\t\t\t\t\t\t<\/a>\n\t\t\t\t\t\t\t<a class=\"e-gallery-item elementor-gallery-item elementor-animated-content\" href=\"https:\/\/www.ondernemendvenlo.nl\/wp-content\/uploads\/2025\/03\/2018-OV-Bedrijven-13-1-scaled.jpg\" data-elementor-open-lightbox=\"yes\" data-elementor-lightbox-slideshow=\"3686b94\" data-elementor-lightbox-title=\"2018-OV-Bedrijven-13 (1)\" data-e-action-hash=\"#elementor-action%3Aaction%3Dlightbox%26settings%3DeyJpZCI6MzU4LCJ1cmwiOiJodHRwczpcL1wvd3d3Lm9uZGVybmVtZW5kdmVubG8ubmxcL3dwLWNvbnRlbnRcL3VwbG9hZHNcLzIwMjVcLzAzXC8yMDE4LU9WLUJlZHJpanZlbi0xMy0xLXNjYWxlZC5qcGciLCJzbGlkZXNob3ciOiIzNjg2Yjk0In0%3D\">\n\t\t\t\t\t<div class=\"e-gallery-image elementor-gallery-item__image\" data-thumbnail=\"https:\/\/www.ondernemendvenlo.nl\/wp-content\/uploads\/2025\/03\/2018-OV-Bedrijven-13-1-scaled.jpg\" data-width=\"2560\" data-height=\"1707\" aria-label=\"\" role=\"img\" ><\/div>\n\t\t\t\t\t\t\t\t\t\t\t<div class=\"elementor-gallery-item__overlay\"><\/div>\n\t\t\t\t\t\t\t\t\t\t\t\t\t\t<\/a>\n\t\t\t\t\t\t\t<a class=\"e-gallery-item elementor-gallery-item elementor-animated-content\" href=\"https:\/\/www.ondernemendvenlo.nl\/wp-content\/uploads\/2025\/03\/2018-OV-Logestiek-04-768x512-1.jpg\" data-elementor-open-lightbox=\"yes\" data-elementor-lightbox-slideshow=\"3686b94\" data-elementor-lightbox-title=\"2018-OV-Logestiek-04-768x512\" data-e-action-hash=\"#elementor-action%3Aaction%3Dlightbox%26settings%3DeyJpZCI6MzU3LCJ1cmwiOiJodHRwczpcL1wvd3d3Lm9uZGVybmVtZW5kdmVubG8ubmxcL3dwLWNvbnRlbnRcL3VwbG9hZHNcLzIwMjVcLzAzXC8yMDE4LU9WLUxvZ2VzdGllay0wNC03Njh4NTEyLTEuanBnIiwic2xpZGVzaG93IjoiMzY4NmI5NCJ9\">\n\t\t\t\t\t<div class=\"e-gallery-image elementor-gallery-item__image\" data-thumbnail=\"https:\/\/www.ondernemendvenlo.nl\/wp-content\/uploads\/2025\/03\/2018-OV-Logestiek-04-768x512-1.jpg\" data-width=\"768\" data-height=\"512\" aria-label=\"\" role=\"img\" ><\/div>\n\t\t\t\t\t\t\t\t\t\t\t<div class=\"elementor-gallery-item__overlay\"><\/div>\n\t\t\t\t\t\t\t\t\t\t\t\t\t\t<\/a>\n\t\t\t\t\t\t\t<a class=\"e-gallery-item elementor-gallery-item elementor-animated-content\" href=\"https:\/\/www.ondernemendvenlo.nl\/wp-content\/uploads\/2025\/03\/2018-OV-Logestiek-09-768x512-1.jpg\" data-elementor-open-lightbox=\"yes\" data-elementor-lightbox-slideshow=\"3686b94\" data-elementor-lightbox-title=\"2018-OV-Logestiek-09-768x512\" data-e-action-hash=\"#elementor-action%3Aaction%3Dlightbox%26settings%3DeyJpZCI6MzU2LCJ1cmwiOiJodHRwczpcL1wvd3d3Lm9uZGVybmVtZW5kdmVubG8ubmxcL3dwLWNvbnRlbnRcL3VwbG9hZHNcLzIwMjVcLzAzXC8yMDE4LU9WLUxvZ2VzdGllay0wOS03Njh4NTEyLTEuanBnIiwic2xpZGVzaG93IjoiMzY4NmI5NCJ9\">\n\t\t\t\t\t<div class=\"e-gallery-image elementor-gallery-item__image\" data-thumbnail=\"https:\/\/www.ondernemendvenlo.nl\/wp-content\/uploads\/2025\/03\/2018-OV-Logestiek-09-768x512-1.jpg\" data-width=\"768\" data-height=\"512\" aria-label=\"\" role=\"img\" ><\/div>\n\t\t\t\t\t\t\t\t\t\t\t<div class=\"elementor-gallery-item__overlay\"><\/div>\n\t\t\t\t\t\t\t\t\t\t\t\t\t\t<\/a>\n\t\t\t\t\t\t\t<a class=\"e-gallery-item elementor-gallery-item elementor-animated-content\" href=\"https:\/\/www.ondernemendvenlo.nl\/wp-content\/uploads\/2025\/03\/2018-OV-Bedrijven-07-768x512-1.jpg\" data-elementor-open-lightbox=\"yes\" data-elementor-lightbox-slideshow=\"3686b94\" data-elementor-lightbox-title=\"2018-OV-Bedrijven-07-768x512\" data-e-action-hash=\"#elementor-action%3Aaction%3Dlightbox%26settings%3DeyJpZCI6MzU1LCJ1cmwiOiJodHRwczpcL1wvd3d3Lm9uZGVybmVtZW5kdmVubG8ubmxcL3dwLWNvbnRlbnRcL3VwbG9hZHNcLzIwMjVcLzAzXC8yMDE4LU9WLUJlZHJpanZlbi0wNy03Njh4NTEyLTEuanBnIiwic2xpZGVzaG93IjoiMzY4NmI5NCJ9\">\n\t\t\t\t\t<div class=\"e-gallery-image elementor-gallery-item__image\" data-thumbnail=\"https:\/\/www.ondernemendvenlo.nl\/wp-content\/uploads\/2025\/03\/2018-OV-Bedrijven-07-768x512-1.jpg\" data-width=\"768\" data-height=\"512\" aria-label=\"\" role=\"img\" ><\/div>\n\t\t\t\t\t\t\t\t\t\t\t<div class=\"elementor-gallery-item__overlay\"><\/div>\n\t\t\t\t\t\t\t\t\t\t\t\t\t\t<\/a>\n\t\t\t\t\t<\/div>\n\t\t\t\t\t<\/div>\n\t\t\t\t<\/div>\n\t\t\t\t<\/div>\n\t\t\t\t\t<\/div>\n\t\t\t\t<\/div>\n\t\t<div class=\"elementor-element elementor-element-28212e4 e-flex e-con-boxed e-con e-parent\" data-id=\"28212e4\" data-element_type=\"container\" data-settings=\"{&quot;background_background&quot;:&quot;classic&quot;}\">\n\t\t\t\t\t<div class=\"e-con-inner\">\n\t\t\t\t<div class=\"elementor-element elementor-element-a6a72e1 elementor-widget elementor-widget-heading\" data-id=\"a6a72e1\" data-element_type=\"widget\" data-widget_type=\"heading.default\">\n\t\t\t\t<div class=\"elementor-widget-container\">\n\t\t\t\t\t<span class=\"elementor-heading-title elementor-size-default\">Het laatste nieuws van Trade Port<\/span>\t\t\t\t<\/div>\n\t\t\t\t<\/div>\n\t\t\t\t<div class=\"elementor-element elementor-element-f20e34f elementor-grid-4 elementor-grid-tablet-2 elementor-grid-mobile-1 elementor-widget elementor-widget-loop-grid\" data-id=\"f20e34f\" data-element_type=\"widget\" data-settings=\"{&quot;template_id&quot;:&quot;446&quot;,&quot;columns&quot;:4,&quot;pagination_type&quot;:&quot;load_more_on_click&quot;,&quot;row_gap&quot;:{&quot;unit&quot;:&quot;px&quot;,&quot;size&quot;:20,&quot;sizes&quot;:[]},&quot;_skin&quot;:&quot;post&quot;,&quot;columns_tablet&quot;:&quot;2&quot;,&quot;columns_mobile&quot;:&quot;1&quot;,&quot;edit_handle_selector&quot;:&quot;[data-elementor-type=\\&quot;loop-item\\&quot;]&quot;,&quot;load_more_spinner&quot;:{&quot;value&quot;:&quot;fas fa-spinner&quot;,&quot;library&quot;:&quot;fa-solid&quot;},&quot;row_gap_tablet&quot;:{&quot;unit&quot;:&quot;px&quot;,&quot;size&quot;:&quot;&quot;,&quot;sizes&quot;:[]},&quot;row_gap_mobile&quot;:{&quot;unit&quot;:&quot;px&quot;,&quot;size&quot;:&quot;&quot;,&quot;sizes&quot;:[]}}\" data-widget_type=\"loop-grid.post\">\n\t\t\t\t<div class=\"elementor-widget-container\">\n\t\t\t\t\t\t\t<div class=\"e-loop-nothing-found-message\">\n\t\t\t\t\t<div class=\"e-loop-nothing-found-message__text\">\n\t\t\t\tPas de nouvelles.\t\t\t<\/div>\n\t\t\t<\/div>\n\t\t\t\t\t\t<\/div>\n\t\t\t\t<\/div>\n\t\t\t\t\t<\/div>\n\t\t\t\t<\/div>\n\t\t\t\t<\/div>","protected":false},"excerpt":{"rendered":"<p>Trade Port Businesspark Trade Port maakt onderdeel uit van Ondernemend Venlo waarin alle bedrijventerreinen in Venlo zijn verenigd. Onze bedrijventerreinen Tradeport NoordTradeport OostTradeport West Greenport VenloVenlo Trade PortUbroek Afdeling Tradeport behartigt de belangen van 943 hectare bedrijventerrein en voor 520 bedrijven met 14.000 werknemers.<\/p>","protected":false},"author":1,"featured_media":0,"parent":285,"menu_order":1,"comment_status":"closed","ping_status":"closed","template":"","meta":{"_acf_changed":false,"footnotes":""},"class_list":["post-287","page","type-page","status-publish","hentry"],"acf":[],"yoast_head":"<!-- This site is optimized with the Yoast SEO plugin v26.3 - https:\/\/yoast.com\/wordpress\/plugins\/seo\/ -->\n<title>Trade Port - Ondernemend Venlo<\/title>\n<meta name=\"robots\" content=\"index, follow, max-snippet:-1, max-image-preview:large, max-video-preview:-1\" \/>\n<link rel=\"canonical\" href=\"https:\/\/www.ondernemendvenlo.nl\/fr\/bedrijventerreinen\/trade-port\/\" \/>\n<meta property=\"og:locale\" content=\"fr_FR\" \/>\n<meta property=\"og:type\" content=\"article\" \/>\n<meta property=\"og:title\" content=\"Trade Port - Ondernemend Venlo\" \/>\n<meta property=\"og:description\" content=\"Trade Port Businesspark Trade Port maakt onderdeel uit van Ondernemend Venlo waarin alle bedrijventerreinen in Venlo zijn verenigd. Onze bedrijventerreinen Tradeport NoordTradeport OostTradeport West Greenport VenloVenlo Trade PortUbroek Afdeling Tradeport behartigt de belangen van 943 hectare bedrijventerrein en voor 520 bedrijven met 14.000 werknemers.\" \/>\n<meta property=\"og:url\" content=\"https:\/\/www.ondernemendvenlo.nl\/fr\/bedrijventerreinen\/trade-port\/\" \/>\n<meta property=\"og:site_name\" content=\"Ondernemend Venlo\" \/>\n<meta property=\"article:modified_time\" content=\"2025-04-09T14:06:50+00:00\" \/>\n<meta property=\"og:image\" content=\"https:\/\/www.ondernemendvenlo.nl\/wp-content\/uploads\/2025\/03\/OV_bedrijventerreinen_venlo.jpg\" \/>\n\t<meta property=\"og:image:width\" content=\"1837\" \/>\n\t<meta property=\"og:image:height\" content=\"2250\" \/>\n\t<meta property=\"og:image:type\" content=\"image\/jpeg\" \/>\n<meta name=\"twitter:card\" content=\"summary_large_image\" \/>\n<meta name=\"twitter:label1\" content=\"Dur\u00e9e de lecture estim\u00e9e\" \/>\n\t<meta name=\"twitter:data1\" content=\"1 minute\" \/>\n<script type=\"application\/ld+json\" class=\"yoast-schema-graph\">{\"@context\":\"https:\/\/schema.org\",\"@graph\":[{\"@type\":\"WebPage\",\"@id\":\"https:\/\/www.ondernemendvenlo.nl\/bedrijventerreinen\/trade-port\/\",\"url\":\"https:\/\/www.ondernemendvenlo.nl\/bedrijventerreinen\/trade-port\/\",\"name\":\"Trade Port - Ondernemend Venlo\",\"isPartOf\":{\"@id\":\"https:\/\/www.ondernemendvenlo.nl\/#website\"},\"primaryImageOfPage\":{\"@id\":\"https:\/\/www.ondernemendvenlo.nl\/bedrijventerreinen\/trade-port\/#primaryimage\"},\"image\":{\"@id\":\"https:\/\/www.ondernemendvenlo.nl\/bedrijventerreinen\/trade-port\/#primaryimage\"},\"thumbnailUrl\":\"https:\/\/www.ondernemendvenlo.nl\/wp-content\/uploads\/2025\/03\/OV_bedrijventerreinen_venlo.jpg\",\"datePublished\":\"2025-03-12T17:45:58+00:00\",\"dateModified\":\"2025-04-09T14:06:50+00:00\",\"breadcrumb\":{\"@id\":\"https:\/\/www.ondernemendvenlo.nl\/bedrijventerreinen\/trade-port\/#breadcrumb\"},\"inLanguage\":\"fr-FR\",\"potentialAction\":[{\"@type\":\"ReadAction\",\"target\":[\"https:\/\/www.ondernemendvenlo.nl\/bedrijventerreinen\/trade-port\/\"]}]},{\"@type\":\"ImageObject\",\"inLanguage\":\"fr-FR\",\"@id\":\"https:\/\/www.ondernemendvenlo.nl\/bedrijventerreinen\/trade-port\/#primaryimage\",\"url\":\"https:\/\/www.ondernemendvenlo.nl\/wp-content\/uploads\/2025\/03\/OV_bedrijventerreinen_venlo.jpg\",\"contentUrl\":\"https:\/\/www.ondernemendvenlo.nl\/wp-content\/uploads\/2025\/03\/OV_bedrijventerreinen_venlo.jpg\"},{\"@type\":\"BreadcrumbList\",\"@id\":\"https:\/\/www.ondernemendvenlo.nl\/bedrijventerreinen\/trade-port\/#breadcrumb\",\"itemListElement\":[{\"@type\":\"ListItem\",\"position\":1,\"name\":\"Ondernemend Venlo\",\"item\":\"https:\/\/www.ondernemendvenlo.nl\/\"},{\"@type\":\"ListItem\",\"position\":2,\"name\":\"Bedrijventerreinen\",\"item\":\"https:\/\/www.ondernemendvenlo.nl\/bedrijventerreinen\/\"},{\"@type\":\"ListItem\",\"position\":3,\"name\":\"Trade Port\"}]},{\"@type\":\"WebSite\",\"@id\":\"https:\/\/www.ondernemendvenlo.nl\/#website\",\"url\":\"https:\/\/www.ondernemendvenlo.nl\/\",\"name\":\"Ondernemend Venlo\",\"description\":\"Samen succesvol ondernemen\",\"publisher\":{\"@id\":\"https:\/\/www.ondernemendvenlo.nl\/#organization\"},\"potentialAction\":[{\"@type\":\"SearchAction\",\"target\":{\"@type\":\"EntryPoint\",\"urlTemplate\":\"https:\/\/www.ondernemendvenlo.nl\/?s={search_term_string}\"},\"query-input\":{\"@type\":\"PropertyValueSpecification\",\"valueRequired\":true,\"valueName\":\"search_term_string\"}}],\"inLanguage\":\"fr-FR\"},{\"@type\":\"Organization\",\"@id\":\"https:\/\/www.ondernemendvenlo.nl\/#organization\",\"name\":\"Ondernemend Venlo\",\"url\":\"https:\/\/www.ondernemendvenlo.nl\/\",\"logo\":{\"@type\":\"ImageObject\",\"inLanguage\":\"fr-FR\",\"@id\":\"https:\/\/www.ondernemendvenlo.nl\/#\/schema\/logo\/image\/\",\"url\":\"https:\/\/www.ondernemendvenlo.nl\/wp-content\/uploads\/2025\/02\/Ondernemend-Venlo-logo-scaled.webp\",\"contentUrl\":\"https:\/\/www.ondernemendvenlo.nl\/wp-content\/uploads\/2025\/02\/Ondernemend-Venlo-logo-scaled.webp\",\"width\":2560,\"height\":1010,\"caption\":\"Ondernemend Venlo\"},\"image\":{\"@id\":\"https:\/\/www.ondernemendvenlo.nl\/#\/schema\/logo\/image\/\"},\"sameAs\":[\"https:\/\/www.linkedin.com\/company\/ondernemend-venlo\/\"]}]}<\/script>\n<!-- \/ Yoast SEO plugin. -->","yoast_head_json":{"title":"Trade Port - Ondernemend Venlo","robots":{"index":"index","follow":"follow","max-snippet":"max-snippet:-1","max-image-preview":"max-image-preview:large","max-video-preview":"max-video-preview:-1"},"canonical":"https:\/\/www.ondernemendvenlo.nl\/fr\/bedrijventerreinen\/trade-port\/","og_locale":"fr_FR","og_type":"article","og_title":"Trade Port - Ondernemend Venlo","og_description":"Trade Port Businesspark Trade Port maakt onderdeel uit van Ondernemend Venlo waarin alle bedrijventerreinen in Venlo zijn verenigd. Onze bedrijventerreinen Tradeport NoordTradeport OostTradeport West Greenport VenloVenlo Trade PortUbroek Afdeling Tradeport behartigt de belangen van 943 hectare bedrijventerrein en voor 520 bedrijven met 14.000 werknemers.","og_url":"https:\/\/www.ondernemendvenlo.nl\/fr\/bedrijventerreinen\/trade-port\/","og_site_name":"Ondernemend Venlo","article_modified_time":"2025-04-09T14:06:50+00:00","og_image":[{"width":1837,"height":2250,"url":"https:\/\/www.ondernemendvenlo.nl\/wp-content\/uploads\/2025\/03\/OV_bedrijventerreinen_venlo.jpg","type":"image\/jpeg"}],"twitter_card":"summary_large_image","twitter_misc":{"Dur\u00e9e de lecture estim\u00e9e":"1 minute"},"schema":{"@context":"https:\/\/schema.org","@graph":[{"@type":"WebPage","@id":"https:\/\/www.ondernemendvenlo.nl\/bedrijventerreinen\/trade-port\/","url":"https:\/\/www.ondernemendvenlo.nl\/bedrijventerreinen\/trade-port\/","name":"Trade Port - Ondernemend Venlo","isPartOf":{"@id":"https:\/\/www.ondernemendvenlo.nl\/#website"},"primaryImageOfPage":{"@id":"https:\/\/www.ondernemendvenlo.nl\/bedrijventerreinen\/trade-port\/#primaryimage"},"image":{"@id":"https:\/\/www.ondernemendvenlo.nl\/bedrijventerreinen\/trade-port\/#primaryimage"},"thumbnailUrl":"https:\/\/www.ondernemendvenlo.nl\/wp-content\/uploads\/2025\/03\/OV_bedrijventerreinen_venlo.jpg","datePublished":"2025-03-12T17:45:58+00:00","dateModified":"2025-04-09T14:06:50+00:00","breadcrumb":{"@id":"https:\/\/www.ondernemendvenlo.nl\/bedrijventerreinen\/trade-port\/#breadcrumb"},"inLanguage":"fr-FR","potentialAction":[{"@type":"ReadAction","target":["https:\/\/www.ondernemendvenlo.nl\/bedrijventerreinen\/trade-port\/"]}]},{"@type":"ImageObject","inLanguage":"fr-FR","@id":"https:\/\/www.ondernemendvenlo.nl\/bedrijventerreinen\/trade-port\/#primaryimage","url":"https:\/\/www.ondernemendvenlo.nl\/wp-content\/uploads\/2025\/03\/OV_bedrijventerreinen_venlo.jpg","contentUrl":"https:\/\/www.ondernemendvenlo.nl\/wp-content\/uploads\/2025\/03\/OV_bedrijventerreinen_venlo.jpg"},{"@type":"BreadcrumbList","@id":"https:\/\/www.ondernemendvenlo.nl\/bedrijventerreinen\/trade-port\/#breadcrumb","itemListElement":[{"@type":"ListItem","position":1,"name":"Ondernemend Venlo","item":"https:\/\/www.ondernemendvenlo.nl\/"},{"@type":"ListItem","position":2,"name":"Bedrijventerreinen","item":"https:\/\/www.ondernemendvenlo.nl\/bedrijventerreinen\/"},{"@type":"ListItem","position":3,"name":"Trade Port"}]},{"@type":"WebSite","@id":"https:\/\/www.ondernemendvenlo.nl\/#website","url":"https:\/\/www.ondernemendvenlo.nl\/","name":"Venlo entrepreneurial","description":"Travailler ensemble avec succ\u00e8s","publisher":{"@id":"https:\/\/www.ondernemendvenlo.nl\/#organization"},"potentialAction":[{"@type":"SearchAction","target":{"@type":"EntryPoint","urlTemplate":"https:\/\/www.ondernemendvenlo.nl\/?s={search_term_string}"},"query-input":{"@type":"PropertyValueSpecification","valueRequired":true,"valueName":"search_term_string"}}],"inLanguage":"fr-FR"},{"@type":"Organization","@id":"https:\/\/www.ondernemendvenlo.nl\/#organization","name":"Venlo entrepreneurial","url":"https:\/\/www.ondernemendvenlo.nl\/","logo":{"@type":"ImageObject","inLanguage":"fr-FR","@id":"https:\/\/www.ondernemendvenlo.nl\/#\/schema\/logo\/image\/","url":"https:\/\/www.ondernemendvenlo.nl\/wp-content\/uploads\/2025\/02\/Ondernemend-Venlo-logo-scaled.webp","contentUrl":"https:\/\/www.ondernemendvenlo.nl\/wp-content\/uploads\/2025\/02\/Ondernemend-Venlo-logo-scaled.webp","width":2560,"height":1010,"caption":"Ondernemend Venlo"},"image":{"@id":"https:\/\/www.ondernemendvenlo.nl\/#\/schema\/logo\/image\/"},"sameAs":["https:\/\/www.linkedin.com\/company\/ondernemend-venlo\/"]}]}},"_links":{"self":[{"href":"https:\/\/www.ondernemendvenlo.nl\/fr\/wp-json\/wp\/v2\/pages\/287","targetHints":{"allow":["GET"]}}],"collection":[{"href":"https:\/\/www.ondernemendvenlo.nl\/fr\/wp-json\/wp\/v2\/pages"}],"about":[{"href":"https:\/\/www.ondernemendvenlo.nl\/fr\/wp-json\/wp\/v2\/types\/page"}],"author":[{"embeddable":true,"href":"https:\/\/www.ondernemendvenlo.nl\/fr\/wp-json\/wp\/v2\/users\/1"}],"replies":[{"embeddable":true,"href":"https:\/\/www.ondernemendvenlo.nl\/fr\/wp-json\/wp\/v2\/comments?post=287"}],"version-history":[{"count":0,"href":"https:\/\/www.ondernemendvenlo.nl\/fr\/wp-json\/wp\/v2\/pages\/287\/revisions"}],"up":[{"embeddable":true,"href":"https:\/\/www.ondernemendvenlo.nl\/fr\/wp-json\/wp\/v2\/pages\/285"}],"wp:attachment":[{"href":"https:\/\/www.ondernemendvenlo.nl\/fr\/wp-json\/wp\/v2\/media?parent=287"}],"curies":[{"name":"wp","href":"https:\/\/api.w.org\/{rel}","templated":true}]}}