{"id":291,"date":"2025-03-12T18:46:14","date_gmt":"2025-03-12T17:46:14","guid":{"rendered":"https:\/\/www.ondernemendvenlo.nl\/?page_id=291"},"modified":"2025-04-09T16:09:52","modified_gmt":"2025-04-09T14:09:52","slug":"noorderpoort","status":"publish","type":"page","link":"https:\/\/www.ondernemendvenlo.nl\/fr\/bedrijventerreinen\/noorderpoort\/","title":{"rendered":"Noorderpoort"},"content":{"rendered":"<div data-elementor-type=\"wp-page\" data-elementor-id=\"291\" class=\"elementor elementor-291\" data-elementor-post-type=\"page\">\n\t\t\t\t<div class=\"elementor-element elementor-element-aeb0cdf e-flex e-con-boxed e-con e-parent\" data-id=\"aeb0cdf\" data-element_type=\"container\">\n\t\t\t\t\t<div class=\"e-con-inner\">\n\t\t<div class=\"elementor-element elementor-element-415319d e-con-full e-flex e-con e-child\" data-id=\"415319d\" data-element_type=\"container\">\n\t\t\t\t<div class=\"elementor-element elementor-element-60206f1 elementor-widget elementor-widget-image\" data-id=\"60206f1\" data-element_type=\"widget\" data-widget_type=\"image.default\">\n\t\t\t\t<div class=\"elementor-widget-container\">\n\t\t\t\t\t\t\t\t\t\t\t\t\t\t\t<img fetchpriority=\"high\" decoding=\"async\" width=\"1837\" height=\"2250\" src=\"https:\/\/www.ondernemendvenlo.nl\/wp-content\/uploads\/2025\/03\/OV_bedrijventerreinen_venlo.jpg\" class=\"attachment-full size-full wp-image-302\" alt=\"\" srcset=\"https:\/\/www.ondernemendvenlo.nl\/wp-content\/uploads\/2025\/03\/OV_bedrijventerreinen_venlo.jpg 1837w, https:\/\/www.ondernemendvenlo.nl\/wp-content\/uploads\/2025\/03\/OV_bedrijventerreinen_venlo-245x300.jpg 245w, https:\/\/www.ondernemendvenlo.nl\/wp-content\/uploads\/2025\/03\/OV_bedrijventerreinen_venlo-836x1024.jpg 836w, https:\/\/www.ondernemendvenlo.nl\/wp-content\/uploads\/2025\/03\/OV_bedrijventerreinen_venlo-768x941.jpg 768w, https:\/\/www.ondernemendvenlo.nl\/wp-content\/uploads\/2025\/03\/OV_bedrijventerreinen_venlo-1254x1536.jpg 1254w, https:\/\/www.ondernemendvenlo.nl\/wp-content\/uploads\/2025\/03\/OV_bedrijventerreinen_venlo-1672x2048.jpg 1672w, https:\/\/www.ondernemendvenlo.nl\/wp-content\/uploads\/2025\/03\/OV_bedrijventerreinen_venlo-10x12.jpg 10w\" sizes=\"(max-width: 1837px) 100vw, 1837px\" \/>\t\t\t\t\t\t\t\t\t\t\t\t\t\t\t<\/div>\n\t\t\t\t<\/div>\n\t\t\t\t<\/div>\n\t\t<div class=\"elementor-element elementor-element-1553c86 e-con-full e-flex e-con e-child\" data-id=\"1553c86\" data-element_type=\"container\">\n\t\t\t\t<div class=\"elementor-element elementor-element-156074c elementor-widget elementor-widget-heading\" data-id=\"156074c\" data-element_type=\"widget\" data-widget_type=\"heading.default\">\n\t\t\t\t<div class=\"elementor-widget-container\">\n\t\t\t\t\t<span class=\"elementor-heading-title elementor-size-default\">Noorderpoort<\/span>\t\t\t\t<\/div>\n\t\t\t\t<\/div>\n\t\t\t\t<div class=\"elementor-element elementor-element-0ae1981 elementor-widget elementor-widget-text-editor\" data-id=\"0ae1981\" data-element_type=\"widget\" data-widget_type=\"text-editor.default\">\n\t\t\t\t<div class=\"elementor-widget-container\">\n\t\t\t\t\t\t\t\t\t<p>Le Businesspark Noorderpoort fait partie de Ondernemend Venlo, qui regroupe tous les parcs d'activit\u00e9s de Venlo.<\/p>\t\t\t\t\t\t\t\t<\/div>\n\t\t\t\t<\/div>\n\t\t\t\t<div class=\"elementor-element elementor-element-396f984 elementor-widget elementor-widget-heading\" data-id=\"396f984\" data-element_type=\"widget\" data-widget_type=\"heading.default\">\n\t\t\t\t<div class=\"elementor-widget-container\">\n\t\t\t\t\t<span class=\"elementor-heading-title elementor-size-default\">Nos parcs d'activit\u00e9s<\/span>\t\t\t\t<\/div>\n\t\t\t\t<\/div>\n\t\t<div class=\"elementor-element elementor-element-a79f112 e-con-full e-flex e-con e-child\" data-id=\"a79f112\" data-element_type=\"container\">\n\t\t\t\t<div class=\"elementor-element elementor-element-e8855ae elementor-widget elementor-widget-text-editor\" data-id=\"e8855ae\" data-element_type=\"widget\" data-widget_type=\"text-editor.default\">\n\t\t\t\t<div class=\"elementor-widget-container\">\n\t\t\t\t\t\t\t\t\t<p>Noorderpoort<br \/>Balayages<\/p>\t\t\t\t\t\t\t\t<\/div>\n\t\t\t\t<\/div>\n\t\t\t\t<div class=\"elementor-element elementor-element-933d4fb elementor-widget elementor-widget-text-editor\" data-id=\"933d4fb\" data-element_type=\"widget\" data-widget_type=\"text-editor.default\">\n\t\t\t\t<div class=\"elementor-widget-container\">\n\t\t\t\t\t\t\t\t\t<p>Genooierbergen<br \/>Barri\u00e8re de Cologne<\/p>\t\t\t\t\t\t\t\t<\/div>\n\t\t\t\t<\/div>\n\t\t\t\t<\/div>\n\t\t\t\t<div class=\"elementor-element elementor-element-d04c155 elementor-widget elementor-widget-text-editor\" data-id=\"d04c155\" data-element_type=\"widget\" data-widget_type=\"text-editor.default\">\n\t\t\t\t<div class=\"elementor-widget-container\">\n\t\t\t\t\t\t\t\t\tLa division Noorderpoort repr\u00e9sente les int\u00e9r\u00eats de 200 hectares de terrains industriels et de 170 entreprises employant 6 100 personnes.\t\t\t\t\t\t\t\t<\/div>\n\t\t\t\t<\/div>\n\t\t\t\t<div class=\"elementor-element elementor-element-de99bf3 elementor-widget elementor-widget-button\" data-id=\"de99bf3\" data-element_type=\"widget\" data-widget_type=\"button.default\">\n\t\t\t\t<div class=\"elementor-widget-container\">\n\t\t\t\t\t\t\t\t\t<div class=\"elementor-button-wrapper\">\n\t\t\t\t\t<a class=\"elementor-button elementor-button-link elementor-size-sm\" href=\"https:\/\/www.ondernemendvenlo.nl\/fr\/bedrijventerreinen\/noorderpoort\/bedrijven\/\">\n\t\t\t\t\t\t<span class=\"elementor-button-content-wrapper\">\n\t\t\t\t\t\t\t\t\t<span class=\"elementor-button-text\">Bekijk bedrijven op Noorderpoort<\/span>\n\t\t\t\t\t<\/span>\n\t\t\t\t\t<\/a>\n\t\t\t\t<\/div>\n\t\t\t\t\t\t\t\t<\/div>\n\t\t\t\t<\/div>\n\t\t\t\t<div class=\"elementor-element elementor-element-5d8257c elementor-widget elementor-widget-gallery\" data-id=\"5d8257c\" data-element_type=\"widget\" data-settings=\"{&quot;columns&quot;:6,&quot;gap&quot;:{&quot;unit&quot;:&quot;px&quot;,&quot;size&quot;:20,&quot;sizes&quot;:[]},&quot;aspect_ratio&quot;:&quot;1:1&quot;,&quot;columns_tablet&quot;:3,&quot;columns_mobile&quot;:2,&quot;lazyload&quot;:&quot;yes&quot;,&quot;gallery_layout&quot;:&quot;grid&quot;,&quot;gap_tablet&quot;:{&quot;unit&quot;:&quot;px&quot;,&quot;size&quot;:10,&quot;sizes&quot;:[]},&quot;gap_mobile&quot;:{&quot;unit&quot;:&quot;px&quot;,&quot;size&quot;:10,&quot;sizes&quot;:[]},&quot;link_to&quot;:&quot;file&quot;,&quot;overlay_background&quot;:&quot;yes&quot;,&quot;content_hover_animation&quot;:&quot;fade-in&quot;}\" data-widget_type=\"gallery.default\">\n\t\t\t\t<div class=\"elementor-widget-container\">\n\t\t\t\t\t\t\t<div class=\"elementor-gallery__container\">\n\t\t\t\t\t\t\t<a class=\"e-gallery-item elementor-gallery-item elementor-animated-content\" href=\"https:\/\/www.ondernemendvenlo.nl\/wp-content\/uploads\/2025\/03\/2018-OV-Bewegwijzering-05-1-scaled.jpg\" data-elementor-open-lightbox=\"yes\" data-elementor-lightbox-slideshow=\"5d8257c\" data-elementor-lightbox-title=\"2018-OV-Bewegwijzering-05 (1)\" data-e-action-hash=\"#elementor-action%3Aaction%3Dlightbox%26settings%3DeyJpZCI6Mzc1LCJ1cmwiOiJodHRwczpcL1wvd3d3Lm9uZGVybmVtZW5kdmVubG8ubmxcL3dwLWNvbnRlbnRcL3VwbG9hZHNcLzIwMjVcLzAzXC8yMDE4LU9WLUJld2Vnd2lqemVyaW5nLTA1LTEtc2NhbGVkLmpwZyIsInNsaWRlc2hvdyI6IjVkODI1N2MifQ%3D%3D\">\n\t\t\t\t\t<div class=\"e-gallery-image elementor-gallery-item__image\" data-thumbnail=\"https:\/\/www.ondernemendvenlo.nl\/wp-content\/uploads\/2025\/03\/2018-OV-Bewegwijzering-05-1-scaled.jpg\" data-width=\"2560\" data-height=\"1707\" aria-label=\"\" role=\"img\" ><\/div>\n\t\t\t\t\t\t\t\t\t\t\t<div class=\"elementor-gallery-item__overlay\"><\/div>\n\t\t\t\t\t\t\t\t\t\t\t\t\t\t<\/a>\n\t\t\t\t\t\t\t<a class=\"e-gallery-item elementor-gallery-item elementor-animated-content\" href=\"https:\/\/www.ondernemendvenlo.nl\/wp-content\/uploads\/2025\/03\/2018-OV-Bedrijven-11-1-scaled.jpg\" data-elementor-open-lightbox=\"yes\" data-elementor-lightbox-slideshow=\"5d8257c\" data-elementor-lightbox-title=\"2018-OV-Bedrijven-11 (1)\" data-e-action-hash=\"#elementor-action%3Aaction%3Dlightbox%26settings%3DeyJpZCI6Mzc0LCJ1cmwiOiJodHRwczpcL1wvd3d3Lm9uZGVybmVtZW5kdmVubG8ubmxcL3dwLWNvbnRlbnRcL3VwbG9hZHNcLzIwMjVcLzAzXC8yMDE4LU9WLUJlZHJpanZlbi0xMS0xLXNjYWxlZC5qcGciLCJzbGlkZXNob3ciOiI1ZDgyNTdjIn0%3D\">\n\t\t\t\t\t<div class=\"e-gallery-image elementor-gallery-item__image\" data-thumbnail=\"https:\/\/www.ondernemendvenlo.nl\/wp-content\/uploads\/2025\/03\/2018-OV-Bedrijven-11-1-scaled.jpg\" data-width=\"2560\" data-height=\"1707\" aria-label=\"\" role=\"img\" ><\/div>\n\t\t\t\t\t\t\t\t\t\t\t<div class=\"elementor-gallery-item__overlay\"><\/div>\n\t\t\t\t\t\t\t\t\t\t\t\t\t\t<\/a>\n\t\t\t\t\t\t\t<a class=\"e-gallery-item elementor-gallery-item elementor-animated-content\" href=\"https:\/\/www.ondernemendvenlo.nl\/wp-content\/uploads\/2025\/03\/2018-OV-Bedrijven-08-1-scaled.jpg\" data-elementor-open-lightbox=\"yes\" data-elementor-lightbox-slideshow=\"5d8257c\" data-elementor-lightbox-title=\"2018-OV-Bedrijven-08 (1)\" data-e-action-hash=\"#elementor-action%3Aaction%3Dlightbox%26settings%3DeyJpZCI6MzczLCJ1cmwiOiJodHRwczpcL1wvd3d3Lm9uZGVybmVtZW5kdmVubG8ubmxcL3dwLWNvbnRlbnRcL3VwbG9hZHNcLzIwMjVcLzAzXC8yMDE4LU9WLUJlZHJpanZlbi0wOC0xLXNjYWxlZC5qcGciLCJzbGlkZXNob3ciOiI1ZDgyNTdjIn0%3D\">\n\t\t\t\t\t<div class=\"e-gallery-image elementor-gallery-item__image\" data-thumbnail=\"https:\/\/www.ondernemendvenlo.nl\/wp-content\/uploads\/2025\/03\/2018-OV-Bedrijven-08-1-scaled.jpg\" data-width=\"2560\" data-height=\"1707\" aria-label=\"\" role=\"img\" ><\/div>\n\t\t\t\t\t\t\t\t\t\t\t<div class=\"elementor-gallery-item__overlay\"><\/div>\n\t\t\t\t\t\t\t\t\t\t\t\t\t\t<\/a>\n\t\t\t\t\t\t\t<a class=\"e-gallery-item elementor-gallery-item elementor-animated-content\" href=\"https:\/\/www.ondernemendvenlo.nl\/wp-content\/uploads\/2025\/03\/2018-OV-Bedrijven-09-e1533133817182.jpg\" data-elementor-open-lightbox=\"yes\" data-elementor-lightbox-slideshow=\"5d8257c\" data-elementor-lightbox-title=\"2018-OV-Bedrijven-09-e1533133817182\" data-e-action-hash=\"#elementor-action%3Aaction%3Dlightbox%26settings%3DeyJpZCI6Mzc2LCJ1cmwiOiJodHRwczpcL1wvd3d3Lm9uZGVybmVtZW5kdmVubG8ubmxcL3dwLWNvbnRlbnRcL3VwbG9hZHNcLzIwMjVcLzAzXC8yMDE4LU9WLUJlZHJpanZlbi0wOS1lMTUzMzEzMzgxNzE4Mi5qcGciLCJzbGlkZXNob3ciOiI1ZDgyNTdjIn0%3D\">\n\t\t\t\t\t<div class=\"e-gallery-image elementor-gallery-item__image\" data-thumbnail=\"https:\/\/www.ondernemendvenlo.nl\/wp-content\/uploads\/2025\/03\/2018-OV-Bedrijven-09-e1533133817182.jpg\" data-width=\"600\" data-height=\"400\" aria-label=\"\" role=\"img\" ><\/div>\n\t\t\t\t\t\t\t\t\t\t\t<div class=\"elementor-gallery-item__overlay\"><\/div>\n\t\t\t\t\t\t\t\t\t\t\t\t\t\t<\/a>\n\t\t\t\t\t<\/div>\n\t\t\t\t\t<\/div>\n\t\t\t\t<\/div>\n\t\t\t\t<\/div>\n\t\t\t\t\t<\/div>\n\t\t\t\t<\/div>\n\t\t<div class=\"elementor-element elementor-element-c69b81f e-flex e-con-boxed e-con e-parent\" data-id=\"c69b81f\" data-element_type=\"container\" data-settings=\"{&quot;background_background&quot;:&quot;classic&quot;}\">\n\t\t\t\t\t<div class=\"e-con-inner\">\n\t\t\t\t<div class=\"elementor-element elementor-element-869a884 elementor-widget elementor-widget-heading\" data-id=\"869a884\" data-element_type=\"widget\" data-widget_type=\"heading.default\">\n\t\t\t\t<div class=\"elementor-widget-container\">\n\t\t\t\t\t<span class=\"elementor-heading-title elementor-size-default\">Het laatste nieuws van Noorderpoort<\/span>\t\t\t\t<\/div>\n\t\t\t\t<\/div>\n\t\t\t\t<div class=\"elementor-element elementor-element-eb2a935 elementor-grid-4 elementor-grid-tablet-2 elementor-grid-mobile-1 elementor-widget elementor-widget-loop-grid\" data-id=\"eb2a935\" data-element_type=\"widget\" data-settings=\"{&quot;template_id&quot;:&quot;446&quot;,&quot;columns&quot;:4,&quot;pagination_type&quot;:&quot;load_more_on_click&quot;,&quot;row_gap&quot;:{&quot;unit&quot;:&quot;px&quot;,&quot;size&quot;:20,&quot;sizes&quot;:[]},&quot;_skin&quot;:&quot;post&quot;,&quot;columns_tablet&quot;:&quot;2&quot;,&quot;columns_mobile&quot;:&quot;1&quot;,&quot;edit_handle_selector&quot;:&quot;[data-elementor-type=\\&quot;loop-item\\&quot;]&quot;,&quot;load_more_spinner&quot;:{&quot;value&quot;:&quot;fas fa-spinner&quot;,&quot;library&quot;:&quot;fa-solid&quot;},&quot;row_gap_tablet&quot;:{&quot;unit&quot;:&quot;px&quot;,&quot;size&quot;:&quot;&quot;,&quot;sizes&quot;:[]},&quot;row_gap_mobile&quot;:{&quot;unit&quot;:&quot;px&quot;,&quot;size&quot;:&quot;&quot;,&quot;sizes&quot;:[]}}\" data-widget_type=\"loop-grid.post\">\n\t\t\t\t<div class=\"elementor-widget-container\">\n\t\t\t\t\t\t\t<div class=\"e-loop-nothing-found-message\">\n\t\t\t\t\t<div class=\"e-loop-nothing-found-message__text\">\n\t\t\t\tPas de nouvelles.\t\t\t<\/div>\n\t\t\t<\/div>\n\t\t\t\t\t\t<\/div>\n\t\t\t\t<\/div>\n\t\t\t\t\t<\/div>\n\t\t\t\t<\/div>\n\t\t\t\t<\/div>","protected":false},"excerpt":{"rendered":"<p>Noorderpoort Businesspark Noorderpoort maakt onderdeel uit van Ondernemend Venlo waarin alle bedrijventerreinen in Venlo zijn verenigd. Onze bedrijventerreinen NoorderpoortVeegtes GenooierbergenKeulse Barri\u00e8re Afdeling Noorderpoort behartigt de belangen van 200 hectare bedrijventerrein en voor 170 bedrijven met 6.100 werknemers.<\/p>","protected":false},"author":1,"featured_media":0,"parent":285,"menu_order":3,"comment_status":"closed","ping_status":"closed","template":"","meta":{"_acf_changed":false,"footnotes":""},"class_list":["post-291","page","type-page","status-publish","hentry"],"acf":[],"yoast_head":"<!-- This site is optimized with the Yoast SEO plugin v26.3 - https:\/\/yoast.com\/wordpress\/plugins\/seo\/ -->\n<title>Noorderpoort - Ondernemend Venlo<\/title>\n<meta name=\"robots\" content=\"index, follow, max-snippet:-1, max-image-preview:large, max-video-preview:-1\" \/>\n<link rel=\"canonical\" href=\"https:\/\/www.ondernemendvenlo.nl\/fr\/bedrijventerreinen\/noorderpoort\/\" \/>\n<meta property=\"og:locale\" content=\"fr_FR\" \/>\n<meta property=\"og:type\" content=\"article\" \/>\n<meta property=\"og:title\" content=\"Noorderpoort - Ondernemend Venlo\" \/>\n<meta property=\"og:description\" content=\"Noorderpoort Businesspark Noorderpoort maakt onderdeel uit van Ondernemend Venlo waarin alle bedrijventerreinen in Venlo zijn verenigd. Onze bedrijventerreinen NoorderpoortVeegtes GenooierbergenKeulse Barri\u00e8re Afdeling Noorderpoort behartigt de belangen van 200 hectare bedrijventerrein en voor 170 bedrijven met 6.100 werknemers.\" \/>\n<meta property=\"og:url\" content=\"https:\/\/www.ondernemendvenlo.nl\/fr\/bedrijventerreinen\/noorderpoort\/\" \/>\n<meta property=\"og:site_name\" content=\"Ondernemend Venlo\" \/>\n<meta property=\"article:modified_time\" content=\"2025-04-09T14:09:52+00:00\" \/>\n<meta property=\"og:image\" content=\"https:\/\/www.ondernemendvenlo.nl\/wp-content\/uploads\/2025\/03\/OV_bedrijventerreinen_venlo.jpg\" \/>\n\t<meta property=\"og:image:width\" content=\"1837\" \/>\n\t<meta property=\"og:image:height\" content=\"2250\" \/>\n\t<meta property=\"og:image:type\" content=\"image\/jpeg\" \/>\n<meta name=\"twitter:card\" content=\"summary_large_image\" \/>\n<meta name=\"twitter:label1\" content=\"Dur\u00e9e de lecture estim\u00e9e\" \/>\n\t<meta name=\"twitter:data1\" content=\"1 minute\" \/>\n<script type=\"application\/ld+json\" class=\"yoast-schema-graph\">{\"@context\":\"https:\/\/schema.org\",\"@graph\":[{\"@type\":\"WebPage\",\"@id\":\"https:\/\/www.ondernemendvenlo.nl\/bedrijventerreinen\/noorderpoort\/\",\"url\":\"https:\/\/www.ondernemendvenlo.nl\/bedrijventerreinen\/noorderpoort\/\",\"name\":\"Noorderpoort - Ondernemend Venlo\",\"isPartOf\":{\"@id\":\"https:\/\/www.ondernemendvenlo.nl\/#website\"},\"primaryImageOfPage\":{\"@id\":\"https:\/\/www.ondernemendvenlo.nl\/bedrijventerreinen\/noorderpoort\/#primaryimage\"},\"image\":{\"@id\":\"https:\/\/www.ondernemendvenlo.nl\/bedrijventerreinen\/noorderpoort\/#primaryimage\"},\"thumbnailUrl\":\"https:\/\/www.ondernemendvenlo.nl\/wp-content\/uploads\/2025\/03\/OV_bedrijventerreinen_venlo.jpg\",\"datePublished\":\"2025-03-12T17:46:14+00:00\",\"dateModified\":\"2025-04-09T14:09:52+00:00\",\"breadcrumb\":{\"@id\":\"https:\/\/www.ondernemendvenlo.nl\/bedrijventerreinen\/noorderpoort\/#breadcrumb\"},\"inLanguage\":\"fr-FR\",\"potentialAction\":[{\"@type\":\"ReadAction\",\"target\":[\"https:\/\/www.ondernemendvenlo.nl\/bedrijventerreinen\/noorderpoort\/\"]}]},{\"@type\":\"ImageObject\",\"inLanguage\":\"fr-FR\",\"@id\":\"https:\/\/www.ondernemendvenlo.nl\/bedrijventerreinen\/noorderpoort\/#primaryimage\",\"url\":\"https:\/\/www.ondernemendvenlo.nl\/wp-content\/uploads\/2025\/03\/OV_bedrijventerreinen_venlo.jpg\",\"contentUrl\":\"https:\/\/www.ondernemendvenlo.nl\/wp-content\/uploads\/2025\/03\/OV_bedrijventerreinen_venlo.jpg\"},{\"@type\":\"BreadcrumbList\",\"@id\":\"https:\/\/www.ondernemendvenlo.nl\/bedrijventerreinen\/noorderpoort\/#breadcrumb\",\"itemListElement\":[{\"@type\":\"ListItem\",\"position\":1,\"name\":\"Ondernemend Venlo\",\"item\":\"https:\/\/www.ondernemendvenlo.nl\/\"},{\"@type\":\"ListItem\",\"position\":2,\"name\":\"Bedrijventerreinen\",\"item\":\"https:\/\/www.ondernemendvenlo.nl\/bedrijventerreinen\/\"},{\"@type\":\"ListItem\",\"position\":3,\"name\":\"Noorderpoort\"}]},{\"@type\":\"WebSite\",\"@id\":\"https:\/\/www.ondernemendvenlo.nl\/#website\",\"url\":\"https:\/\/www.ondernemendvenlo.nl\/\",\"name\":\"Ondernemend Venlo\",\"description\":\"Samen succesvol ondernemen\",\"publisher\":{\"@id\":\"https:\/\/www.ondernemendvenlo.nl\/#organization\"},\"potentialAction\":[{\"@type\":\"SearchAction\",\"target\":{\"@type\":\"EntryPoint\",\"urlTemplate\":\"https:\/\/www.ondernemendvenlo.nl\/?s={search_term_string}\"},\"query-input\":{\"@type\":\"PropertyValueSpecification\",\"valueRequired\":true,\"valueName\":\"search_term_string\"}}],\"inLanguage\":\"fr-FR\"},{\"@type\":\"Organization\",\"@id\":\"https:\/\/www.ondernemendvenlo.nl\/#organization\",\"name\":\"Ondernemend Venlo\",\"url\":\"https:\/\/www.ondernemendvenlo.nl\/\",\"logo\":{\"@type\":\"ImageObject\",\"inLanguage\":\"fr-FR\",\"@id\":\"https:\/\/www.ondernemendvenlo.nl\/#\/schema\/logo\/image\/\",\"url\":\"https:\/\/www.ondernemendvenlo.nl\/wp-content\/uploads\/2025\/02\/Ondernemend-Venlo-logo-scaled.webp\",\"contentUrl\":\"https:\/\/www.ondernemendvenlo.nl\/wp-content\/uploads\/2025\/02\/Ondernemend-Venlo-logo-scaled.webp\",\"width\":2560,\"height\":1010,\"caption\":\"Ondernemend Venlo\"},\"image\":{\"@id\":\"https:\/\/www.ondernemendvenlo.nl\/#\/schema\/logo\/image\/\"},\"sameAs\":[\"https:\/\/www.linkedin.com\/company\/ondernemend-venlo\/\"]}]}<\/script>\n<!-- \/ Yoast SEO plugin. -->","yoast_head_json":{"title":"Noorderpoort - Ondernemend Venlo","robots":{"index":"index","follow":"follow","max-snippet":"max-snippet:-1","max-image-preview":"max-image-preview:large","max-video-preview":"max-video-preview:-1"},"canonical":"https:\/\/www.ondernemendvenlo.nl\/fr\/bedrijventerreinen\/noorderpoort\/","og_locale":"fr_FR","og_type":"article","og_title":"Noorderpoort - Ondernemend Venlo","og_description":"Noorderpoort Businesspark Noorderpoort maakt onderdeel uit van Ondernemend Venlo waarin alle bedrijventerreinen in Venlo zijn verenigd. Onze bedrijventerreinen NoorderpoortVeegtes GenooierbergenKeulse Barri\u00e8re Afdeling Noorderpoort behartigt de belangen van 200 hectare bedrijventerrein en voor 170 bedrijven met 6.100 werknemers.","og_url":"https:\/\/www.ondernemendvenlo.nl\/fr\/bedrijventerreinen\/noorderpoort\/","og_site_name":"Ondernemend Venlo","article_modified_time":"2025-04-09T14:09:52+00:00","og_image":[{"width":1837,"height":2250,"url":"https:\/\/www.ondernemendvenlo.nl\/wp-content\/uploads\/2025\/03\/OV_bedrijventerreinen_venlo.jpg","type":"image\/jpeg"}],"twitter_card":"summary_large_image","twitter_misc":{"Dur\u00e9e de lecture estim\u00e9e":"1 minute"},"schema":{"@context":"https:\/\/schema.org","@graph":[{"@type":"WebPage","@id":"https:\/\/www.ondernemendvenlo.nl\/bedrijventerreinen\/noorderpoort\/","url":"https:\/\/www.ondernemendvenlo.nl\/bedrijventerreinen\/noorderpoort\/","name":"Noorderpoort - Ondernemend Venlo","isPartOf":{"@id":"https:\/\/www.ondernemendvenlo.nl\/#website"},"primaryImageOfPage":{"@id":"https:\/\/www.ondernemendvenlo.nl\/bedrijventerreinen\/noorderpoort\/#primaryimage"},"image":{"@id":"https:\/\/www.ondernemendvenlo.nl\/bedrijventerreinen\/noorderpoort\/#primaryimage"},"thumbnailUrl":"https:\/\/www.ondernemendvenlo.nl\/wp-content\/uploads\/2025\/03\/OV_bedrijventerreinen_venlo.jpg","datePublished":"2025-03-12T17:46:14+00:00","dateModified":"2025-04-09T14:09:52+00:00","breadcrumb":{"@id":"https:\/\/www.ondernemendvenlo.nl\/bedrijventerreinen\/noorderpoort\/#breadcrumb"},"inLanguage":"fr-FR","potentialAction":[{"@type":"ReadAction","target":["https:\/\/www.ondernemendvenlo.nl\/bedrijventerreinen\/noorderpoort\/"]}]},{"@type":"ImageObject","inLanguage":"fr-FR","@id":"https:\/\/www.ondernemendvenlo.nl\/bedrijventerreinen\/noorderpoort\/#primaryimage","url":"https:\/\/www.ondernemendvenlo.nl\/wp-content\/uploads\/2025\/03\/OV_bedrijventerreinen_venlo.jpg","contentUrl":"https:\/\/www.ondernemendvenlo.nl\/wp-content\/uploads\/2025\/03\/OV_bedrijventerreinen_venlo.jpg"},{"@type":"BreadcrumbList","@id":"https:\/\/www.ondernemendvenlo.nl\/bedrijventerreinen\/noorderpoort\/#breadcrumb","itemListElement":[{"@type":"ListItem","position":1,"name":"Ondernemend Venlo","item":"https:\/\/www.ondernemendvenlo.nl\/"},{"@type":"ListItem","position":2,"name":"Bedrijventerreinen","item":"https:\/\/www.ondernemendvenlo.nl\/bedrijventerreinen\/"},{"@type":"ListItem","position":3,"name":"Noorderpoort"}]},{"@type":"WebSite","@id":"https:\/\/www.ondernemendvenlo.nl\/#website","url":"https:\/\/www.ondernemendvenlo.nl\/","name":"Venlo entrepreneurial","description":"Travailler ensemble avec succ\u00e8s","publisher":{"@id":"https:\/\/www.ondernemendvenlo.nl\/#organization"},"potentialAction":[{"@type":"SearchAction","target":{"@type":"EntryPoint","urlTemplate":"https:\/\/www.ondernemendvenlo.nl\/?s={search_term_string}"},"query-input":{"@type":"PropertyValueSpecification","valueRequired":true,"valueName":"search_term_string"}}],"inLanguage":"fr-FR"},{"@type":"Organization","@id":"https:\/\/www.ondernemendvenlo.nl\/#organization","name":"Venlo entrepreneurial","url":"https:\/\/www.ondernemendvenlo.nl\/","logo":{"@type":"ImageObject","inLanguage":"fr-FR","@id":"https:\/\/www.ondernemendvenlo.nl\/#\/schema\/logo\/image\/","url":"https:\/\/www.ondernemendvenlo.nl\/wp-content\/uploads\/2025\/02\/Ondernemend-Venlo-logo-scaled.webp","contentUrl":"https:\/\/www.ondernemendvenlo.nl\/wp-content\/uploads\/2025\/02\/Ondernemend-Venlo-logo-scaled.webp","width":2560,"height":1010,"caption":"Ondernemend Venlo"},"image":{"@id":"https:\/\/www.ondernemendvenlo.nl\/#\/schema\/logo\/image\/"},"sameAs":["https:\/\/www.linkedin.com\/company\/ondernemend-venlo\/"]}]}},"_links":{"self":[{"href":"https:\/\/www.ondernemendvenlo.nl\/fr\/wp-json\/wp\/v2\/pages\/291","targetHints":{"allow":["GET"]}}],"collection":[{"href":"https:\/\/www.ondernemendvenlo.nl\/fr\/wp-json\/wp\/v2\/pages"}],"about":[{"href":"https:\/\/www.ondernemendvenlo.nl\/fr\/wp-json\/wp\/v2\/types\/page"}],"author":[{"embeddable":true,"href":"https:\/\/www.ondernemendvenlo.nl\/fr\/wp-json\/wp\/v2\/users\/1"}],"replies":[{"embeddable":true,"href":"https:\/\/www.ondernemendvenlo.nl\/fr\/wp-json\/wp\/v2\/comments?post=291"}],"version-history":[{"count":0,"href":"https:\/\/www.ondernemendvenlo.nl\/fr\/wp-json\/wp\/v2\/pages\/291\/revisions"}],"up":[{"embeddable":true,"href":"https:\/\/www.ondernemendvenlo.nl\/fr\/wp-json\/wp\/v2\/pages\/285"}],"wp:attachment":[{"href":"https:\/\/www.ondernemendvenlo.nl\/fr\/wp-json\/wp\/v2\/media?parent=291"}],"curies":[{"name":"wp","href":"https:\/\/api.w.org\/{rel}","templated":true}]}}